{"id":3193,"date":"2024-04-04T14:15:05","date_gmt":"2024-04-04T12:15:05","guid":{"rendered":"https:\/\/avadawebsites.wpengine.com\/interior-design\/?page_id=2"},"modified":"2024-07-22T17:52:43","modified_gmt":"2024-07-22T15:52:43","slug":"home","status":"publish","type":"page","link":"https:\/\/flordecamp.com\/es\/","title":{"rendered":"Productos Agr\u00edcolas"},"content":{"rendered":"<p><div class=\"fusion-fullwidth fullwidth-box fusion-builder-row-1 fusion-flex-container nonhundred-percent-fullwidth non-hundred-percent-height-scrolling fusion-no-small-visibility fusion-no-medium-visibility\" style=\"--awb-border-radius-top-left:0px;--awb-border-radius-top-right:0px;--awb-border-radius-bottom-right:0px;--awb-border-radius-bottom-left:0px;--awb-padding-top:2%;--awb-padding-bottom:2%;--awb-padding-top-medium:40px;--awb-flex-wrap:wrap;\" ><div class=\"fusion-builder-row fusion-row fusion-flex-align-items-flex-start fusion-flex-content-wrap\" style=\"max-width:1320.8px;margin-left: calc(-4% \/ 2 );margin-right: calc(-4% \/ 2 );\"><div class=\"fusion-layout-column fusion_builder_column fusion-builder-column-0 fusion_builder_column_1_2 1_2 fusion-flex-column fusion-animated\" style=\"--awb-padding-right:0%;--awb-padding-right-medium:0px;--awb-bg-size:cover;--awb-width-large:50%;--awb-margin-top-large:0px;--awb-spacing-right-large:0%;--awb-margin-bottom-large:5px;--awb-spacing-left-large:3.84%;--awb-width-medium:60%;--awb-spacing-right-medium:0%;--awb-margin-bottom-medium:12px;--awb-spacing-left-medium:3.2%;--awb-width-small:100%;--awb-spacing-right-small:1.92%;--awb-spacing-left-small:1.92%;\" data-animationType=\"fadeIn\" data-animationDuration=\"0.8\" data-animationOffset=\"top-into-view\"><div class=\"fusion-column-wrapper fusion-column-has-shadow fusion-flex-justify-content-flex-start fusion-content-layout-column\"><div class=\"fusion-title title fusion-title-1 fusion-sep-none fusion-title-text fusion-title-size-one\" style=\"--awb-text-color:var(--awb-color6);--awb-margin-bottom:10px;--awb-margin-top-small:8px;--awb-margin-right-small:0px;--awb-margin-bottom-small:10px;--awb-margin-left-small:0px;--awb-font-size:16px;\"><h1 class=\"fusion-title-heading title-heading-left fusion-responsive-typography-calculated\" style=\"font-family:var(--awb-typography2-font-family);font-weight:var(--awb-typography2-font-weight);font-style:var(--awb-typography2-font-style);margin:0;letter-spacing:var(--awb-typography2-letter-spacing);text-transform:var(--awb-typography2-text-transform);font-size:1em;--fontSize:16;--minFontSize:16;line-height:var(--awb-typography2-line-height);\"><p style=\"text-align: left;\">Flor de Camp &#8211; Ribera d&#8217;Ebre<\/p><\/h1><\/div><div class=\"fusion-title title fusion-title-2 fusion-sep-none fusion-title-text fusion-title-size-one\" style=\"--awb-text-color:var(--awb-color6);--awb-margin-top-small:8px;--awb-margin-right-small:0px;--awb-margin-bottom-small:16px;--awb-margin-left-small:0px;--awb-font-size:60px;\"><h1 class=\"fusion-title-heading title-heading-left fusion-responsive-typography-calculated\" style=\"margin:0;letter-spacing:0.01px;text-transform:uppercase;font-size:1em;--fontSize:60;line-height:1.1;\">Productes agr\u00edcoles de la Ribera d&#8217;Ebre<\/h1><\/div><div class=\"fusion-text fusion-text-1\" style=\"--awb-text-color:var(--awb-color6);\"><p>\u201cFlor de camp\u201d \u00e9s una empresa familiar amb m\u00e9s de 50 anys d\u2019experi\u00e8ncia en el conreu de fruita dol\u00e7a.<\/p>\n<\/div><\/div><\/div><div class=\"fusion-layout-column fusion_builder_column fusion-builder-column-1 fusion_builder_column_1_2 1_2 fusion-flex-column fusion-flex-align-self-stretch fusion-no-small-visibility\" style=\"--awb-bg-size:cover;--awb-width-large:50%;--awb-margin-top-large:0px;--awb-spacing-right-large:3.84%;--awb-margin-bottom-large:5px;--awb-spacing-left-large:21px;--awb-width-medium:40%;--awb-spacing-right-medium:4.8%;--awb-spacing-left-medium:21px;--awb-width-small:100%;--awb-spacing-right-small:1.92%;--awb-spacing-left-small:1.92%;\" data-motion-effects=\"[{&quot;type&quot;:&quot;infinite&quot;,&quot;infinite_animation&quot;:&quot;rotate&quot;,&quot;infinite_animation_speed&quot;:&quot;1.0&quot;}]\" data-scroll-devices=\"small-visibility, medium-visibility, large-visibility\"><div class=\"fusion-column-wrapper fusion-column-has-shadow fusion-flex-justify-content-center fusion-content-layout-column\"><div class=\"fusion-image-element fusion-no-small-visibility\" style=\"text-align:center;--awb-max-width:220px;--awb-caption-title-font-family:var(--h2_typography-font-family);--awb-caption-title-font-weight:var(--h2_typography-font-weight);--awb-caption-title-font-style:var(--h2_typography-font-style);--awb-caption-title-size:var(--h2_typography-font-size);--awb-caption-title-transform:var(--h2_typography-text-transform);--awb-caption-title-line-height:var(--h2_typography-line-height);--awb-caption-title-letter-spacing:var(--h2_typography-letter-spacing);\"><span class=\" fusion-imageframe imageframe-none imageframe-1 hover-type-none fusion-animated\" data-animationType=\"fadeIn\" data-animationDuration=\"0.8\" data-animationOffset=\"top-into-view\"><img decoding=\"async\" width=\"800\" height=\"805\" alt=\"Logotip Flor de Camp, Ribera d&#039;Ebre.\" title=\"Logo Flor de Camp, Ribera d&#8217;Ebre\" src=\"https:\/\/flordecamp.com\/wp-content\/uploads\/2024\/04\/Flor-de-Camp_logo-rodo_800.png\" data-orig-src=\"https:\/\/flordecamp.com\/wp-content\/uploads\/2024\/04\/Flor-de-Camp_logo-rodo_800.png\" class=\"lazyload img-responsive wp-image-3223\" srcset=\"data:image\/svg+xml,%3Csvg%20xmlns%3D%27http%3A%2F%2Fwww.w3.org%2F2000%2Fsvg%27%20width%3D%27800%27%20height%3D%27805%27%20viewBox%3D%270%200%20800%20805%27%3E%3Crect%20width%3D%27800%27%20height%3D%27805%27%20fill-opacity%3D%220%22%2F%3E%3C%2Fsvg%3E\" data-srcset=\"https:\/\/flordecamp.com\/wp-content\/uploads\/2024\/04\/Flor-de-Camp_logo-rodo_800-200x201.png 200w, https:\/\/flordecamp.com\/wp-content\/uploads\/2024\/04\/Flor-de-Camp_logo-rodo_800-400x403.png 400w, https:\/\/flordecamp.com\/wp-content\/uploads\/2024\/04\/Flor-de-Camp_logo-rodo_800-600x604.png 600w, https:\/\/flordecamp.com\/wp-content\/uploads\/2024\/04\/Flor-de-Camp_logo-rodo_800.png 800w\" data-sizes=\"auto\" data-orig-sizes=\"(max-width: 1024px) 100vw, (max-width: 640px) 100vw, 800px\" \/><\/span><\/div><\/div><\/div><div class=\"fusion-layout-column fusion_builder_column fusion-builder-column-2 fusion_builder_column_1_1 1_1 fusion-flex-column\" style=\"--awb-bg-size:cover;--awb-width-large:100%;--awb-margin-top-large:25px;--awb-spacing-right-large:1.92%;--awb-margin-bottom-large:25px;--awb-spacing-left-large:1.92%;--awb-width-medium:100%;--awb-order-medium:0;--awb-spacing-right-medium:1.92%;--awb-spacing-left-medium:1.92%;--awb-width-small:100%;--awb-order-small:0;--awb-spacing-right-small:1.92%;--awb-spacing-left-small:1.92%;\"><div class=\"fusion-column-wrapper fusion-column-has-shadow fusion-flex-justify-content-flex-start fusion-content-layout-column\"><div class=\"fusion-title title fusion-title-3 fusion-sep-none fusion-title-text fusion-title-size-three\" style=\"--awb-margin-top-small:8px;--awb-margin-right-small:0px;--awb-margin-bottom-small:16px;--awb-margin-left-small:0px;--awb-font-size:27px;\"><h3 class=\"fusion-title-heading title-heading-left fusion-responsive-typography-calculated\" style=\"margin:0;text-transform:uppercase;font-size:1em;--fontSize:27;line-height:1.32;\">Tots els nostres productes<\/h3><\/div><div class=\"fusion-woo-product-grid fusion-product-archive fusion-woo-product-grid-1 has-column-spacing\" style=\"--awb-column-spacing-margin:calc((17px)\/ -2);--awb-column-spacing-padding:calc((17px)\/ 2);\"><ul class=\"products products-3\"><li class=\"product type-product post-4018 status-publish first outofstock product_cat-temporada-dhivern has-post-thumbnail taxable shipping-taxable purchasable product-type-simple product-grid-view\">\n\t<div class=\"fusion-product-wrapper\">\n<a href=\"https:\/\/flordecamp.com\/es\/producte\/manat-calcots\/\" class=\"product-images\" aria-label=\"Manat de Cal\u00e7ots (25 unitats)\">\n<div class=\"fusion-woo-badges-wrapper\">\n\t<div class=\"fusion-out-of-stock\">\n\t\t<div class=\"fusion-position-text\">\n\t\t\tNo disponible\t\t<\/div>\n\t<\/div>\n<\/div><div class=\"featured-image\">\n\t\t<img decoding=\"async\" width=\"500\" height=\"333\" src=\"https:\/\/flordecamp.com\/wp-content\/uploads\/2024\/05\/DSC_0292-500x333.jpg\" class=\"attachment-woocommerce_thumbnail size-woocommerce_thumbnail lazyload wp-post-image\" alt=\"Manats de cal\u00e7ots Flor de camp a la mateixa finca on s&#039;han collit i on es poden observar les seves respectives etiquetes.\" srcset=\"data:image\/svg+xml,%3Csvg%20xmlns%3D%27http%3A%2F%2Fwww.w3.org%2F2000%2Fsvg%27%20width%3D%271200%27%20height%3D%27800%27%20viewBox%3D%270%200%201200%20800%27%3E%3Crect%20width%3D%271200%27%20height%3D%27800%27%20fill-opacity%3D%220%22%2F%3E%3C%2Fsvg%3E\" data-orig-src=\"https:\/\/flordecamp.com\/wp-content\/uploads\/2024\/05\/DSC_0292-500x333.jpg\" data-srcset=\"https:\/\/flordecamp.com\/wp-content\/uploads\/2024\/05\/DSC_0292-18x12.jpg 18w, https:\/\/flordecamp.com\/wp-content\/uploads\/2024\/05\/DSC_0292-200x133.jpg 200w, https:\/\/flordecamp.com\/wp-content\/uploads\/2024\/05\/DSC_0292-300x200.jpg 300w, https:\/\/flordecamp.com\/wp-content\/uploads\/2024\/05\/DSC_0292-400x267.jpg 400w, https:\/\/flordecamp.com\/wp-content\/uploads\/2024\/05\/DSC_0292-500x333.jpg 500w, https:\/\/flordecamp.com\/wp-content\/uploads\/2024\/05\/DSC_0292-600x400.jpg 600w, https:\/\/flordecamp.com\/wp-content\/uploads\/2024\/05\/DSC_0292-700x467.jpg 700w, https:\/\/flordecamp.com\/wp-content\/uploads\/2024\/05\/DSC_0292-768x512.jpg 768w, https:\/\/flordecamp.com\/wp-content\/uploads\/2024\/05\/DSC_0292-800x533.jpg 800w, https:\/\/flordecamp.com\/wp-content\/uploads\/2024\/05\/DSC_0292-1024x683.jpg 1024w, https:\/\/flordecamp.com\/wp-content\/uploads\/2024\/05\/DSC_0292.jpg 1200w\" data-sizes=\"auto\" \/>\n\t\t\t\t\t\t<div class=\"cart-loading\"><i class=\"awb-icon-spinner\" aria-hidden=\"true\"><\/i><\/div>\n\t\t\t<\/div>\n<\/a>\n<div class=\"fusion-product-content\">\n\t<div class=\"product-details\">\n\t\t<div class=\"product-details-container\">\n<h3 class=\"product-title\">\n\t<a href=\"https:\/\/flordecamp.com\/es\/producte\/manat-calcots\/\">\n\t\tManat de Cal\u00e7ots (25 unitats)\t<\/a>\n<\/h3>\n<div class=\"fusion-price-rating\">\n\n\t<span class=\"price\"><span class=\"woocommerce-Price-amount amount\"><bdi>4,50&nbsp;<span class=\"woocommerce-Price-currencySymbol\">&euro;<\/span><\/bdi><\/span><\/span>\n\t\t<\/div>\n\t<\/div>\n<\/div>\n\n\n\t<div class=\"product-buttons\">\n\t\t<div class=\"fusion-content-sep sep-none\"><\/div>\n\t\t<div class=\"product-buttons-container clearfix\">\n\n<a href=\"https:\/\/flordecamp.com\/es\/producte\/manat-calcots\/\" class=\"show_details_button\" style=\"float:none;max-width:none;text-align:center;\">\n\tDetails<\/a>\n\n\n\t<\/div>\n\t<\/div>\n\n\t<\/div> <\/div>\n<\/li>\n<li class=\"product type-product post-4033 status-publish outofstock product_cat-temporada-destiu has-post-thumbnail taxable shipping-taxable purchasable product-type-simple product-grid-view\">\n\t<div class=\"fusion-product-wrapper\">\n<a href=\"https:\/\/flordecamp.com\/es\/producte\/caixa-pressec-pla\/\" class=\"product-images\" aria-label=\"Caixa de Pr\u00e9ssec Pl\u00e0 &#8211;  4 kg\">\n<div class=\"fusion-woo-badges-wrapper\">\n\t<div class=\"fusion-out-of-stock\">\n\t\t<div class=\"fusion-position-text\">\n\t\t\tNo disponible\t\t<\/div>\n\t<\/div>\n<\/div><div class=\"featured-image\">\n\t\t<img decoding=\"async\" width=\"500\" height=\"418\" src=\"https:\/\/flordecamp.com\/wp-content\/uploads\/2024\/05\/DSC_0178-paraguayo-e1751275199322-500x418.png\" class=\"attachment-woocommerce_thumbnail size-woocommerce_thumbnail lazyload wp-post-image\" alt=\"Fotografia d&#039;una caixa de pr\u00e9ssecs plans amb l&#039;etiqueta de Flor de Camp, Ribera d&#039;Ebre.\" srcset=\"data:image\/svg+xml,%3Csvg%20xmlns%3D%27http%3A%2F%2Fwww.w3.org%2F2000%2Fsvg%27%20width%3D%27898%27%20height%3D%27750%27%20viewBox%3D%270%200%20898%20750%27%3E%3Crect%20width%3D%27898%27%20height%3D%27750%27%20fill-opacity%3D%220%22%2F%3E%3C%2Fsvg%3E\" data-orig-src=\"https:\/\/flordecamp.com\/wp-content\/uploads\/2024\/05\/DSC_0178-paraguayo-e1751275199322-500x418.png\" data-srcset=\"https:\/\/flordecamp.com\/wp-content\/uploads\/2024\/05\/DSC_0178-paraguayo-e1751275199322-14x12.png 14w, https:\/\/flordecamp.com\/wp-content\/uploads\/2024\/05\/DSC_0178-paraguayo-e1751275199322-200x167.png 200w, https:\/\/flordecamp.com\/wp-content\/uploads\/2024\/05\/DSC_0178-paraguayo-e1751275199322-300x251.png 300w, https:\/\/flordecamp.com\/wp-content\/uploads\/2024\/05\/DSC_0178-paraguayo-e1751275199322-400x334.png 400w, https:\/\/flordecamp.com\/wp-content\/uploads\/2024\/05\/DSC_0178-paraguayo-e1751275199322-500x418.png 500w, https:\/\/flordecamp.com\/wp-content\/uploads\/2024\/05\/DSC_0178-paraguayo-e1751275199322-600x501.png 600w, https:\/\/flordecamp.com\/wp-content\/uploads\/2024\/05\/DSC_0178-paraguayo-e1751275199322-700x585.png 700w, https:\/\/flordecamp.com\/wp-content\/uploads\/2024\/05\/DSC_0178-paraguayo-e1751275199322-768x641.png 768w, https:\/\/flordecamp.com\/wp-content\/uploads\/2024\/05\/DSC_0178-paraguayo-e1751275199322-800x668.png 800w, https:\/\/flordecamp.com\/wp-content\/uploads\/2024\/05\/DSC_0178-paraguayo-e1751275199322.png 898w\" data-sizes=\"auto\" \/>\n\t\t\t\t\t\t<div class=\"cart-loading\"><i class=\"awb-icon-spinner\" aria-hidden=\"true\"><\/i><\/div>\n\t\t\t<\/div>\n<\/a>\n<div class=\"fusion-product-content\">\n\t<div class=\"product-details\">\n\t\t<div class=\"product-details-container\">\n<h3 class=\"product-title\">\n\t<a href=\"https:\/\/flordecamp.com\/es\/producte\/caixa-pressec-pla\/\">\n\t\tCaixa de Pr\u00e9ssec Pl\u00e0 &#8211;  4 kg\t<\/a>\n<\/h3>\n<div class=\"fusion-price-rating\">\n\n\t<span class=\"price\"><span class=\"woocommerce-Price-amount amount\"><bdi>13,00&nbsp;<span class=\"woocommerce-Price-currencySymbol\">&euro;<\/span><\/bdi><\/span><\/span>\n\t\t<\/div>\n\t<\/div>\n<\/div>\n\n\n\t<div class=\"product-buttons\">\n\t\t<div class=\"fusion-content-sep sep-none\"><\/div>\n\t\t<div class=\"product-buttons-container clearfix\">\n\n<a href=\"https:\/\/flordecamp.com\/es\/producte\/caixa-pressec-pla\/\" class=\"show_details_button\" style=\"float:none;max-width:none;text-align:center;\">\n\tDetails<\/a>\n\n\n\t<\/div>\n\t<\/div>\n\n\t<\/div> <\/div>\n<\/li>\n<li class=\"product type-product post-4321 status-publish last outofstock product_cat-temporada-destiu has-post-thumbnail taxable shipping-taxable purchasable product-type-simple product-grid-view\">\n\t<div class=\"fusion-product-wrapper\">\n<a href=\"https:\/\/flordecamp.com\/es\/producte\/caixa-combinada-flor-de-camp-4-kg\/\" class=\"product-images\" aria-label=\"Caixa combinada Flor de camp &#8211; 4 kg\">\n<div class=\"fusion-woo-badges-wrapper\">\n\t<div class=\"fusion-out-of-stock\">\n\t\t<div class=\"fusion-position-text\">\n\t\t\tNo disponible\t\t<\/div>\n\t<\/div>\n<\/div><div class=\"featured-image\">\n\t\t<img decoding=\"async\" width=\"500\" height=\"429\" src=\"https:\/\/flordecamp.com\/wp-content\/uploads\/2025\/06\/DSC_0136-auberge_i_nectarina-e1751275832402-500x429.png\" class=\"attachment-woocommerce_thumbnail size-woocommerce_thumbnail lazyload wp-post-image\" alt=\"Fotografia d&#039;una caixa de pr\u00e9ssecs i nectarines amb l&#039;etiqueta de Flor de Camp, Ribera d&#039;Ebre.\" srcset=\"data:image\/svg+xml,%3Csvg%20xmlns%3D%27http%3A%2F%2Fwww.w3.org%2F2000%2Fsvg%27%20width%3D%27797%27%20height%3D%27684%27%20viewBox%3D%270%200%20797%20684%27%3E%3Crect%20width%3D%27797%27%20height%3D%27684%27%20fill-opacity%3D%220%22%2F%3E%3C%2Fsvg%3E\" data-orig-src=\"https:\/\/flordecamp.com\/wp-content\/uploads\/2025\/06\/DSC_0136-auberge_i_nectarina-e1751275832402-500x429.png\" data-srcset=\"https:\/\/flordecamp.com\/wp-content\/uploads\/2025\/06\/DSC_0136-auberge_i_nectarina-e1751275832402-14x12.png 14w, https:\/\/flordecamp.com\/wp-content\/uploads\/2025\/06\/DSC_0136-auberge_i_nectarina-e1751275832402-200x172.png 200w, https:\/\/flordecamp.com\/wp-content\/uploads\/2025\/06\/DSC_0136-auberge_i_nectarina-e1751275832402-300x257.png 300w, https:\/\/flordecamp.com\/wp-content\/uploads\/2025\/06\/DSC_0136-auberge_i_nectarina-e1751275832402-400x343.png 400w, https:\/\/flordecamp.com\/wp-content\/uploads\/2025\/06\/DSC_0136-auberge_i_nectarina-e1751275832402-500x429.png 500w, https:\/\/flordecamp.com\/wp-content\/uploads\/2025\/06\/DSC_0136-auberge_i_nectarina-e1751275832402-600x515.png 600w, https:\/\/flordecamp.com\/wp-content\/uploads\/2025\/06\/DSC_0136-auberge_i_nectarina-e1751275832402-700x601.png 700w, https:\/\/flordecamp.com\/wp-content\/uploads\/2025\/06\/DSC_0136-auberge_i_nectarina-e1751275832402-768x659.png 768w, https:\/\/flordecamp.com\/wp-content\/uploads\/2025\/06\/DSC_0136-auberge_i_nectarina-e1751275832402.png 797w\" data-sizes=\"auto\" \/>\n\t\t\t\t\t\t<div class=\"cart-loading\"><i class=\"awb-icon-spinner\" aria-hidden=\"true\"><\/i><\/div>\n\t\t\t<\/div>\n<\/a>\n<div class=\"fusion-product-content\">\n\t<div class=\"product-details\">\n\t\t<div class=\"product-details-container\">\n<h3 class=\"product-title\">\n\t<a href=\"https:\/\/flordecamp.com\/es\/producte\/caixa-combinada-flor-de-camp-4-kg\/\">\n\t\tCaixa combinada Flor de camp &#8211; 4 kg\t<\/a>\n<\/h3>\n<div class=\"fusion-price-rating\">\n\n\t<span class=\"price\"><span class=\"woocommerce-Price-amount amount\"><bdi>15,00&nbsp;<span class=\"woocommerce-Price-currencySymbol\">&euro;<\/span><\/bdi><\/span><\/span>\n\t\t<\/div>\n\t<\/div>\n<\/div>\n\n\n\t<div class=\"product-buttons\">\n\t\t<div class=\"fusion-content-sep sep-none\"><\/div>\n\t\t<div class=\"product-buttons-container clearfix\">\n\n<a href=\"https:\/\/flordecamp.com\/es\/producte\/caixa-combinada-flor-de-camp-4-kg\/\" class=\"show_details_button\" style=\"float:none;max-width:none;text-align:center;\">\n\tDetails<\/a>\n\n\n\t<\/div>\n\t<\/div>\n\n\t<\/div> <\/div>\n<\/li>\n<li class=\"product type-product post-4022 status-publish first outofstock product_cat-temporada-destiu has-post-thumbnail taxable shipping-taxable product-type-simple product-grid-view\">\n\t<div class=\"fusion-product-wrapper\">\n<a href=\"https:\/\/flordecamp.com\/es\/producte\/caixa-albercocs\/\" class=\"product-images\" aria-label=\"Caixa d&#8217;Albercocs &#8211; 4 kg\">\n<div class=\"fusion-woo-badges-wrapper\">\n\t<div class=\"fusion-out-of-stock\">\n\t\t<div class=\"fusion-position-text\">\n\t\t\tNo disponible\t\t<\/div>\n\t<\/div>\n<\/div><div class=\"featured-image\">\n\t\t<img decoding=\"async\" width=\"500\" height=\"413\" src=\"https:\/\/flordecamp.com\/wp-content\/uploads\/2024\/05\/DSC_0407-albercocs-e1752508888251-500x413.png\" class=\"attachment-woocommerce_thumbnail size-woocommerce_thumbnail lazyload wp-post-image\" alt=\"Fotografia d&#039;una caixa d&#039;albercocs amb l&#039;etiqueta de Flor de Camp, Ribera d&#039;Ebre.\" srcset=\"data:image\/svg+xml,%3Csvg%20xmlns%3D%27http%3A%2F%2Fwww.w3.org%2F2000%2Fsvg%27%20width%3D%27860%27%20height%3D%27710%27%20viewBox%3D%270%200%20860%20710%27%3E%3Crect%20width%3D%27860%27%20height%3D%27710%27%20fill-opacity%3D%220%22%2F%3E%3C%2Fsvg%3E\" data-orig-src=\"https:\/\/flordecamp.com\/wp-content\/uploads\/2024\/05\/DSC_0407-albercocs-e1752508888251-500x413.png\" data-srcset=\"https:\/\/flordecamp.com\/wp-content\/uploads\/2024\/05\/DSC_0407-albercocs-e1752508888251-15x12.png 15w, https:\/\/flordecamp.com\/wp-content\/uploads\/2024\/05\/DSC_0407-albercocs-e1752508888251-200x165.png 200w, https:\/\/flordecamp.com\/wp-content\/uploads\/2024\/05\/DSC_0407-albercocs-e1752508888251-300x248.png 300w, https:\/\/flordecamp.com\/wp-content\/uploads\/2024\/05\/DSC_0407-albercocs-e1752508888251-400x330.png 400w, https:\/\/flordecamp.com\/wp-content\/uploads\/2024\/05\/DSC_0407-albercocs-e1752508888251-500x413.png 500w, https:\/\/flordecamp.com\/wp-content\/uploads\/2024\/05\/DSC_0407-albercocs-e1752508888251-600x495.png 600w, https:\/\/flordecamp.com\/wp-content\/uploads\/2024\/05\/DSC_0407-albercocs-e1752508888251-700x578.png 700w, https:\/\/flordecamp.com\/wp-content\/uploads\/2024\/05\/DSC_0407-albercocs-e1752508888251-768x634.png 768w, https:\/\/flordecamp.com\/wp-content\/uploads\/2024\/05\/DSC_0407-albercocs-e1752508888251-800x660.png 800w, https:\/\/flordecamp.com\/wp-content\/uploads\/2024\/05\/DSC_0407-albercocs-e1752508888251.png 860w\" data-sizes=\"auto\" \/>\n\t\t\t\t\t\t<div class=\"cart-loading\"><i class=\"awb-icon-spinner\" aria-hidden=\"true\"><\/i><\/div>\n\t\t\t<\/div>\n<\/a>\n<div class=\"fusion-product-content\">\n\t<div class=\"product-details\">\n\t\t<div class=\"product-details-container\">\n<h3 class=\"product-title\">\n\t<a href=\"https:\/\/flordecamp.com\/es\/producte\/caixa-albercocs\/\">\n\t\tCaixa d&#8217;Albercocs &#8211; 4 kg\t<\/a>\n<\/h3>\n<div class=\"fusion-price-rating\">\n\n\t\t<\/div>\n\t<\/div>\n<\/div>\n\n\n\t<div class=\"product-buttons\">\n\t\t<div class=\"fusion-content-sep sep-none\"><\/div>\n\t\t<div class=\"product-buttons-container clearfix\">\n\n<a href=\"https:\/\/flordecamp.com\/es\/producte\/caixa-albercocs\/\" class=\"show_details_button\" style=\"float:none;max-width:none;text-align:center;\">\n\tDetails<\/a>\n\n\n\t<\/div>\n\t<\/div>\n\n\t<\/div> <\/div>\n<\/li>\n<li class=\"product type-product post-4029 status-publish outofstock product_cat-temporada-destiu has-post-thumbnail taxable shipping-taxable purchasable product-type-simple product-grid-view\">\n\t<div class=\"fusion-product-wrapper\">\n<a href=\"https:\/\/flordecamp.com\/es\/producte\/caixa-pressec-roig\/\" class=\"product-images\" aria-label=\"Caixa de Pr\u00e9ssec &#8211; 4 kg\">\n<div class=\"fusion-woo-badges-wrapper\">\n\t<div class=\"fusion-out-of-stock\">\n\t\t<div class=\"fusion-position-text\">\n\t\t\tNo disponible\t\t<\/div>\n\t<\/div>\n<\/div><div class=\"featured-image\">\n\t\t<img decoding=\"async\" width=\"500\" height=\"429\" src=\"https:\/\/flordecamp.com\/wp-content\/uploads\/2024\/05\/DSC_0126-auberge-e1751274414214-500x429.png\" class=\"attachment-woocommerce_thumbnail size-woocommerce_thumbnail lazyload wp-post-image\" alt=\"Fotografia d&#039;una caixa de pr\u00e9ssecs rojos amb l&#039;etiqueta de Flor de Camp, Ribera d&#039;Ebre.\" srcset=\"data:image\/svg+xml,%3Csvg%20xmlns%3D%27http%3A%2F%2Fwww.w3.org%2F2000%2Fsvg%27%20width%3D%27810%27%20height%3D%27695%27%20viewBox%3D%270%200%20810%20695%27%3E%3Crect%20width%3D%27810%27%20height%3D%27695%27%20fill-opacity%3D%220%22%2F%3E%3C%2Fsvg%3E\" data-orig-src=\"https:\/\/flordecamp.com\/wp-content\/uploads\/2024\/05\/DSC_0126-auberge-e1751274414214-500x429.png\" data-srcset=\"https:\/\/flordecamp.com\/wp-content\/uploads\/2024\/05\/DSC_0126-auberge-e1751274414214-14x12.png 14w, https:\/\/flordecamp.com\/wp-content\/uploads\/2024\/05\/DSC_0126-auberge-e1751274414214-200x172.png 200w, https:\/\/flordecamp.com\/wp-content\/uploads\/2024\/05\/DSC_0126-auberge-e1751274414214-300x257.png 300w, https:\/\/flordecamp.com\/wp-content\/uploads\/2024\/05\/DSC_0126-auberge-e1751274414214-400x343.png 400w, https:\/\/flordecamp.com\/wp-content\/uploads\/2024\/05\/DSC_0126-auberge-e1751274414214-500x429.png 500w, https:\/\/flordecamp.com\/wp-content\/uploads\/2024\/05\/DSC_0126-auberge-e1751274414214-600x515.png 600w, https:\/\/flordecamp.com\/wp-content\/uploads\/2024\/05\/DSC_0126-auberge-e1751274414214-700x601.png 700w, https:\/\/flordecamp.com\/wp-content\/uploads\/2024\/05\/DSC_0126-auberge-e1751274414214-768x659.png 768w, https:\/\/flordecamp.com\/wp-content\/uploads\/2024\/05\/DSC_0126-auberge-e1751274414214-800x686.png 800w, https:\/\/flordecamp.com\/wp-content\/uploads\/2024\/05\/DSC_0126-auberge-e1751274414214.png 810w\" data-sizes=\"auto\" \/>\n\t\t\t\t\t\t<div class=\"cart-loading\"><i class=\"awb-icon-spinner\" aria-hidden=\"true\"><\/i><\/div>\n\t\t\t<\/div>\n<\/a>\n<div class=\"fusion-product-content\">\n\t<div class=\"product-details\">\n\t\t<div class=\"product-details-container\">\n<h3 class=\"product-title\">\n\t<a href=\"https:\/\/flordecamp.com\/es\/producte\/caixa-pressec-roig\/\">\n\t\tCaixa de Pr\u00e9ssec &#8211; 4 kg\t<\/a>\n<\/h3>\n<div class=\"fusion-price-rating\">\n\n\t<span class=\"price\"><span class=\"woocommerce-Price-amount amount\"><bdi>13,00&nbsp;<span class=\"woocommerce-Price-currencySymbol\">&euro;<\/span><\/bdi><\/span><\/span>\n\t\t<\/div>\n\t<\/div>\n<\/div>\n\n\n\t<div class=\"product-buttons\">\n\t\t<div class=\"fusion-content-sep sep-none\"><\/div>\n\t\t<div class=\"product-buttons-container clearfix\">\n\n<a href=\"https:\/\/flordecamp.com\/es\/producte\/caixa-pressec-roig\/\" class=\"show_details_button\" style=\"float:none;max-width:none;text-align:center;\">\n\tDetails<\/a>\n\n\n\t<\/div>\n\t<\/div>\n\n\t<\/div> <\/div>\n<\/li>\n<li class=\"product type-product post-4027 status-publish last outofstock product_cat-temporada-destiu has-post-thumbnail taxable shipping-taxable purchasable product-type-simple product-grid-view\">\n\t<div class=\"fusion-product-wrapper\">\n<a href=\"https:\/\/flordecamp.com\/es\/producte\/caixa-nectarines\/\" class=\"product-images\" aria-label=\"Caixa de Nectarines &#8211; 4 kg\">\n<div class=\"fusion-woo-badges-wrapper\">\n\t<div class=\"fusion-out-of-stock\">\n\t\t<div class=\"fusion-position-text\">\n\t\t\tNo disponible\t\t<\/div>\n\t<\/div>\n<\/div><div class=\"featured-image\">\n\t\t<img decoding=\"async\" width=\"500\" height=\"415\" src=\"https:\/\/flordecamp.com\/wp-content\/uploads\/2024\/05\/DSC_0139-nectarina-e1751272927662-500x415.png\" class=\"attachment-woocommerce_thumbnail size-woocommerce_thumbnail lazyload wp-post-image\" alt=\"Fotografia d&#039;una caixa de nectarines amb l&#039;etiqueta de Flor de Camp, Ribera d&#039;Ebre.\" srcset=\"data:image\/svg+xml,%3Csvg%20xmlns%3D%27http%3A%2F%2Fwww.w3.org%2F2000%2Fsvg%27%20width%3D%27783%27%20height%3D%27650%27%20viewBox%3D%270%200%20783%20650%27%3E%3Crect%20width%3D%27783%27%20height%3D%27650%27%20fill-opacity%3D%220%22%2F%3E%3C%2Fsvg%3E\" data-orig-src=\"https:\/\/flordecamp.com\/wp-content\/uploads\/2024\/05\/DSC_0139-nectarina-e1751272927662-500x415.png\" data-srcset=\"https:\/\/flordecamp.com\/wp-content\/uploads\/2024\/05\/DSC_0139-nectarina-e1751272927662-14x12.png 14w, https:\/\/flordecamp.com\/wp-content\/uploads\/2024\/05\/DSC_0139-nectarina-e1751272927662-200x166.png 200w, https:\/\/flordecamp.com\/wp-content\/uploads\/2024\/05\/DSC_0139-nectarina-e1751272927662-300x249.png 300w, https:\/\/flordecamp.com\/wp-content\/uploads\/2024\/05\/DSC_0139-nectarina-e1751272927662-400x332.png 400w, https:\/\/flordecamp.com\/wp-content\/uploads\/2024\/05\/DSC_0139-nectarina-e1751272927662-500x415.png 500w, https:\/\/flordecamp.com\/wp-content\/uploads\/2024\/05\/DSC_0139-nectarina-e1751272927662-600x498.png 600w, https:\/\/flordecamp.com\/wp-content\/uploads\/2024\/05\/DSC_0139-nectarina-e1751272927662-700x581.png 700w, https:\/\/flordecamp.com\/wp-content\/uploads\/2024\/05\/DSC_0139-nectarina-e1751272927662-768x638.png 768w, https:\/\/flordecamp.com\/wp-content\/uploads\/2024\/05\/DSC_0139-nectarina-e1751272927662.png 783w\" data-sizes=\"auto\" \/>\n\t\t\t\t\t\t<div class=\"cart-loading\"><i class=\"awb-icon-spinner\" aria-hidden=\"true\"><\/i><\/div>\n\t\t\t<\/div>\n<\/a>\n<div class=\"fusion-product-content\">\n\t<div class=\"product-details\">\n\t\t<div class=\"product-details-container\">\n<h3 class=\"product-title\">\n\t<a href=\"https:\/\/flordecamp.com\/es\/producte\/caixa-nectarines\/\">\n\t\tCaixa de Nectarines &#8211; 4 kg\t<\/a>\n<\/h3>\n<div class=\"fusion-price-rating\">\n\n\t<span class=\"price\"><span class=\"woocommerce-Price-amount amount\"><bdi>13,00&nbsp;<span class=\"woocommerce-Price-currencySymbol\">&euro;<\/span><\/bdi><\/span><\/span>\n\t\t<\/div>\n\t<\/div>\n<\/div>\n\n\n\t<div class=\"product-buttons\">\n\t\t<div class=\"fusion-content-sep sep-none\"><\/div>\n\t\t<div class=\"product-buttons-container clearfix\">\n\n<a href=\"https:\/\/flordecamp.com\/es\/producte\/caixa-nectarines\/\" class=\"show_details_button\" style=\"float:none;max-width:none;text-align:center;\">\n\tDetails<\/a>\n\n\n\t<\/div>\n\t<\/div>\n\n\t<\/div> <\/div>\n<\/li>\n<\/ul><\/div><\/div><\/div><\/div><\/div><div class=\"fusion-fullwidth fullwidth-box fusion-builder-row-2 fusion-flex-container nonhundred-percent-fullwidth non-hundred-percent-height-scrolling fusion-no-large-visibility\" style=\"--awb-border-radius-top-left:0px;--awb-border-radius-top-right:0px;--awb-border-radius-bottom-right:0px;--awb-border-radius-bottom-left:0px;--awb-padding-top:2%;--awb-padding-bottom:2%;--awb-padding-top-medium:40px;--awb-flex-wrap:wrap;\" ><div class=\"fusion-builder-row fusion-row fusion-flex-align-items-flex-start fusion-flex-content-wrap\" style=\"max-width:1320.8px;margin-left: calc(-4% \/ 2 );margin-right: calc(-4% \/ 2 );\"><div class=\"fusion-layout-column fusion_builder_column fusion-builder-column-3 fusion_builder_column_1_2 1_2 fusion-flex-column fusion-animated\" style=\"--awb-padding-right:0%;--awb-padding-right-medium:0px;--awb-bg-size:cover;--awb-width-large:50%;--awb-margin-top-large:0px;--awb-spacing-right-large:0%;--awb-margin-bottom-large:5px;--awb-spacing-left-large:3.84%;--awb-width-medium:60%;--awb-spacing-right-medium:0%;--awb-margin-bottom-medium:12px;--awb-spacing-left-medium:3.2%;--awb-width-small:100%;--awb-spacing-right-small:1.92%;--awb-spacing-left-small:1.92%;\" data-animationType=\"fadeIn\" data-animationDuration=\"0.8\" data-animationOffset=\"top-into-view\"><div class=\"fusion-column-wrapper fusion-column-has-shadow fusion-flex-justify-content-flex-start fusion-content-layout-column\"><div class=\"fusion-title title fusion-title-4 fusion-sep-none fusion-title-text fusion-title-size-one\" style=\"--awb-text-color:var(--awb-color6);--awb-margin-bottom:10px;--awb-margin-top-small:8px;--awb-margin-right-small:0px;--awb-margin-bottom-small:10px;--awb-margin-left-small:0px;--awb-font-size:16px;\"><h1 class=\"fusion-title-heading title-heading-left fusion-responsive-typography-calculated\" style=\"font-family:var(--awb-typography2-font-family);font-weight:var(--awb-typography2-font-weight);font-style:var(--awb-typography2-font-style);margin:0;letter-spacing:var(--awb-typography2-letter-spacing);text-transform:var(--awb-typography2-text-transform);font-size:1em;--fontSize:16;--minFontSize:16;line-height:var(--awb-typography2-line-height);\"><p style=\"text-align: left;\">Flor de Camp &#8211; Ribera d&#8217;Ebre<\/p><\/h1><\/div><div class=\"fusion-title title fusion-title-5 fusion-sep-none fusion-title-text fusion-title-size-one\" style=\"--awb-text-color:var(--awb-color6);--awb-margin-top-small:8px;--awb-margin-right-small:0px;--awb-margin-bottom-small:16px;--awb-margin-left-small:0px;--awb-font-size:60px;\"><h1 class=\"fusion-title-heading title-heading-left fusion-responsive-typography-calculated\" style=\"margin:0;letter-spacing:0.01px;text-transform:uppercase;font-size:1em;--fontSize:60;line-height:1.1;\">Productes agr\u00edcoles de la Ribera d&#8217;Ebre<\/h1><\/div><div class=\"fusion-text fusion-text-2\" style=\"--awb-text-color:var(--awb-color6);\"><p>\u201cFlor de camp\u201d \u00e9s una empresa familiar amb m\u00e9s de 50 anys d\u2019experi\u00e8ncia en el conreu de fruita dol\u00e7a.<\/p>\n<\/div><\/div><\/div><div class=\"fusion-layout-column fusion_builder_column fusion-builder-column-4 fusion_builder_column_1_2 1_2 fusion-flex-column fusion-flex-align-self-stretch fusion-no-small-visibility\" style=\"--awb-bg-size:cover;--awb-width-large:50%;--awb-margin-top-large:0px;--awb-spacing-right-large:3.84%;--awb-margin-bottom-large:5px;--awb-spacing-left-large:21px;--awb-width-medium:40%;--awb-spacing-right-medium:4.8%;--awb-spacing-left-medium:21px;--awb-width-small:100%;--awb-spacing-right-small:1.92%;--awb-spacing-left-small:1.92%;\" data-motion-effects=\"[{&quot;type&quot;:&quot;infinite&quot;,&quot;infinite_animation&quot;:&quot;rotate&quot;,&quot;infinite_animation_speed&quot;:&quot;1.0&quot;}]\" data-scroll-devices=\"small-visibility, medium-visibility, large-visibility\"><div class=\"fusion-column-wrapper fusion-column-has-shadow fusion-flex-justify-content-center fusion-content-layout-column\"><div class=\"fusion-image-element fusion-no-small-visibility\" style=\"text-align:center;--awb-max-width:220px;--awb-caption-title-font-family:var(--h2_typography-font-family);--awb-caption-title-font-weight:var(--h2_typography-font-weight);--awb-caption-title-font-style:var(--h2_typography-font-style);--awb-caption-title-size:var(--h2_typography-font-size);--awb-caption-title-transform:var(--h2_typography-text-transform);--awb-caption-title-line-height:var(--h2_typography-line-height);--awb-caption-title-letter-spacing:var(--h2_typography-letter-spacing);\"><span class=\" fusion-imageframe imageframe-none imageframe-2 hover-type-none fusion-animated\" data-animationType=\"fadeIn\" data-animationDuration=\"0.8\" data-animationOffset=\"top-into-view\"><img decoding=\"async\" width=\"800\" height=\"805\" alt=\"Logotip Flor de Camp, Ribera d&#039;Ebre.\" title=\"Logo Flor de Camp, Ribera d&#8217;Ebre\" src=\"https:\/\/flordecamp.com\/wp-content\/uploads\/2024\/04\/Flor-de-Camp_logo-rodo_800.png\" data-orig-src=\"https:\/\/flordecamp.com\/wp-content\/uploads\/2024\/04\/Flor-de-Camp_logo-rodo_800.png\" class=\"lazyload img-responsive wp-image-3223\" srcset=\"data:image\/svg+xml,%3Csvg%20xmlns%3D%27http%3A%2F%2Fwww.w3.org%2F2000%2Fsvg%27%20width%3D%27800%27%20height%3D%27805%27%20viewBox%3D%270%200%20800%20805%27%3E%3Crect%20width%3D%27800%27%20height%3D%27805%27%20fill-opacity%3D%220%22%2F%3E%3C%2Fsvg%3E\" data-srcset=\"https:\/\/flordecamp.com\/wp-content\/uploads\/2024\/04\/Flor-de-Camp_logo-rodo_800-200x201.png 200w, https:\/\/flordecamp.com\/wp-content\/uploads\/2024\/04\/Flor-de-Camp_logo-rodo_800-400x403.png 400w, https:\/\/flordecamp.com\/wp-content\/uploads\/2024\/04\/Flor-de-Camp_logo-rodo_800-600x604.png 600w, https:\/\/flordecamp.com\/wp-content\/uploads\/2024\/04\/Flor-de-Camp_logo-rodo_800.png 800w\" data-sizes=\"auto\" data-orig-sizes=\"(max-width: 1024px) 100vw, (max-width: 640px) 100vw, 800px\" \/><\/span><\/div><\/div><\/div><div class=\"fusion-layout-column fusion_builder_column fusion-builder-column-5 fusion_builder_column_1_1 1_1 fusion-flex-column\" style=\"--awb-bg-size:cover;--awb-width-large:100%;--awb-margin-top-large:25px;--awb-spacing-right-large:1.92%;--awb-margin-bottom-large:25px;--awb-spacing-left-large:1.92%;--awb-width-medium:100%;--awb-order-medium:0;--awb-margin-top-medium:0px;--awb-spacing-right-medium:1.92%;--awb-spacing-left-medium:1.92%;--awb-width-small:100%;--awb-order-small:0;--awb-margin-top-small:0px;--awb-spacing-right-small:1.92%;--awb-spacing-left-small:1.92%;\"><div class=\"fusion-column-wrapper fusion-column-has-shadow fusion-flex-justify-content-flex-start fusion-content-layout-column\"><div class=\"fusion-title title fusion-title-6 fusion-sep-none fusion-title-text fusion-title-size-three\" style=\"--awb-margin-top-small:8px;--awb-margin-right-small:0px;--awb-margin-bottom-small:16px;--awb-margin-left-small:0px;--awb-font-size:27px;\"><h3 class=\"fusion-title-heading title-heading-left fusion-responsive-typography-calculated\" style=\"margin:0;text-transform:uppercase;font-size:1em;--fontSize:27;line-height:1.32;\">Tots els nostres productes<\/h3><\/div><div class=\"fusion-woo-product-grid fusion-product-archive fusion-woo-product-grid-2 has-column-spacing\" style=\"--awb-column-spacing-margin:calc((17px)\/ -2);--awb-column-spacing-padding:calc((17px)\/ 2);\"><ul class=\"products products-3\"><li class=\"product type-product post-4018 status-publish first outofstock product_cat-temporada-dhivern has-post-thumbnail taxable shipping-taxable purchasable product-type-simple product-grid-view\">\n\t<div class=\"fusion-product-wrapper\">\n<a href=\"https:\/\/flordecamp.com\/es\/producte\/manat-calcots\/\" class=\"product-images\" aria-label=\"Manat de Cal\u00e7ots (25 unitats)\">\n<div class=\"fusion-woo-badges-wrapper\">\n\t<div class=\"fusion-out-of-stock\">\n\t\t<div class=\"fusion-position-text\">\n\t\t\tNo disponible\t\t<\/div>\n\t<\/div>\n<\/div><div class=\"featured-image\">\n\t\t<img decoding=\"async\" width=\"500\" height=\"333\" src=\"https:\/\/flordecamp.com\/wp-content\/uploads\/2024\/05\/DSC_0292-500x333.jpg\" class=\"attachment-woocommerce_thumbnail size-woocommerce_thumbnail lazyload wp-post-image\" alt=\"Manats de cal\u00e7ots Flor de camp a la mateixa finca on s&#039;han collit i on es poden observar les seves respectives etiquetes.\" srcset=\"data:image\/svg+xml,%3Csvg%20xmlns%3D%27http%3A%2F%2Fwww.w3.org%2F2000%2Fsvg%27%20width%3D%271200%27%20height%3D%27800%27%20viewBox%3D%270%200%201200%20800%27%3E%3Crect%20width%3D%271200%27%20height%3D%27800%27%20fill-opacity%3D%220%22%2F%3E%3C%2Fsvg%3E\" data-orig-src=\"https:\/\/flordecamp.com\/wp-content\/uploads\/2024\/05\/DSC_0292-500x333.jpg\" data-srcset=\"https:\/\/flordecamp.com\/wp-content\/uploads\/2024\/05\/DSC_0292-18x12.jpg 18w, https:\/\/flordecamp.com\/wp-content\/uploads\/2024\/05\/DSC_0292-200x133.jpg 200w, https:\/\/flordecamp.com\/wp-content\/uploads\/2024\/05\/DSC_0292-300x200.jpg 300w, https:\/\/flordecamp.com\/wp-content\/uploads\/2024\/05\/DSC_0292-400x267.jpg 400w, https:\/\/flordecamp.com\/wp-content\/uploads\/2024\/05\/DSC_0292-500x333.jpg 500w, https:\/\/flordecamp.com\/wp-content\/uploads\/2024\/05\/DSC_0292-600x400.jpg 600w, https:\/\/flordecamp.com\/wp-content\/uploads\/2024\/05\/DSC_0292-700x467.jpg 700w, https:\/\/flordecamp.com\/wp-content\/uploads\/2024\/05\/DSC_0292-768x512.jpg 768w, https:\/\/flordecamp.com\/wp-content\/uploads\/2024\/05\/DSC_0292-800x533.jpg 800w, https:\/\/flordecamp.com\/wp-content\/uploads\/2024\/05\/DSC_0292-1024x683.jpg 1024w, https:\/\/flordecamp.com\/wp-content\/uploads\/2024\/05\/DSC_0292.jpg 1200w\" data-sizes=\"auto\" \/>\n\t\t\t\t\t\t<div class=\"cart-loading\"><i class=\"awb-icon-spinner\" aria-hidden=\"true\"><\/i><\/div>\n\t\t\t<\/div>\n<\/a>\n<div class=\"fusion-product-content\">\n\t<div class=\"product-details\">\n\t\t<div class=\"product-details-container\">\n<h3 class=\"product-title\">\n\t<a href=\"https:\/\/flordecamp.com\/es\/producte\/manat-calcots\/\">\n\t\tManat de Cal\u00e7ots (25 unitats)\t<\/a>\n<\/h3>\n<div class=\"fusion-price-rating\">\n\n\t<span class=\"price\"><span class=\"woocommerce-Price-amount amount\"><bdi>4,50&nbsp;<span class=\"woocommerce-Price-currencySymbol\">&euro;<\/span><\/bdi><\/span><\/span>\n\t\t<\/div>\n\t<\/div>\n<\/div>\n\n\n\t<div class=\"product-buttons\">\n\t\t<div class=\"fusion-content-sep sep-none\"><\/div>\n\t\t<div class=\"product-buttons-container clearfix\">\n\n<a href=\"https:\/\/flordecamp.com\/es\/producte\/manat-calcots\/\" class=\"show_details_button\" style=\"float:none;max-width:none;text-align:center;\">\n\tDetails<\/a>\n\n\n\t<\/div>\n\t<\/div>\n\n\t<\/div> <\/div>\n<\/li>\n<li class=\"product type-product post-4033 status-publish outofstock product_cat-temporada-destiu has-post-thumbnail taxable shipping-taxable purchasable product-type-simple product-grid-view\">\n\t<div class=\"fusion-product-wrapper\">\n<a href=\"https:\/\/flordecamp.com\/es\/producte\/caixa-pressec-pla\/\" class=\"product-images\" aria-label=\"Caixa de Pr\u00e9ssec Pl\u00e0 &#8211;  4 kg\">\n<div class=\"fusion-woo-badges-wrapper\">\n\t<div class=\"fusion-out-of-stock\">\n\t\t<div class=\"fusion-position-text\">\n\t\t\tNo disponible\t\t<\/div>\n\t<\/div>\n<\/div><div class=\"featured-image\">\n\t\t<img decoding=\"async\" width=\"500\" height=\"418\" src=\"https:\/\/flordecamp.com\/wp-content\/uploads\/2024\/05\/DSC_0178-paraguayo-e1751275199322-500x418.png\" class=\"attachment-woocommerce_thumbnail size-woocommerce_thumbnail lazyload wp-post-image\" alt=\"Fotografia d&#039;una caixa de pr\u00e9ssecs plans amb l&#039;etiqueta de Flor de Camp, Ribera d&#039;Ebre.\" srcset=\"data:image\/svg+xml,%3Csvg%20xmlns%3D%27http%3A%2F%2Fwww.w3.org%2F2000%2Fsvg%27%20width%3D%27898%27%20height%3D%27750%27%20viewBox%3D%270%200%20898%20750%27%3E%3Crect%20width%3D%27898%27%20height%3D%27750%27%20fill-opacity%3D%220%22%2F%3E%3C%2Fsvg%3E\" data-orig-src=\"https:\/\/flordecamp.com\/wp-content\/uploads\/2024\/05\/DSC_0178-paraguayo-e1751275199322-500x418.png\" data-srcset=\"https:\/\/flordecamp.com\/wp-content\/uploads\/2024\/05\/DSC_0178-paraguayo-e1751275199322-14x12.png 14w, https:\/\/flordecamp.com\/wp-content\/uploads\/2024\/05\/DSC_0178-paraguayo-e1751275199322-200x167.png 200w, https:\/\/flordecamp.com\/wp-content\/uploads\/2024\/05\/DSC_0178-paraguayo-e1751275199322-300x251.png 300w, https:\/\/flordecamp.com\/wp-content\/uploads\/2024\/05\/DSC_0178-paraguayo-e1751275199322-400x334.png 400w, https:\/\/flordecamp.com\/wp-content\/uploads\/2024\/05\/DSC_0178-paraguayo-e1751275199322-500x418.png 500w, https:\/\/flordecamp.com\/wp-content\/uploads\/2024\/05\/DSC_0178-paraguayo-e1751275199322-600x501.png 600w, https:\/\/flordecamp.com\/wp-content\/uploads\/2024\/05\/DSC_0178-paraguayo-e1751275199322-700x585.png 700w, https:\/\/flordecamp.com\/wp-content\/uploads\/2024\/05\/DSC_0178-paraguayo-e1751275199322-768x641.png 768w, https:\/\/flordecamp.com\/wp-content\/uploads\/2024\/05\/DSC_0178-paraguayo-e1751275199322-800x668.png 800w, https:\/\/flordecamp.com\/wp-content\/uploads\/2024\/05\/DSC_0178-paraguayo-e1751275199322.png 898w\" data-sizes=\"auto\" \/>\n\t\t\t\t\t\t<div class=\"cart-loading\"><i class=\"awb-icon-spinner\" aria-hidden=\"true\"><\/i><\/div>\n\t\t\t<\/div>\n<\/a>\n<div class=\"fusion-product-content\">\n\t<div class=\"product-details\">\n\t\t<div class=\"product-details-container\">\n<h3 class=\"product-title\">\n\t<a href=\"https:\/\/flordecamp.com\/es\/producte\/caixa-pressec-pla\/\">\n\t\tCaixa de Pr\u00e9ssec Pl\u00e0 &#8211;  4 kg\t<\/a>\n<\/h3>\n<div class=\"fusion-price-rating\">\n\n\t<span class=\"price\"><span class=\"woocommerce-Price-amount amount\"><bdi>13,00&nbsp;<span class=\"woocommerce-Price-currencySymbol\">&euro;<\/span><\/bdi><\/span><\/span>\n\t\t<\/div>\n\t<\/div>\n<\/div>\n\n\n\t<div class=\"product-buttons\">\n\t\t<div class=\"fusion-content-sep sep-none\"><\/div>\n\t\t<div class=\"product-buttons-container clearfix\">\n\n<a href=\"https:\/\/flordecamp.com\/es\/producte\/caixa-pressec-pla\/\" class=\"show_details_button\" style=\"float:none;max-width:none;text-align:center;\">\n\tDetails<\/a>\n\n\n\t<\/div>\n\t<\/div>\n\n\t<\/div> <\/div>\n<\/li>\n<li class=\"product type-product post-4321 status-publish last outofstock product_cat-temporada-destiu has-post-thumbnail taxable shipping-taxable purchasable product-type-simple product-grid-view\">\n\t<div class=\"fusion-product-wrapper\">\n<a href=\"https:\/\/flordecamp.com\/es\/producte\/caixa-combinada-flor-de-camp-4-kg\/\" class=\"product-images\" aria-label=\"Caixa combinada Flor de camp &#8211; 4 kg\">\n<div class=\"fusion-woo-badges-wrapper\">\n\t<div class=\"fusion-out-of-stock\">\n\t\t<div class=\"fusion-position-text\">\n\t\t\tNo disponible\t\t<\/div>\n\t<\/div>\n<\/div><div class=\"featured-image\">\n\t\t<img decoding=\"async\" width=\"500\" height=\"429\" src=\"https:\/\/flordecamp.com\/wp-content\/uploads\/2025\/06\/DSC_0136-auberge_i_nectarina-e1751275832402-500x429.png\" class=\"attachment-woocommerce_thumbnail size-woocommerce_thumbnail lazyload wp-post-image\" alt=\"Fotografia d&#039;una caixa de pr\u00e9ssecs i nectarines amb l&#039;etiqueta de Flor de Camp, Ribera d&#039;Ebre.\" srcset=\"data:image\/svg+xml,%3Csvg%20xmlns%3D%27http%3A%2F%2Fwww.w3.org%2F2000%2Fsvg%27%20width%3D%27797%27%20height%3D%27684%27%20viewBox%3D%270%200%20797%20684%27%3E%3Crect%20width%3D%27797%27%20height%3D%27684%27%20fill-opacity%3D%220%22%2F%3E%3C%2Fsvg%3E\" data-orig-src=\"https:\/\/flordecamp.com\/wp-content\/uploads\/2025\/06\/DSC_0136-auberge_i_nectarina-e1751275832402-500x429.png\" data-srcset=\"https:\/\/flordecamp.com\/wp-content\/uploads\/2025\/06\/DSC_0136-auberge_i_nectarina-e1751275832402-14x12.png 14w, https:\/\/flordecamp.com\/wp-content\/uploads\/2025\/06\/DSC_0136-auberge_i_nectarina-e1751275832402-200x172.png 200w, https:\/\/flordecamp.com\/wp-content\/uploads\/2025\/06\/DSC_0136-auberge_i_nectarina-e1751275832402-300x257.png 300w, https:\/\/flordecamp.com\/wp-content\/uploads\/2025\/06\/DSC_0136-auberge_i_nectarina-e1751275832402-400x343.png 400w, https:\/\/flordecamp.com\/wp-content\/uploads\/2025\/06\/DSC_0136-auberge_i_nectarina-e1751275832402-500x429.png 500w, https:\/\/flordecamp.com\/wp-content\/uploads\/2025\/06\/DSC_0136-auberge_i_nectarina-e1751275832402-600x515.png 600w, https:\/\/flordecamp.com\/wp-content\/uploads\/2025\/06\/DSC_0136-auberge_i_nectarina-e1751275832402-700x601.png 700w, https:\/\/flordecamp.com\/wp-content\/uploads\/2025\/06\/DSC_0136-auberge_i_nectarina-e1751275832402-768x659.png 768w, https:\/\/flordecamp.com\/wp-content\/uploads\/2025\/06\/DSC_0136-auberge_i_nectarina-e1751275832402.png 797w\" data-sizes=\"auto\" \/>\n\t\t\t\t\t\t<div class=\"cart-loading\"><i class=\"awb-icon-spinner\" aria-hidden=\"true\"><\/i><\/div>\n\t\t\t<\/div>\n<\/a>\n<div class=\"fusion-product-content\">\n\t<div class=\"product-details\">\n\t\t<div class=\"product-details-container\">\n<h3 class=\"product-title\">\n\t<a href=\"https:\/\/flordecamp.com\/es\/producte\/caixa-combinada-flor-de-camp-4-kg\/\">\n\t\tCaixa combinada Flor de camp &#8211; 4 kg\t<\/a>\n<\/h3>\n<div class=\"fusion-price-rating\">\n\n\t<span class=\"price\"><span class=\"woocommerce-Price-amount amount\"><bdi>15,00&nbsp;<span class=\"woocommerce-Price-currencySymbol\">&euro;<\/span><\/bdi><\/span><\/span>\n\t\t<\/div>\n\t<\/div>\n<\/div>\n\n\n\t<div class=\"product-buttons\">\n\t\t<div class=\"fusion-content-sep sep-none\"><\/div>\n\t\t<div class=\"product-buttons-container clearfix\">\n\n<a href=\"https:\/\/flordecamp.com\/es\/producte\/caixa-combinada-flor-de-camp-4-kg\/\" class=\"show_details_button\" style=\"float:none;max-width:none;text-align:center;\">\n\tDetails<\/a>\n\n\n\t<\/div>\n\t<\/div>\n\n\t<\/div> <\/div>\n<\/li>\n<li class=\"product type-product post-4022 status-publish first outofstock product_cat-temporada-destiu has-post-thumbnail taxable shipping-taxable product-type-simple product-grid-view\">\n\t<div class=\"fusion-product-wrapper\">\n<a href=\"https:\/\/flordecamp.com\/es\/producte\/caixa-albercocs\/\" class=\"product-images\" aria-label=\"Caixa d&#8217;Albercocs &#8211; 4 kg\">\n<div class=\"fusion-woo-badges-wrapper\">\n\t<div class=\"fusion-out-of-stock\">\n\t\t<div class=\"fusion-position-text\">\n\t\t\tNo disponible\t\t<\/div>\n\t<\/div>\n<\/div><div class=\"featured-image\">\n\t\t<img decoding=\"async\" width=\"500\" height=\"413\" src=\"https:\/\/flordecamp.com\/wp-content\/uploads\/2024\/05\/DSC_0407-albercocs-e1752508888251-500x413.png\" class=\"attachment-woocommerce_thumbnail size-woocommerce_thumbnail lazyload wp-post-image\" alt=\"Fotografia d&#039;una caixa d&#039;albercocs amb l&#039;etiqueta de Flor de Camp, Ribera d&#039;Ebre.\" srcset=\"data:image\/svg+xml,%3Csvg%20xmlns%3D%27http%3A%2F%2Fwww.w3.org%2F2000%2Fsvg%27%20width%3D%27860%27%20height%3D%27710%27%20viewBox%3D%270%200%20860%20710%27%3E%3Crect%20width%3D%27860%27%20height%3D%27710%27%20fill-opacity%3D%220%22%2F%3E%3C%2Fsvg%3E\" data-orig-src=\"https:\/\/flordecamp.com\/wp-content\/uploads\/2024\/05\/DSC_0407-albercocs-e1752508888251-500x413.png\" data-srcset=\"https:\/\/flordecamp.com\/wp-content\/uploads\/2024\/05\/DSC_0407-albercocs-e1752508888251-15x12.png 15w, https:\/\/flordecamp.com\/wp-content\/uploads\/2024\/05\/DSC_0407-albercocs-e1752508888251-200x165.png 200w, https:\/\/flordecamp.com\/wp-content\/uploads\/2024\/05\/DSC_0407-albercocs-e1752508888251-300x248.png 300w, https:\/\/flordecamp.com\/wp-content\/uploads\/2024\/05\/DSC_0407-albercocs-e1752508888251-400x330.png 400w, https:\/\/flordecamp.com\/wp-content\/uploads\/2024\/05\/DSC_0407-albercocs-e1752508888251-500x413.png 500w, https:\/\/flordecamp.com\/wp-content\/uploads\/2024\/05\/DSC_0407-albercocs-e1752508888251-600x495.png 600w, https:\/\/flordecamp.com\/wp-content\/uploads\/2024\/05\/DSC_0407-albercocs-e1752508888251-700x578.png 700w, https:\/\/flordecamp.com\/wp-content\/uploads\/2024\/05\/DSC_0407-albercocs-e1752508888251-768x634.png 768w, https:\/\/flordecamp.com\/wp-content\/uploads\/2024\/05\/DSC_0407-albercocs-e1752508888251-800x660.png 800w, https:\/\/flordecamp.com\/wp-content\/uploads\/2024\/05\/DSC_0407-albercocs-e1752508888251.png 860w\" data-sizes=\"auto\" \/>\n\t\t\t\t\t\t<div class=\"cart-loading\"><i class=\"awb-icon-spinner\" aria-hidden=\"true\"><\/i><\/div>\n\t\t\t<\/div>\n<\/a>\n<div class=\"fusion-product-content\">\n\t<div class=\"product-details\">\n\t\t<div class=\"product-details-container\">\n<h3 class=\"product-title\">\n\t<a href=\"https:\/\/flordecamp.com\/es\/producte\/caixa-albercocs\/\">\n\t\tCaixa d&#8217;Albercocs &#8211; 4 kg\t<\/a>\n<\/h3>\n<div class=\"fusion-price-rating\">\n\n\t\t<\/div>\n\t<\/div>\n<\/div>\n\n\n\t<div class=\"product-buttons\">\n\t\t<div class=\"fusion-content-sep sep-none\"><\/div>\n\t\t<div class=\"product-buttons-container clearfix\">\n\n<a href=\"https:\/\/flordecamp.com\/es\/producte\/caixa-albercocs\/\" class=\"show_details_button\" style=\"float:none;max-width:none;text-align:center;\">\n\tDetails<\/a>\n\n\n\t<\/div>\n\t<\/div>\n\n\t<\/div> <\/div>\n<\/li>\n<li class=\"product type-product post-4029 status-publish outofstock product_cat-temporada-destiu has-post-thumbnail taxable shipping-taxable purchasable product-type-simple product-grid-view\">\n\t<div class=\"fusion-product-wrapper\">\n<a href=\"https:\/\/flordecamp.com\/es\/producte\/caixa-pressec-roig\/\" class=\"product-images\" aria-label=\"Caixa de Pr\u00e9ssec &#8211; 4 kg\">\n<div class=\"fusion-woo-badges-wrapper\">\n\t<div class=\"fusion-out-of-stock\">\n\t\t<div class=\"fusion-position-text\">\n\t\t\tNo disponible\t\t<\/div>\n\t<\/div>\n<\/div><div class=\"featured-image\">\n\t\t<img decoding=\"async\" width=\"500\" height=\"429\" src=\"https:\/\/flordecamp.com\/wp-content\/uploads\/2024\/05\/DSC_0126-auberge-e1751274414214-500x429.png\" class=\"attachment-woocommerce_thumbnail size-woocommerce_thumbnail lazyload wp-post-image\" alt=\"Fotografia d&#039;una caixa de pr\u00e9ssecs rojos amb l&#039;etiqueta de Flor de Camp, Ribera d&#039;Ebre.\" srcset=\"data:image\/svg+xml,%3Csvg%20xmlns%3D%27http%3A%2F%2Fwww.w3.org%2F2000%2Fsvg%27%20width%3D%27810%27%20height%3D%27695%27%20viewBox%3D%270%200%20810%20695%27%3E%3Crect%20width%3D%27810%27%20height%3D%27695%27%20fill-opacity%3D%220%22%2F%3E%3C%2Fsvg%3E\" data-orig-src=\"https:\/\/flordecamp.com\/wp-content\/uploads\/2024\/05\/DSC_0126-auberge-e1751274414214-500x429.png\" data-srcset=\"https:\/\/flordecamp.com\/wp-content\/uploads\/2024\/05\/DSC_0126-auberge-e1751274414214-14x12.png 14w, https:\/\/flordecamp.com\/wp-content\/uploads\/2024\/05\/DSC_0126-auberge-e1751274414214-200x172.png 200w, https:\/\/flordecamp.com\/wp-content\/uploads\/2024\/05\/DSC_0126-auberge-e1751274414214-300x257.png 300w, https:\/\/flordecamp.com\/wp-content\/uploads\/2024\/05\/DSC_0126-auberge-e1751274414214-400x343.png 400w, https:\/\/flordecamp.com\/wp-content\/uploads\/2024\/05\/DSC_0126-auberge-e1751274414214-500x429.png 500w, https:\/\/flordecamp.com\/wp-content\/uploads\/2024\/05\/DSC_0126-auberge-e1751274414214-600x515.png 600w, https:\/\/flordecamp.com\/wp-content\/uploads\/2024\/05\/DSC_0126-auberge-e1751274414214-700x601.png 700w, https:\/\/flordecamp.com\/wp-content\/uploads\/2024\/05\/DSC_0126-auberge-e1751274414214-768x659.png 768w, https:\/\/flordecamp.com\/wp-content\/uploads\/2024\/05\/DSC_0126-auberge-e1751274414214-800x686.png 800w, https:\/\/flordecamp.com\/wp-content\/uploads\/2024\/05\/DSC_0126-auberge-e1751274414214.png 810w\" data-sizes=\"auto\" \/>\n\t\t\t\t\t\t<div class=\"cart-loading\"><i class=\"awb-icon-spinner\" aria-hidden=\"true\"><\/i><\/div>\n\t\t\t<\/div>\n<\/a>\n<div class=\"fusion-product-content\">\n\t<div class=\"product-details\">\n\t\t<div class=\"product-details-container\">\n<h3 class=\"product-title\">\n\t<a href=\"https:\/\/flordecamp.com\/es\/producte\/caixa-pressec-roig\/\">\n\t\tCaixa de Pr\u00e9ssec &#8211; 4 kg\t<\/a>\n<\/h3>\n<div class=\"fusion-price-rating\">\n\n\t<span class=\"price\"><span class=\"woocommerce-Price-amount amount\"><bdi>13,00&nbsp;<span class=\"woocommerce-Price-currencySymbol\">&euro;<\/span><\/bdi><\/span><\/span>\n\t\t<\/div>\n\t<\/div>\n<\/div>\n\n\n\t<div class=\"product-buttons\">\n\t\t<div class=\"fusion-content-sep sep-none\"><\/div>\n\t\t<div class=\"product-buttons-container clearfix\">\n\n<a href=\"https:\/\/flordecamp.com\/es\/producte\/caixa-pressec-roig\/\" class=\"show_details_button\" style=\"float:none;max-width:none;text-align:center;\">\n\tDetails<\/a>\n\n\n\t<\/div>\n\t<\/div>\n\n\t<\/div> <\/div>\n<\/li>\n<li class=\"product type-product post-4027 status-publish last outofstock product_cat-temporada-destiu has-post-thumbnail taxable shipping-taxable purchasable product-type-simple product-grid-view\">\n\t<div class=\"fusion-product-wrapper\">\n<a href=\"https:\/\/flordecamp.com\/es\/producte\/caixa-nectarines\/\" class=\"product-images\" aria-label=\"Caixa de Nectarines &#8211; 4 kg\">\n<div class=\"fusion-woo-badges-wrapper\">\n\t<div class=\"fusion-out-of-stock\">\n\t\t<div class=\"fusion-position-text\">\n\t\t\tNo disponible\t\t<\/div>\n\t<\/div>\n<\/div><div class=\"featured-image\">\n\t\t<img decoding=\"async\" width=\"500\" height=\"415\" src=\"https:\/\/flordecamp.com\/wp-content\/uploads\/2024\/05\/DSC_0139-nectarina-e1751272927662-500x415.png\" class=\"attachment-woocommerce_thumbnail size-woocommerce_thumbnail lazyload wp-post-image\" alt=\"Fotografia d&#039;una caixa de nectarines amb l&#039;etiqueta de Flor de Camp, Ribera d&#039;Ebre.\" srcset=\"data:image\/svg+xml,%3Csvg%20xmlns%3D%27http%3A%2F%2Fwww.w3.org%2F2000%2Fsvg%27%20width%3D%27783%27%20height%3D%27650%27%20viewBox%3D%270%200%20783%20650%27%3E%3Crect%20width%3D%27783%27%20height%3D%27650%27%20fill-opacity%3D%220%22%2F%3E%3C%2Fsvg%3E\" data-orig-src=\"https:\/\/flordecamp.com\/wp-content\/uploads\/2024\/05\/DSC_0139-nectarina-e1751272927662-500x415.png\" data-srcset=\"https:\/\/flordecamp.com\/wp-content\/uploads\/2024\/05\/DSC_0139-nectarina-e1751272927662-14x12.png 14w, https:\/\/flordecamp.com\/wp-content\/uploads\/2024\/05\/DSC_0139-nectarina-e1751272927662-200x166.png 200w, https:\/\/flordecamp.com\/wp-content\/uploads\/2024\/05\/DSC_0139-nectarina-e1751272927662-300x249.png 300w, https:\/\/flordecamp.com\/wp-content\/uploads\/2024\/05\/DSC_0139-nectarina-e1751272927662-400x332.png 400w, https:\/\/flordecamp.com\/wp-content\/uploads\/2024\/05\/DSC_0139-nectarina-e1751272927662-500x415.png 500w, https:\/\/flordecamp.com\/wp-content\/uploads\/2024\/05\/DSC_0139-nectarina-e1751272927662-600x498.png 600w, https:\/\/flordecamp.com\/wp-content\/uploads\/2024\/05\/DSC_0139-nectarina-e1751272927662-700x581.png 700w, https:\/\/flordecamp.com\/wp-content\/uploads\/2024\/05\/DSC_0139-nectarina-e1751272927662-768x638.png 768w, https:\/\/flordecamp.com\/wp-content\/uploads\/2024\/05\/DSC_0139-nectarina-e1751272927662.png 783w\" data-sizes=\"auto\" \/>\n\t\t\t\t\t\t<div class=\"cart-loading\"><i class=\"awb-icon-spinner\" aria-hidden=\"true\"><\/i><\/div>\n\t\t\t<\/div>\n<\/a>\n<div class=\"fusion-product-content\">\n\t<div class=\"product-details\">\n\t\t<div class=\"product-details-container\">\n<h3 class=\"product-title\">\n\t<a href=\"https:\/\/flordecamp.com\/es\/producte\/caixa-nectarines\/\">\n\t\tCaixa de Nectarines &#8211; 4 kg\t<\/a>\n<\/h3>\n<div class=\"fusion-price-rating\">\n\n\t<span class=\"price\"><span class=\"woocommerce-Price-amount amount\"><bdi>13,00&nbsp;<span class=\"woocommerce-Price-currencySymbol\">&euro;<\/span><\/bdi><\/span><\/span>\n\t\t<\/div>\n\t<\/div>\n<\/div>\n\n\n\t<div class=\"product-buttons\">\n\t\t<div class=\"fusion-content-sep sep-none\"><\/div>\n\t\t<div class=\"product-buttons-container clearfix\">\n\n<a href=\"https:\/\/flordecamp.com\/es\/producte\/caixa-nectarines\/\" class=\"show_details_button\" style=\"float:none;max-width:none;text-align:center;\">\n\tDetails<\/a>\n\n\n\t<\/div>\n\t<\/div>\n\n\t<\/div> <\/div>\n<\/li>\n<\/ul><\/div><\/div><\/div><\/div><\/div><div class=\"fusion-fullwidth fullwidth-box fusion-builder-row-3 fusion-flex-container has-pattern-background has-mask-background hundred-percent-fullwidth non-hundred-percent-height-scrolling\" style=\"--awb-border-radius-top-left:0px;--awb-border-radius-top-right:0px;--awb-border-radius-bottom-right:0px;--awb-border-radius-bottom-left:0px;--awb-padding-top:0%;--awb-padding-right:0px;--awb-padding-bottom:0%;--awb-padding-left:0px;--awb-flex-wrap:wrap;\" ><div class=\"fusion-builder-row fusion-row fusion-flex-align-items-flex-start fusion-flex-content-wrap\" style=\"width:104% !important;max-width:104% !important;margin-left: calc(-4% \/ 2 );margin-right: calc(-4% \/ 2 );\"><div class=\"fusion-layout-column fusion_builder_column fusion-builder-column-6 fusion_builder_column_1_1 1_1 fusion-flex-column\" style=\"--awb-padding-bottom-medium:0px;--awb-bg-size:cover;--awb-width-large:100%;--awb-margin-top-large:0px;--awb-spacing-right-large:1.92%;--awb-margin-bottom-large:25px;--awb-spacing-left-large:1.92%;--awb-width-medium:100%;--awb-order-medium:0;--awb-spacing-right-medium:1.92%;--awb-margin-bottom-medium:23px;--awb-spacing-left-medium:1.92%;--awb-width-small:100%;--awb-order-small:0;--awb-spacing-right-small:1.92%;--awb-spacing-left-small:1.92%;\"><div class=\"fusion-column-wrapper fusion-column-has-shadow fusion-flex-justify-content-flex-start fusion-content-layout-column\"><div class=\"fusion-section-separator section-separator curved fusion-section-separator-1\" style=\"--awb-spacer-height:99px;--awb-svg-margin-left:1.92%;--awb-svg-margin-right:1.92%;--awb-svg-margin-left-medium:1.92%;--awb-svg-margin-right-medium:1.92%;--awb-svg-margin-left-small:1.92%;--awb-svg-margin-right-small:1.92%;--awb-divider-height:99px;--awb-spacer-padding-top:inherit;--awb-sep-padding:0;--awb-svg-padding:0;--awb-margin-bottom:-25px;\"><div class=\"fusion-section-separator-svg\"><svg class=\"fusion-curved-candy\" xmlns=\"http:\/\/www.w3.org\/2000\/svg\" version=\"1.1\" width=\"100%\" height=\"100\" viewBox=\"0 0 100 100\" preserveAspectRatio=\"none\" fill=\"rgba(105,51,43,1)\"><path d=\"M0 100 C 20 0 50 0 100 100 Z\"><\/path><\/svg><\/div><div class=\"fusion-section-separator-spacer\"><div class=\"fusion-section-separator-spacer-height\"><\/div><\/div><\/div><\/div><\/div><\/div><\/div><div class=\"fusion-fullwidth fullwidth-box fusion-builder-row-4 fusion-flex-container nonhundred-percent-fullwidth non-hundred-percent-height-scrolling fusion-no-small-visibility fusion-no-medium-visibility\" style=\"--awb-border-radius-top-left:0px;--awb-border-radius-top-right:0px;--awb-border-radius-bottom-right:0px;--awb-border-radius-bottom-left:0px;--awb-padding-top:3%;--awb-padding-bottom:0%;--awb-padding-top-medium:40px;--awb-background-color:var(--awb-color6);--awb-flex-wrap:wrap;\" ><div class=\"fusion-builder-row fusion-row fusion-flex-align-items-flex-start fusion-flex-content-wrap\" style=\"max-width:1320.8px;margin-left: calc(-4% \/ 2 );margin-right: calc(-4% \/ 2 );\"><div class=\"fusion-layout-column fusion_builder_column fusion-builder-column-7 fusion_builder_column_1_2 1_2 fusion-flex-column fusion-animated\" style=\"--awb-padding-right:0%;--awb-padding-right-medium:0px;--awb-bg-size:cover;--awb-width-large:50%;--awb-margin-top-large:0px;--awb-spacing-right-large:0%;--awb-margin-bottom-large:5px;--awb-spacing-left-large:3.84%;--awb-width-medium:60%;--awb-spacing-right-medium:0%;--awb-margin-bottom-medium:12px;--awb-spacing-left-medium:3.2%;--awb-width-small:100%;--awb-spacing-right-small:1.92%;--awb-spacing-left-small:1.92%;\" data-animationType=\"fadeIn\" data-animationDuration=\"0.8\" data-animationOffset=\"top-into-view\"><div class=\"fusion-column-wrapper fusion-column-has-shadow fusion-flex-justify-content-flex-start fusion-content-layout-column\"><div class=\"fusion-title title fusion-title-7 fusion-sep-none fusion-title-text fusion-title-size-three\" style=\"--awb-text-color:var(--awb-color1);--awb-margin-top-small:8px;--awb-margin-right-small:0px;--awb-margin-bottom-small:16px;--awb-margin-left-small:0px;--awb-font-size:44px;\"><h3 class=\"fusion-title-heading title-heading-left fusion-responsive-typography-calculated\" style=\"margin:0;text-transform:uppercase;font-size:1em;--fontSize:44;line-height:1.32;\"><p style=\"text-align: left;\">\u201cFlor de camp\u201d fruita dol\u00e7a de les Terres de l\u2019Ebre<\/p><\/h3><\/div><div class=\"fusion-text fusion-text-3\" style=\"--awb-text-color:var(--awb-color1);\"><p>En la nostra finca de Benissanet, en les f\u00e8rtils terres a la riba del riu Ebre, conreem paraguaians, nectarines, pr\u00e9ssecs i albercocs, quan acaba la temporada de fruita, els nostres populars cal\u00e7ots.<\/p>\n<p>Cuidem la nostra terra com l&#8217;\u00e9sser viu que \u00e9s. Practiquem agricultura integrada, usem adobs naturals, practiquem la lluita biol\u00f2gica contra les plagues \u00a0i deixem coberta vegetal que, a m\u00e9s de protegir de l&#8217;erosi\u00f3 i d&#8217;enriquir el s\u00f2l, ajuda a capturar carboni de l&#8217;atmosfera contribuint a la lluita contra el canvi clim\u00e0tic.<\/p>\n<\/div><\/div><\/div><div class=\"fusion-layout-column fusion_builder_column fusion-builder-column-8 fusion_builder_column_1_2 1_2 fusion-flex-column fusion-animated\" style=\"--awb-bg-size:cover;--awb-width-large:50%;--awb-margin-top-large:0px;--awb-spacing-right-large:3.84%;--awb-margin-bottom-large:-20px;--awb-spacing-left-large:3.84%;--awb-width-medium:100%;--awb-spacing-right-medium:1.92%;--awb-margin-bottom-medium:0px;--awb-spacing-left-medium:1.92%;--awb-width-small:100%;--awb-spacing-right-small:1.92%;--awb-spacing-left-small:1.92%;\" data-animationType=\"fadeIn\" data-animationDuration=\"0.8\" data-animationOffset=\"top-into-view\"><div class=\"fusion-column-wrapper fusion-column-has-shadow fusion-flex-justify-content-flex-start fusion-content-layout-column\"><div class=\"fusion-image-element \" style=\"--awb-max-width:400px;--awb-caption-title-font-family:var(--h2_typography-font-family);--awb-caption-title-font-weight:var(--h2_typography-font-weight);--awb-caption-title-font-style:var(--h2_typography-font-style);--awb-caption-title-size:var(--h2_typography-font-size);--awb-caption-title-transform:var(--h2_typography-text-transform);--awb-caption-title-line-height:var(--h2_typography-line-height);--awb-caption-title-letter-spacing:var(--h2_typography-letter-spacing);\"><span class=\" fusion-imageframe imageframe-none imageframe-3 hover-type-zoomout\" style=\"border-radius:30px;\"><img decoding=\"async\" width=\"800\" height=\"1200\" alt=\"Fotografia del proc\u00e9s de neteja i tria de la nectarina per finalment encaixar-ho i portar-ho a venta.\" title=\"Proc\u00e9s d&#8217;encaixat de la fruita\" src=\"https:\/\/flordecamp.com\/wp-content\/uploads\/2024\/04\/IMG_9525.jpg\" data-orig-src=\"https:\/\/flordecamp.com\/wp-content\/uploads\/2024\/04\/IMG_9525.jpg\" class=\"lazyload img-responsive wp-image-3304\" srcset=\"data:image\/svg+xml,%3Csvg%20xmlns%3D%27http%3A%2F%2Fwww.w3.org%2F2000%2Fsvg%27%20width%3D%27800%27%20height%3D%271200%27%20viewBox%3D%270%200%20800%201200%27%3E%3Crect%20width%3D%27800%27%20height%3D%271200%27%20fill-opacity%3D%220%22%2F%3E%3C%2Fsvg%3E\" data-srcset=\"https:\/\/flordecamp.com\/wp-content\/uploads\/2024\/04\/IMG_9525-200x300.jpg 200w, https:\/\/flordecamp.com\/wp-content\/uploads\/2024\/04\/IMG_9525-400x600.jpg 400w, https:\/\/flordecamp.com\/wp-content\/uploads\/2024\/04\/IMG_9525-600x900.jpg 600w, https:\/\/flordecamp.com\/wp-content\/uploads\/2024\/04\/IMG_9525.jpg 800w\" data-sizes=\"auto\" data-orig-sizes=\"(max-width: 1024px) 100vw, (max-width: 640px) 100vw, 600px\" \/><\/span><\/div><\/div><\/div><\/div><\/div><div class=\"fusion-fullwidth fullwidth-box fusion-builder-row-5 fusion-flex-container nonhundred-percent-fullwidth non-hundred-percent-height-scrolling fusion-no-large-visibility\" style=\"--awb-border-radius-top-left:0px;--awb-border-radius-top-right:0px;--awb-border-radius-bottom-right:0px;--awb-border-radius-bottom-left:0px;--awb-padding-top:3%;--awb-padding-bottom:0%;--awb-padding-top-medium:40px;--awb-background-color:var(--awb-color6);--awb-flex-wrap:wrap;\" ><div class=\"fusion-builder-row fusion-row fusion-flex-align-items-flex-start fusion-flex-content-wrap\" style=\"max-width:1320.8px;margin-left: calc(-4% \/ 2 );margin-right: calc(-4% \/ 2 );\"><div class=\"fusion-layout-column fusion_builder_column fusion-builder-column-9 fusion_builder_column_1_2 1_2 fusion-flex-column fusion-animated\" style=\"--awb-padding-right:0%;--awb-padding-right-medium:0px;--awb-bg-size:cover;--awb-width-large:50%;--awb-margin-top-large:0px;--awb-spacing-right-large:0%;--awb-margin-bottom-large:5px;--awb-spacing-left-large:3.84%;--awb-width-medium:100%;--awb-spacing-right-medium:0%;--awb-margin-bottom-medium:12px;--awb-spacing-left-medium:1.92%;--awb-width-small:100%;--awb-spacing-right-small:1.92%;--awb-spacing-left-small:1.92%;\" data-animationType=\"fadeIn\" data-animationDuration=\"0.8\" data-animationOffset=\"top-into-view\"><div class=\"fusion-column-wrapper fusion-column-has-shadow fusion-flex-justify-content-flex-start fusion-content-layout-column\"><div class=\"fusion-title title fusion-title-8 fusion-sep-none fusion-title-text fusion-title-size-two\" style=\"--awb-text-color:var(--awb-color1);--awb-margin-top-small:8px;--awb-margin-right-small:0px;--awb-margin-bottom-small:16px;--awb-margin-left-small:0px;\"><h2 class=\"fusion-title-heading title-heading-left md-text-align-center sm-text-align-center fusion-responsive-typography-calculated\" style=\"margin:0;text-transform:uppercase;--fontSize:44;line-height:1.26;\"><p style=\"text-align: center;\">\u201cFlor de camp\u201d fruita dol\u00e7a de les Terres de l\u2019Ebre<\/p><\/h2><\/div><\/div><\/div><div class=\"fusion-layout-column fusion_builder_column fusion-builder-column-10 fusion_builder_column_1_2 1_2 fusion-flex-column fusion-animated\" style=\"--awb-bg-size:cover;--awb-width-large:50%;--awb-margin-top-large:0px;--awb-spacing-right-large:3.84%;--awb-margin-bottom-large:-20px;--awb-spacing-left-large:3.84%;--awb-width-medium:50%;--awb-spacing-right-medium:3.84%;--awb-margin-bottom-medium:-20px;--awb-spacing-left-medium:3.84%;--awb-width-small:100%;--awb-spacing-right-small:1.92%;--awb-margin-bottom-small:12px;--awb-spacing-left-small:1.92%;\" data-animationType=\"fadeIn\" data-animationDuration=\"0.8\" data-animationOffset=\"top-into-view\"><div class=\"fusion-column-wrapper fusion-column-has-shadow fusion-flex-justify-content-flex-start fusion-content-layout-column\"><div class=\"fusion-image-element sm-text-align-center\" style=\"--awb-max-width:400px;--awb-caption-title-font-family:var(--h2_typography-font-family);--awb-caption-title-font-weight:var(--h2_typography-font-weight);--awb-caption-title-font-style:var(--h2_typography-font-style);--awb-caption-title-size:var(--h2_typography-font-size);--awb-caption-title-transform:var(--h2_typography-text-transform);--awb-caption-title-line-height:var(--h2_typography-line-height);--awb-caption-title-letter-spacing:var(--h2_typography-letter-spacing);\"><span class=\" fusion-imageframe imageframe-none imageframe-4 hover-type-zoomout\" style=\"border-radius:30px;\"><img decoding=\"async\" width=\"800\" height=\"1200\" alt=\"Fotografia del proc\u00e9s de neteja i tria de la nectarina per finalment encaixar-ho i portar-ho a venta.\" title=\"Proc\u00e9s d&#8217;encaixat de la fruita\" src=\"https:\/\/flordecamp.com\/wp-content\/uploads\/2024\/04\/IMG_9525.jpg\" data-orig-src=\"https:\/\/flordecamp.com\/wp-content\/uploads\/2024\/04\/IMG_9525.jpg\" class=\"lazyload img-responsive wp-image-3304\" srcset=\"data:image\/svg+xml,%3Csvg%20xmlns%3D%27http%3A%2F%2Fwww.w3.org%2F2000%2Fsvg%27%20width%3D%27800%27%20height%3D%271200%27%20viewBox%3D%270%200%20800%201200%27%3E%3Crect%20width%3D%27800%27%20height%3D%271200%27%20fill-opacity%3D%220%22%2F%3E%3C%2Fsvg%3E\" data-srcset=\"https:\/\/flordecamp.com\/wp-content\/uploads\/2024\/04\/IMG_9525-200x300.jpg 200w, https:\/\/flordecamp.com\/wp-content\/uploads\/2024\/04\/IMG_9525-400x600.jpg 400w, https:\/\/flordecamp.com\/wp-content\/uploads\/2024\/04\/IMG_9525-600x900.jpg 600w, https:\/\/flordecamp.com\/wp-content\/uploads\/2024\/04\/IMG_9525.jpg 800w\" data-sizes=\"auto\" data-orig-sizes=\"(max-width: 1024px) 100vw, (max-width: 640px) 100vw, 600px\" \/><\/span><\/div><\/div><\/div><div class=\"fusion-layout-column fusion_builder_column fusion-builder-column-11 fusion_builder_column_1_2 1_2 fusion-flex-column\" style=\"--awb-bg-size:cover;--awb-width-large:50%;--awb-margin-top-large:25px;--awb-spacing-right-large:3.84%;--awb-margin-bottom-large:25px;--awb-spacing-left-large:3.84%;--awb-width-medium:50%;--awb-order-medium:0;--awb-spacing-right-medium:3.84%;--awb-spacing-left-medium:3.84%;--awb-width-small:100%;--awb-order-small:0;--awb-margin-top-small:15px;--awb-spacing-right-small:1.92%;--awb-spacing-left-small:1.92%;\"><div class=\"fusion-column-wrapper fusion-column-has-shadow fusion-flex-justify-content-flex-start fusion-content-layout-column\"><div class=\"fusion-text fusion-text-4\" style=\"--awb-text-color:var(--awb-color1);\"><p>En la nostra finca de Benissanet, en les f\u00e8rtils terres a la riba del riu Ebre, conreem paraguaians, nectarines, pr\u00e9ssecs i albercocs, quan acaba la temporada de fruita, els nostres populars cal\u00e7ots.<\/p>\n<p>Cuidem la nostra terra com l&#8217;\u00e9sser viu que \u00e9s. Practiquem agricultura integrada, usem adobs naturals, practiquem la lluita biol\u00f2gica contra les plagues \u00a0i deixem coberta vegetal que, a m\u00e9s de protegir de l&#8217;erosi\u00f3 i d&#8217;enriquir el s\u00f2l, ajuda a capturar carboni de l&#8217;atmosfera contribuint a la lluita contra el canvi clim\u00e0tic.<\/p>\n<\/div><\/div><\/div><\/div><\/div><div class=\"fusion-fullwidth fullwidth-box fusion-builder-row-6 fusion-flex-container nonhundred-percent-fullwidth non-hundred-percent-height-scrolling fusion-no-small-visibility fusion-no-medium-visibility\" style=\"--awb-border-radius-top-left:0px;--awb-border-radius-top-right:0px;--awb-border-radius-bottom-right:0px;--awb-border-radius-bottom-left:0px;--awb-padding-top:3%;--awb-padding-bottom:3%;--awb-padding-top-medium:40px;--awb-background-color:var(--awb-color5);--awb-flex-wrap:wrap;\" ><div class=\"fusion-builder-row fusion-row fusion-flex-align-items-flex-start fusion-flex-content-wrap\" style=\"max-width:1320.8px;margin-left: calc(-4% \/ 2 );margin-right: calc(-4% \/ 2 );\"><div class=\"fusion-layout-column fusion_builder_column fusion-builder-column-12 fusion_builder_column_1_2 1_2 fusion-flex-column fusion-animated\" style=\"--awb-bg-size:cover;--awb-width-large:50%;--awb-margin-top-large:-110px;--awb-spacing-right-large:3.072%;--awb-margin-bottom-large:0px;--awb-spacing-left-large:3.072%;--awb-width-medium:100%;--awb-spacing-right-medium:1.536%;--awb-spacing-left-medium:1.536%;--awb-width-small:100%;--awb-spacing-right-small:1.92%;--awb-spacing-left-small:1.92%;\" data-animationType=\"fadeIn\" data-animationDuration=\"0.8\" data-animationOffset=\"top-into-view\"><div class=\"fusion-column-wrapper fusion-column-has-shadow fusion-flex-justify-content-flex-start fusion-content-layout-column\"><div class=\"fusion-image-element \" style=\"text-align:right;--awb-margin-bottom:20px;--awb-max-width:400px;--awb-caption-title-font-family:var(--h2_typography-font-family);--awb-caption-title-font-weight:var(--h2_typography-font-weight);--awb-caption-title-font-style:var(--h2_typography-font-style);--awb-caption-title-size:var(--h2_typography-font-size);--awb-caption-title-transform:var(--h2_typography-text-transform);--awb-caption-title-line-height:var(--h2_typography-line-height);--awb-caption-title-letter-spacing:var(--h2_typography-letter-spacing);\"><span class=\" fusion-imageframe imageframe-none imageframe-5 hover-type-zoomout\" style=\"border-radius:30px;\"><img decoding=\"async\" width=\"897\" height=\"1200\" alt=\"Fotografia detall dels cal\u00e7ots amb l&#039;etiqueta de la marca Flor de Camp, on de fons es veu un foc a la part del darrere.\" title=\"Cal\u00e7ots Flor de Camp, Ribera d&#8217;Ebre\" src=\"https:\/\/flordecamp.com\/wp-content\/uploads\/2024\/04\/8872c1fa-751d-4901-94bf-ec16cee80c5sd.jpg\" data-orig-src=\"https:\/\/flordecamp.com\/wp-content\/uploads\/2024\/04\/8872c1fa-751d-4901-94bf-ec16cee80c5sd.jpg\" class=\"lazyload img-responsive wp-image-3308\" srcset=\"data:image\/svg+xml,%3Csvg%20xmlns%3D%27http%3A%2F%2Fwww.w3.org%2F2000%2Fsvg%27%20width%3D%27897%27%20height%3D%271200%27%20viewBox%3D%270%200%20897%201200%27%3E%3Crect%20width%3D%27897%27%20height%3D%271200%27%20fill-opacity%3D%220%22%2F%3E%3C%2Fsvg%3E\" data-srcset=\"https:\/\/flordecamp.com\/wp-content\/uploads\/2024\/04\/8872c1fa-751d-4901-94bf-ec16cee80c5sd-200x268.jpg 200w, https:\/\/flordecamp.com\/wp-content\/uploads\/2024\/04\/8872c1fa-751d-4901-94bf-ec16cee80c5sd-400x535.jpg 400w, https:\/\/flordecamp.com\/wp-content\/uploads\/2024\/04\/8872c1fa-751d-4901-94bf-ec16cee80c5sd-600x803.jpg 600w, https:\/\/flordecamp.com\/wp-content\/uploads\/2024\/04\/8872c1fa-751d-4901-94bf-ec16cee80c5sd-800x1070.jpg 800w, https:\/\/flordecamp.com\/wp-content\/uploads\/2024\/04\/8872c1fa-751d-4901-94bf-ec16cee80c5sd.jpg 897w\" data-sizes=\"auto\" data-orig-sizes=\"(max-width: 1024px) 100vw, (max-width: 640px) 100vw, 600px\" \/><\/span><\/div><\/div><\/div><div class=\"fusion-layout-column fusion_builder_column fusion-builder-column-13 fusion_builder_column_1_2 1_2 fusion-flex-column fusion-animated\" style=\"--awb-bg-size:cover;--awb-width-large:50%;--awb-margin-top-large:42px;--awb-spacing-right-large:3.84%;--awb-margin-bottom-large:0px;--awb-spacing-left-large:3.84%;--awb-width-medium:100%;--awb-spacing-right-medium:1.92%;--awb-spacing-left-medium:1.92%;--awb-width-small:100%;--awb-spacing-right-small:1.92%;--awb-spacing-left-small:1.92%;\" data-animationType=\"fadeIn\" data-animationDuration=\"0.8\" data-animationOffset=\"top-into-view\"><div class=\"fusion-column-wrapper fusion-column-has-shadow fusion-flex-justify-content-flex-start fusion-content-layout-column\"><div class=\"fusion-text fusion-text-5\" style=\"--awb-text-color:var(--awb-color1);\"><p>Els nostres fruits es recullen en el seu just punt de maduraci\u00f3, perqu\u00e8 puguin ser consumits en pocs dies amb el millor sabor i el major valor nutritiu. Les especials condicions climatol\u00f2giques i de qualitat de la terra, en la seva major part sediments del riu, donen als fruits de la Ribera d\u2019Ebre una qualitat excepcional.<\/p>\n<p>Distribu\u00efm la nostra fruita a qualsevol lloc d&#8217;Espanya amb promptitud i total garantia de conservaci\u00f3. Sense intermediaris, al millor preu, directament de la nostra finca a la llar del consumidor.<\/p>\n<\/div><\/div><\/div><\/div><\/div><div class=\"fusion-fullwidth fullwidth-box fusion-builder-row-7 fusion-flex-container nonhundred-percent-fullwidth non-hundred-percent-height-scrolling fusion-no-large-visibility\" style=\"--awb-border-radius-top-left:0px;--awb-border-radius-top-right:0px;--awb-border-radius-bottom-right:0px;--awb-border-radius-bottom-left:0px;--awb-padding-top:3%;--awb-padding-bottom:3%;--awb-padding-top-medium:40px;--awb-background-color:var(--awb-color5);--awb-flex-wrap:wrap;\" ><div class=\"fusion-builder-row fusion-row fusion-flex-align-items-flex-start fusion-flex-content-wrap\" style=\"max-width:1320.8px;margin-left: calc(-4% \/ 2 );margin-right: calc(-4% \/ 2 );\"><div class=\"fusion-layout-column fusion_builder_column fusion-builder-column-14 fusion_builder_column_1_2 1_2 fusion-flex-column fusion-animated\" style=\"--awb-bg-size:cover;--awb-width-large:50%;--awb-margin-top-large:-110px;--awb-spacing-right-large:3.072%;--awb-margin-bottom-large:0px;--awb-spacing-left-large:3.072%;--awb-width-medium:50%;--awb-order-medium:1;--awb-margin-top-medium:-120px;--awb-spacing-right-medium:3.072%;--awb-spacing-left-medium:3.072%;--awb-width-small:100%;--awb-order-small:1;--awb-margin-top-small:0px;--awb-spacing-right-small:1.92%;--awb-spacing-left-small:1.92%;\" data-animationType=\"fadeIn\" data-animationDuration=\"0.8\" data-animationOffset=\"top-into-view\"><div class=\"fusion-column-wrapper fusion-column-has-shadow fusion-flex-justify-content-flex-start fusion-content-layout-column\"><div class=\"fusion-image-element sm-text-align-center\" style=\"text-align:right;--awb-margin-bottom:20px;--awb-max-width:400px;--awb-caption-title-font-family:var(--h2_typography-font-family);--awb-caption-title-font-weight:var(--h2_typography-font-weight);--awb-caption-title-font-style:var(--h2_typography-font-style);--awb-caption-title-size:var(--h2_typography-font-size);--awb-caption-title-transform:var(--h2_typography-text-transform);--awb-caption-title-line-height:var(--h2_typography-line-height);--awb-caption-title-letter-spacing:var(--h2_typography-letter-spacing);\"><span class=\" fusion-imageframe imageframe-none imageframe-6 hover-type-zoomout\" style=\"border-radius:30px;\"><img decoding=\"async\" width=\"897\" height=\"1200\" alt=\"Fotografia detall dels cal\u00e7ots amb l&#039;etiqueta de la marca Flor de Camp, on de fons es veu un foc a la part del darrere.\" title=\"Cal\u00e7ots Flor de Camp, Ribera d&#8217;Ebre\" src=\"https:\/\/flordecamp.com\/wp-content\/uploads\/2024\/04\/8872c1fa-751d-4901-94bf-ec16cee80c5sd.jpg\" data-orig-src=\"https:\/\/flordecamp.com\/wp-content\/uploads\/2024\/04\/8872c1fa-751d-4901-94bf-ec16cee80c5sd.jpg\" class=\"lazyload img-responsive wp-image-3308\" srcset=\"data:image\/svg+xml,%3Csvg%20xmlns%3D%27http%3A%2F%2Fwww.w3.org%2F2000%2Fsvg%27%20width%3D%27897%27%20height%3D%271200%27%20viewBox%3D%270%200%20897%201200%27%3E%3Crect%20width%3D%27897%27%20height%3D%271200%27%20fill-opacity%3D%220%22%2F%3E%3C%2Fsvg%3E\" data-srcset=\"https:\/\/flordecamp.com\/wp-content\/uploads\/2024\/04\/8872c1fa-751d-4901-94bf-ec16cee80c5sd-200x268.jpg 200w, https:\/\/flordecamp.com\/wp-content\/uploads\/2024\/04\/8872c1fa-751d-4901-94bf-ec16cee80c5sd-400x535.jpg 400w, https:\/\/flordecamp.com\/wp-content\/uploads\/2024\/04\/8872c1fa-751d-4901-94bf-ec16cee80c5sd-600x803.jpg 600w, https:\/\/flordecamp.com\/wp-content\/uploads\/2024\/04\/8872c1fa-751d-4901-94bf-ec16cee80c5sd-800x1070.jpg 800w, https:\/\/flordecamp.com\/wp-content\/uploads\/2024\/04\/8872c1fa-751d-4901-94bf-ec16cee80c5sd.jpg 897w\" data-sizes=\"auto\" data-orig-sizes=\"(max-width: 1024px) 100vw, (max-width: 640px) 100vw, 600px\" \/><\/span><\/div><\/div><\/div><div class=\"fusion-layout-column fusion_builder_column fusion-builder-column-15 fusion_builder_column_1_2 1_2 fusion-flex-column fusion-animated\" style=\"--awb-bg-size:cover;--awb-width-large:50%;--awb-margin-top-large:42px;--awb-spacing-right-large:3.84%;--awb-margin-bottom-large:0px;--awb-spacing-left-large:3.84%;--awb-width-medium:50%;--awb-order-medium:0;--awb-spacing-right-medium:3.84%;--awb-spacing-left-medium:3.84%;--awb-width-small:100%;--awb-order-small:0;--awb-margin-top-small:0px;--awb-spacing-right-small:1.92%;--awb-spacing-left-small:1.92%;\" data-animationType=\"fadeIn\" data-animationDuration=\"0.8\" data-animationOffset=\"top-into-view\"><div class=\"fusion-column-wrapper fusion-column-has-shadow fusion-flex-justify-content-flex-start fusion-content-layout-column\"><div class=\"fusion-text fusion-text-6\" style=\"--awb-text-color:var(--awb-color1);\"><p>Els nostres fruits es recullen en el seu just punt de maduraci\u00f3, perqu\u00e8 puguin ser consumits en pocs dies amb el millor sabor i el major valor nutritiu. Les especials condicions climatol\u00f2giques i de qualitat de la terra, en la seva major part sediments del riu, donen als fruits de la Ribera d\u2019Ebre una qualitat excepcional.<\/p>\n<p>Distribu\u00efm la nostra fruita a qualsevol lloc d&#8217;Espanya amb promptitud i total garantia de conservaci\u00f3. Sense intermediaris, al millor preu, directament de la nostra finca a la llar del consumidor.<\/p>\n<\/div><\/div><\/div><\/div><\/div><div class=\"fusion-fullwidth fullwidth-box fusion-builder-row-8 fusion-flex-container has-pattern-background has-mask-background hundred-percent-fullwidth non-hundred-percent-height-scrolling\" style=\"--awb-border-radius-top-left:0px;--awb-border-radius-top-right:0px;--awb-border-radius-bottom-right:0px;--awb-border-radius-bottom-left:0px;--awb-padding-top:0%;--awb-padding-right:0px;--awb-padding-bottom:0%;--awb-padding-left:0px;--awb-flex-wrap:wrap;\" ><div class=\"fusion-builder-row fusion-row fusion-flex-align-items-flex-start fusion-flex-content-wrap\" style=\"width:104% !important;max-width:104% !important;margin-left: calc(-4% \/ 2 );margin-right: calc(-4% \/ 2 );\"><div class=\"fusion-layout-column fusion_builder_column fusion-builder-column-16 fusion_builder_column_1_1 1_1 fusion-flex-column\" style=\"--awb-bg-size:cover;--awb-width-large:100%;--awb-margin-top-large:14px;--awb-spacing-right-large:1.92%;--awb-margin-bottom-large:25px;--awb-spacing-left-large:1.92%;--awb-width-medium:100%;--awb-order-medium:0;--awb-spacing-right-medium:1.92%;--awb-margin-bottom-medium:9px;--awb-spacing-left-medium:1.92%;--awb-width-small:100%;--awb-order-small:0;--awb-spacing-right-small:1.92%;--awb-spacing-left-small:1.92%;\"><div class=\"fusion-column-wrapper fusion-column-has-shadow fusion-flex-justify-content-flex-start fusion-content-layout-column\"><div class=\"fusion-section-separator section-separator curved fusion-section-separator-2\" style=\"--awb-spacer-height:99px;--awb-svg-margin-left:1.92%;--awb-svg-margin-right:1.92%;--awb-svg-margin-left-medium:1.92%;--awb-svg-margin-right-medium:1.92%;--awb-svg-margin-left-small:1.92%;--awb-svg-margin-right-small:1.92%;--awb-divider-height:99px;--awb-spacer-padding-top:inherit;--awb-sep-padding:0;--awb-svg-padding:0;--awb-margin-top:-16px;\"><div class=\"fusion-section-separator-svg\"><svg class=\"fusion-curved-candy\" xmlns=\"http:\/\/www.w3.org\/2000\/svg\" version=\"1.1\" width=\"100%\" height=\"100\" viewBox=\"0 0 100 100\" preserveAspectRatio=\"none\" fill=\"rgba(179,171,74,1)\"><path d=\"M0 0 C 50 100 80 100 100 0 Z\"><\/path><\/svg><\/div><div class=\"fusion-section-separator-spacer\"><div class=\"fusion-section-separator-spacer-height\"><\/div><\/div><\/div><\/div><\/div><\/div><\/div><div class=\"fusion-fullwidth fullwidth-box fusion-builder-row-9 fusion-flex-container nonhundred-percent-fullwidth non-hundred-percent-height-scrolling\" style=\"--awb-border-radius-top-left:0px;--awb-border-radius-top-right:0px;--awb-border-radius-bottom-right:0px;--awb-border-radius-bottom-left:0px;--awb-padding-top:1%;--awb-padding-bottom:3%;--awb-padding-top-medium:40px;--awb-padding-top-small:21px;--awb-padding-bottom-small:31.3833px;--awb-flex-wrap:wrap;\" ><div class=\"fusion-builder-row fusion-row fusion-flex-align-items-flex-start fusion-flex-content-wrap\" style=\"max-width:1320.8px;margin-left: calc(-4% \/ 2 );margin-right: calc(-4% \/ 2 );\"><div class=\"fusion-layout-column fusion_builder_column fusion-builder-column-17 fusion_builder_column_1_1 1_1 fusion-flex-column\" style=\"--awb-bg-size:cover;--awb-width-large:100%;--awb-margin-top-large:0px;--awb-spacing-right-large:1.92%;--awb-margin-bottom-large:16px;--awb-spacing-left-large:1.92%;--awb-width-medium:100%;--awb-order-medium:0;--awb-spacing-right-medium:1.92%;--awb-spacing-left-medium:1.92%;--awb-width-small:100%;--awb-order-small:0;--awb-spacing-right-small:1.92%;--awb-spacing-left-small:1.92%;\"><div class=\"fusion-column-wrapper fusion-column-has-shadow fusion-flex-justify-content-flex-start fusion-content-layout-column\"><div class=\"fusion-title title fusion-title-9 fusion-sep-none fusion-title-center fusion-title-text fusion-title-size-one\" style=\"--awb-text-color:var(--awb-color6);--awb-margin-bottom:10px;--awb-margin-top-small:8px;--awb-margin-right-small:0px;--awb-margin-bottom-small:10px;--awb-margin-left-small:0px;--awb-font-size:16px;\"><h1 class=\"fusion-title-heading title-heading-center fusion-responsive-typography-calculated\" style=\"font-family:var(--awb-typography2-font-family);font-weight:var(--awb-typography2-font-weight);font-style:var(--awb-typography2-font-style);margin:0;letter-spacing:var(--awb-typography2-letter-spacing);text-transform:var(--awb-typography2-text-transform);font-size:1em;--fontSize:16;--minFontSize:16;line-height:var(--awb-typography2-line-height);\"><p style=\"text-align: center;\">Productes segons temporada<\/p><\/h1><\/div><div class=\"fusion-title title fusion-title-10 fusion-sep-none fusion-title-center fusion-title-text fusion-title-size-three\" style=\"--awb-text-color:var(--awb-color6);--awb-margin-top-small:8px;--awb-margin-right-small:0px;--awb-margin-bottom-small:16px;--awb-margin-left-small:0px;--awb-font-size:44px;\"><h3 class=\"fusion-title-heading title-heading-center fusion-responsive-typography-calculated\" style=\"margin:0;text-transform:uppercase;font-size:1em;--fontSize:44;line-height:1.32;\"><p style=\"text-align: center;\">Els nostres productes<\/p><\/h3><\/div><\/div><\/div><div class=\"fusion-layout-column fusion_builder_column fusion-builder-column-18 fusion_builder_column_1_2 1_2 fusion-flex-column\" style=\"--awb-overflow:hidden;--awb-bg-color:var(--awb-color6);--awb-bg-color-hover:var(--awb-color6);--awb-bg-image:linear-gradient(180deg, hsla(var(--awb-color7-h),var(--awb-color7-s),var(--awb-color7-l),calc( var(--awb-color7-a) - 72% )) 0%,hsla(var(--awb-color7-h),var(--awb-color7-s),var(--awb-color7-l),calc( var(--awb-color7-a) - 88% )) 100%);;--awb-bg-position:center center;--awb-bg-size:cover;--awb-border-color:var(--awb-color5);--awb-border-color-hover:var(--awb-color5);--awb-border-top:2px;--awb-border-right:2px;--awb-border-bottom:2px;--awb-border-left:2px;--awb-border-style:solid;--awb-border-radius:30px 30px 30px 30px;--awb-filter:saturate(100%) brightness(100%) contrast(100%);--awb-filter-transition:filter 0.3s ease;--awb-filter-hover:saturate(130%) brightness(170%) contrast(120%);--awb-width-large:50%;--awb-margin-top-large:0px;--awb-spacing-right-large:15px;--awb-margin-bottom-large:0px;--awb-spacing-left-large:13.44%;--awb-width-medium:50%;--awb-spacing-right-medium:15px;--awb-spacing-left-medium:13.44%;--awb-width-small:100%;--awb-spacing-right-small:1.92%;--awb-spacing-left-small:1.92%;\"><div class=\"fusion-column-wrapper lazyload fusion-column-has-shadow fusion-flex-justify-content-flex-start fusion-content-layout-column fusion-column-has-bg-image\" data-bg-url=\"https:\/\/flordecamp.com\/wp-content\/uploads\/2024\/04\/DSC_0849.jpg\" data-bg=\"https:\/\/flordecamp.com\/wp-content\/uploads\/2024\/04\/DSC_0849.jpg\" data-bg-gradient=\"linear-gradient(180deg, hsla(var(--awb-color7-h),var(--awb-color7-s),var(--awb-color7-l),calc( var(--awb-color7-a) - 72% )) 0%,hsla(var(--awb-color7-h),var(--awb-color7-s),var(--awb-color7-l),calc( var(--awb-color7-a) - 88% )) 100%)\"><div class=\"fusion-builder-row fusion-builder-row-inner fusion-row fusion-flex-align-items-flex-start fusion-flex-content-wrap\" style=\"--awb-flex-grow:0;--awb-flex-grow-medium:0;--awb-flex-grow-small:0;--awb-flex-shrink:0;--awb-flex-shrink-medium:0;--awb-flex-shrink-small:0;width:104% !important;max-width:104% !important;margin-left: calc(-4% \/ 2 );margin-right: calc(-4% \/ 2 );\"><div class=\"fusion-layout-column fusion_builder_column_inner fusion-builder-nested-column-0 fusion_builder_column_inner_1_1 1_1 fusion-flex-column\" style=\"--awb-padding-top:88px;--awb-padding-bottom:88px;--awb-bg-color:var(--awb-color2);--awb-bg-color-hover:var(--awb-color2);--awb-bg-size:cover;--awb-filter:brightness(100%) invert(0%) opacity(100%);--awb-filter-transition:filter 0.3s ease;--awb-filter-hover:brightness(90%) invert(100%) opacity(65%);--awb-width-large:100%;--awb-margin-top-large:0px;--awb-spacing-right-large:1.92%;--awb-margin-bottom-large:0px;--awb-spacing-left-large:1.92%;--awb-width-medium:100%;--awb-spacing-right-medium:1.92%;--awb-spacing-left-medium:1.92%;--awb-width-small:100%;--awb-spacing-right-small:1.92%;--awb-spacing-left-small:1.92%;\"><div class=\"fusion-column-wrapper fusion-column-has-shadow fusion-flex-justify-content-flex-start fusion-content-layout-column\"><div class=\"fusion-separator fusion-full-width-sep\" style=\"align-self: center;margin-left: auto;margin-right: auto;margin-top:30px;width:100%;\"><\/div><i class=\"fb-icon-element-1 fb-icon-element fontawesome-icon fa-sun fas circle-no icon-hover-animation-slide\" style=\"--awb-iconcolor:var(--awb-color7);--awb-iconcolor-hover:var(--awb-color7);--awb-font-size:45px;--awb-margin-top:0;--awb-margin-right:0;--awb-margin-bottom:0;--awb-margin-left:0;--awb-align-self:center;\"><\/i><div class=\"fusion-title title fusion-title-11 fusion-sep-none fusion-title-center fusion-title-text fusion-title-size-three\" style=\"--awb-margin-top:10px;--awb-margin-bottom:0px;--awb-margin-top-small:8px;--awb-margin-right-small:0px;--awb-margin-bottom-small:0px;--awb-margin-left-small:0px;\"><h3 class=\"fusion-title-heading title-heading-center fusion-responsive-typography-calculated\" style=\"margin:0;text-transform:uppercase;--fontSize:28;line-height:1.32;\"><p style=\"text-align: center;\">Temporada d&#8217;estiu<\/p><\/h3><\/div><div class=\"fusion-text fusion-text-7\" style=\"--awb-content-alignment:center;\"><p style=\"text-align: center;\">Auberge, albercocs, paraguaians, nectarines&#8230;<\/p>\n<\/div><\/div><\/div><\/div><\/div><\/div><div class=\"fusion-layout-column fusion_builder_column fusion-builder-column-19 fusion_builder_column_1_2 1_2 fusion-flex-column\" style=\"--awb-overflow:hidden;--awb-bg-color:var(--awb-color6);--awb-bg-color-hover:var(--awb-color6);--awb-bg-image:linear-gradient(180deg, hsla(var(--awb-color7-h),var(--awb-color7-s),var(--awb-color7-l),calc( var(--awb-color7-a) - 72% )) 0%,hsla(var(--awb-color7-h),var(--awb-color7-s),var(--awb-color7-l),calc( var(--awb-color7-a) - 88% )) 100%);;--awb-bg-position:center center;--awb-bg-size:cover;--awb-border-color:var(--awb-color5);--awb-border-color-hover:var(--awb-color5);--awb-border-top:2px;--awb-border-right:2px;--awb-border-bottom:2px;--awb-border-left:2px;--awb-border-style:solid;--awb-border-radius:30px 30px 30px 30px;--awb-filter:saturate(100%) brightness(100%) contrast(100%);--awb-filter-transition:filter 0.3s ease;--awb-filter-hover:saturate(130%) brightness(170%) contrast(120%);--awb-width-large:50%;--awb-margin-top-large:0px;--awb-spacing-right-large:13.44%;--awb-margin-bottom-large:0px;--awb-spacing-left-large:3.84%;--awb-width-medium:50%;--awb-spacing-right-medium:13.44%;--awb-spacing-left-medium:3.84%;--awb-width-small:100%;--awb-spacing-right-small:1.92%;--awb-spacing-left-small:1.92%;\"><div class=\"fusion-column-wrapper lazyload fusion-column-has-shadow fusion-flex-justify-content-flex-start fusion-content-layout-column fusion-column-has-bg-image\" data-bg-url=\"https:\/\/flordecamp.com\/wp-content\/uploads\/2024\/04\/DSC_0088.jpg\" data-bg=\"https:\/\/flordecamp.com\/wp-content\/uploads\/2024\/04\/DSC_0088.jpg\" data-bg-gradient=\"linear-gradient(180deg, hsla(var(--awb-color7-h),var(--awb-color7-s),var(--awb-color7-l),calc( var(--awb-color7-a) - 72% )) 0%,hsla(var(--awb-color7-h),var(--awb-color7-s),var(--awb-color7-l),calc( var(--awb-color7-a) - 88% )) 100%)\"><div class=\"fusion-builder-row fusion-builder-row-inner fusion-row fusion-flex-align-items-flex-start fusion-flex-content-wrap\" style=\"--awb-flex-grow:0;--awb-flex-grow-medium:0;--awb-flex-grow-small:0;--awb-flex-shrink:0;--awb-flex-shrink-medium:0;--awb-flex-shrink-small:0;width:104% !important;max-width:104% !important;margin-left: calc(-4% \/ 2 );margin-right: calc(-4% \/ 2 );\"><div class=\"fusion-layout-column fusion_builder_column_inner fusion-builder-nested-column-1 fusion_builder_column_inner_1_1 1_1 fusion-flex-column\" style=\"--awb-padding-top:88px;--awb-padding-bottom:88px;--awb-bg-color:var(--awb-color2);--awb-bg-color-hover:var(--awb-color2);--awb-bg-size:cover;--awb-filter:brightness(100%) invert(0%) opacity(100%);--awb-filter-transition:filter 0.3s ease;--awb-filter-hover:brightness(90%) invert(100%) opacity(65%);--awb-width-large:100%;--awb-margin-top-large:0px;--awb-spacing-right-large:1.92%;--awb-margin-bottom-large:0px;--awb-spacing-left-large:1.92%;--awb-width-medium:100%;--awb-spacing-right-medium:1.92%;--awb-spacing-left-medium:1.92%;--awb-width-small:100%;--awb-spacing-right-small:1.92%;--awb-spacing-left-small:1.92%;\"><div class=\"fusion-column-wrapper fusion-column-has-shadow fusion-flex-justify-content-flex-start fusion-content-layout-column\"><div class=\"fusion-separator fusion-full-width-sep\" style=\"align-self: center;margin-left: auto;margin-right: auto;margin-top:30px;width:100%;\"><\/div><i class=\"fb-icon-element-2 fb-icon-element fontawesome-icon fa-snowflake fas circle-no icon-hover-animation-slide\" style=\"--awb-iconcolor:var(--awb-color7);--awb-iconcolor-hover:var(--awb-color7);--awb-font-size:45px;--awb-margin-top:0;--awb-margin-right:0;--awb-margin-bottom:0;--awb-margin-left:0;--awb-align-self:center;\"><\/i><div class=\"fusion-title title fusion-title-12 fusion-sep-none fusion-title-center fusion-title-text fusion-title-size-three\" style=\"--awb-margin-top:10px;--awb-margin-bottom:0px;--awb-margin-top-small:8px;--awb-margin-right-small:0px;--awb-margin-bottom-small:0px;--awb-margin-left-small:0px;\"><h3 class=\"fusion-title-heading title-heading-center fusion-responsive-typography-calculated\" style=\"margin:0;text-transform:uppercase;--fontSize:28;line-height:1.32;\"><p style=\"text-align: center;\">Temporada d&#8217;hivern<\/p><\/h3><\/div><div class=\"fusion-text fusion-text-8\" style=\"--awb-content-alignment:center;\"><p style=\"text-align: center;\">Cal\u00e7ots<\/p>\n<\/div><\/div><\/div><\/div><\/div><\/div><div class=\"fusion-layout-column fusion_builder_column fusion-builder-column-20 fusion_builder_column_1_1 1_1 fusion-flex-column\" style=\"--awb-padding-top:45px;--awb-bg-size:cover;--awb-width-large:100%;--awb-margin-top-large:0px;--awb-spacing-right-large:1.92%;--awb-margin-bottom-large:0px;--awb-spacing-left-large:1.92%;--awb-width-medium:100%;--awb-order-medium:0;--awb-spacing-right-medium:1.92%;--awb-spacing-left-medium:1.92%;--awb-width-small:100%;--awb-order-small:0;--awb-spacing-right-small:1.92%;--awb-spacing-left-small:1.92%;\"><div class=\"fusion-column-wrapper fusion-column-has-shadow fusion-flex-justify-content-flex-start fusion-content-layout-column\"><div style=\"text-align:center;\"><a class=\"fusion-button button-flat button-medium button-custom fusion-button-default button-1 fusion-button-span-yes fusion-button-default-type\" style=\"--button_accent_color:var(--awb-color1);--button_accent_hover_color:var(--awb-color1);--button_border_hover_color:var(--awb-color1);--button-border-radius-top-left:20px;--button-border-radius-top-right:20px;--button-border-radius-bottom-right:20px;--button-border-radius-bottom-left:20px;--button_gradient_top_color:var(--awb-color5);--button_gradient_bottom_color:var(--awb-color5);--button_gradient_top_color_hover:var(--awb-color6);--button_gradient_bottom_color_hover:var(--awb-color6);--button_text_transform:uppercase;\" target=\"_self\" href=\"https:\/\/flordecamp.com\/botiga\/\"><i class=\"fa-shopping-cart fas awb-button__icon awb-button__icon--default button-icon-left\" aria-hidden=\"true\"><\/i><span class=\"fusion-button-text awb-button__text awb-button__text--default\">Botiga<\/span><\/a><\/div><\/div><\/div><\/div><\/div><div id=\"qui-som\" class=\"fusion-container-anchor\"><div class=\"fusion-fullwidth fullwidth-box fusion-builder-row-10 fusion-flex-container has-pattern-background has-mask-background nonhundred-percent-fullwidth non-hundred-percent-height-scrolling fusion-no-small-visibility fusion-no-medium-visibility\" style=\"--awb-background-blend-mode:screen;--awb-border-radius-top-left:0px;--awb-border-radius-top-right:0px;--awb-border-radius-bottom-right:0px;--awb-border-radius-bottom-left:0px;--awb-padding-top:30px;--awb-padding-bottom:0px;--awb-padding-top-medium:80px;--awb-padding-bottom-medium:80px;--awb-padding-top-small:0px;--awb-padding-right-small:0px;--awb-padding-bottom-small:0px;--awb-padding-left-small:0px;--awb-background-color:var(--awb-color5);--awb-flex-wrap:wrap;\" ><div class=\"awb-background-mask\" style=\"background-image:  url(data:image\/svg+xml;utf8,%3Csvg%20width%3D%221920%22%20height%3D%22954%22%20fill%3D%22none%22%20xmlns%3D%22http%3A%2F%2Fwww.w3.org%2F2000%2Fsvg%22%3E%3Cg%20clip-path%3D%22url%28%23prefix__clip0_58_787%29%22%20fill-rule%3D%22evenodd%22%20clip-rule%3D%22evenodd%22%20fill%3D%22rgba%28105%2C51%2C43%2C1%29%22%3E%3Cpath%20d%3D%22M1660.78-198.081c41-37.158%20104.32-33.985%20141.42%207.087%20110.48%20122.305%20170.1%20282.332%20166.66%20447.27-3.44%20164.938-69.67%20322.331-185.14%20439.906-115.49%20117.578-271.47%20186.426-435.99%20192.395-164.52%205.968-325.06-51.397-448.719-160.304-41.528-36.574-45.591-99.941-9.074-141.535%2036.517-41.593%2099.784-45.662%20141.313-9.088%2085.25%2075.079%20195.89%20114.598%20309.23%20110.486%20113.35-4.112%20220.85-51.546%20300.47-132.611%2079.63-81.068%20125.32-189.63%20127.7-303.434%202.37-113.804-38.77-224.188-114.95-308.523-37.1-41.072-33.93-104.49%207.08-141.649z%22%2F%3E%3Cpath%20d%3D%22M1544.89%2037.429c50.71-22.192%20109.79.947%20131.97%2051.683a383.79%20383.79%200%200110.87%20279.732c-31.73%2091.288-96.71%20167.233-181.94%20212.762a384.921%20384.921%200%2001-278%2033.06c-93.53-24.262-174.53-82.823-226.82-164.088-29.965-46.559-16.532-108.606%2030-138.586%2046.53-29.979%20108.54-16.538%20138.51%2030.021%2024.99%2038.834%2063.75%2066.898%20108.61%2078.536a184.603%20184.603%200%2000133.31-15.847c40.83-21.815%2071.88-58.154%2087.03-101.727a183.148%20183.148%200%2000-5.19-133.5c-22.18-50.735.95-109.854%2051.65-132.046z%22%2F%3E%3C%2Fg%3E%3Cdefs%3E%3CclipPath%20id%3D%22prefix__clip0_58_787%22%3E%3Cpath%20fill%3D%22%23fff%22%20d%3D%22M0%200h1920v954H0z%22%2F%3E%3C%2FclipPath%3E%3C%2Fdefs%3E%3C%2Fsvg%3E);opacity: 0.37 ;transform: scale(1, -1);mix-blend-mode:normal;\"><\/div><div class=\"fusion-builder-row fusion-row fusion-flex-align-items-center fusion-flex-align-content-flex-start fusion-flex-justify-content-center fusion-flex-content-wrap\" style=\"max-width:1320.8px;margin-left: calc(-4% \/ 2 );margin-right: calc(-4% \/ 2 );\"><div class=\"fusion-layout-column fusion_builder_column fusion-builder-column-21 fusion_builder_column_1_2 1_2 fusion-flex-column fusion-flex-align-self-flex-start fusion-animated\" style=\"--awb-padding-right:25px;--awb-padding-right-medium:0px;--awb-bg-size:cover;--awb-width-large:50%;--awb-margin-top-large:0px;--awb-spacing-right-large:0%;--awb-margin-bottom-large:5px;--awb-spacing-left-large:3.84%;--awb-width-medium:60%;--awb-spacing-right-medium:0%;--awb-margin-bottom-medium:12px;--awb-spacing-left-medium:3.2%;--awb-width-small:100%;--awb-spacing-right-small:1.92%;--awb-spacing-left-small:1.92%;\" data-animationType=\"fadeIn\" data-animationDuration=\"0.8\" data-animationOffset=\"top-into-view\"><div class=\"fusion-column-wrapper fusion-column-has-shadow fusion-flex-justify-content-flex-start fusion-content-layout-column\"><div class=\"fusion-title title fusion-title-13 fusion-sep-none fusion-title-text fusion-title-size-three\" style=\"--awb-text-color:var(--awb-color1);--awb-margin-bottom:25px;--awb-margin-top-small:8px;--awb-margin-right-small:0px;--awb-margin-bottom-small:16px;--awb-margin-left-small:0px;--awb-font-size:44px;\"><h3 class=\"fusion-title-heading title-heading-left fusion-responsive-typography-calculated\" style=\"margin:0;text-transform:uppercase;font-size:1em;--fontSize:44;line-height:1.32;\"><p style=\"text-align: left;\">Qui som<\/p><\/h3><\/div><div class=\"fusion-text fusion-text-9\" style=\"--awb-text-color:var(--awb-color1);--awb-margin-top:15px;\"><p>Ens presentem com a Flor de Camp: una empresa agr\u00edcola ubicada a les Terres de l&#8217;Ebre.<\/p>\n<\/div><div class=\"fusion-content-boxes content-boxes columns row fusion-columns-1 fusion-columns-total-3 fusion-content-boxes-1 content-boxes-icon-with-title content-left\" style=\"--awb-body-color:var(--awb-color1);--awb-title-color:var(--awb-color1);--awb-iconcolor:var(--awb-color5);--awb-iconcolor-hover:var(--awb-color5);--awb-circlecolor-hover:var(--awb-color6);--awb-hover-accent-color:var(--awb-color1);--awb-circle-hover-accent-color:var(--awb-color1);--awb-item-margin-bottom:40px;\" data-animationOffset=\"top-into-view\"><div style=\"--awb-backgroundcolor:rgba(255,255,255,0);--awb-iconcolor:var(--awb-color5);--awb-iconcolor-hover:var(--awb-color5);--awb-circlecolor-hover:var(--awb-color6);\" class=\"fusion-column content-box-column content-box-column content-box-column-1 col-lg-12 col-md-12 col-sm-12 fusion-content-box-hover content-box-column-last-in-row\"><div class=\"col content-box-wrapper content-wrapper link-area-link-icon content-icon-wrapper-yes icon-wrapper-hover-animation-pulsate\" data-animationOffset=\"top-into-view\"><div class=\"heading heading-with-icon icon-left\"><div class=\"icon\"><span style=\"height:42px;width:42px;line-height:22px;border-color:var(--awb-color6);border-width:1px;border-style:solid;background-color:var(--awb-color6);box-sizing:content-box;border-radius:50%;\"><i style=\"border-color:var(--awb-color6);border-width:1px;background-color:var(--awb-color6);box-sizing:content-box;height:40px;width:40px;line-height:40px;border-radius:50%;position:relative;top:auto;left:auto;margin:0;border-radius:50%;font-size:20px;\" aria-hidden=\"true\" class=\"fontawesome-icon fa-dot-circle fas circle-yes\"><\/i><\/span><\/div><h3 class=\"content-box-heading fusion-responsive-typography-calculated\" style=\"--h3_typography-font-size:23px;--fontSize:23;line-height:1.32;\">CULTIU RESPECTU\u00d3S AMB LA TERRA<\/h3><\/div><div class=\"fusion-clearfix\"><\/div><div class=\"content-container\">\n<p>L&#8217;agricultura integrada utilitza nom\u00e9s productes respectuosos amb el medi ambient, que protegeixen la fauna auxiliar molt \u00fatil per a combatre les plagues de manera natural. A la conservaci\u00f3 de la fauna auxiliar afegim, en la nostra lluita contra les plagues, les trampas de feromones que atreuen als mascles de les esp\u00e8cies nocives per a la fruita impedint la seva proliferaci\u00f3 i evitant aix\u00ed l&#8217;\u00fas de productes qu\u00edmics. En els nostres camps mantenim coberta vegetal tot l&#8217;any. No llaurar els camps, com s&#8217;havia fet tradicionalment, protegeix la terra de l&#8217;erosi\u00f3, especialment quan es produeixen fortes tempestes. Deixant coberta vegetal imitem el que fa la naturalesa, s&#8217;acumula mat\u00e8ria org\u00e0nica i mantenim viva la microbi\u00f2tica subterr\u00e0nia imprescindible perqu\u00e8 la terra sigui cada vegada m\u00e9s f\u00e8rtil. El mateix fenomen que es produeix en els boscos sense la intervenci\u00f3 de l&#8217;home. Al mateix temps, les plantes que cobreixen per complet els nostres camps capturen i fixen en el terreny el carboni, un dels principals causants de l&#8217;efecte d&#8217;hivernacle.<\/p>\n<\/div><\/div><\/div><div style=\"--awb-backgroundcolor:rgba(255,255,255,0);--awb-iconcolor:var(--awb-color5);--awb-iconcolor-hover:var(--awb-color5);--awb-circlecolor-hover:var(--awb-color6);\" class=\"fusion-column content-box-column content-box-column content-box-column-2 col-lg-12 col-md-12 col-sm-12 fusion-content-box-hover content-box-column-last-in-row\"><div class=\"col content-box-wrapper content-wrapper link-area-link-icon content-icon-wrapper-yes icon-wrapper-hover-animation-pulsate\" data-animationOffset=\"top-into-view\"><div class=\"heading heading-with-icon icon-left\"><div class=\"icon\"><span style=\"height:42px;width:42px;line-height:22px;border-color:var(--awb-color6);border-width:1px;border-style:solid;background-color:var(--awb-color6);box-sizing:content-box;border-radius:50%;\"><i style=\"border-color:var(--awb-color6);border-width:1px;background-color:var(--awb-color6);box-sizing:content-box;height:40px;width:40px;line-height:40px;border-radius:50%;position:relative;top:auto;left:auto;margin:0;border-radius:50%;font-size:20px;\" aria-hidden=\"true\" class=\"fontawesome-icon fa-dot-circle fas circle-yes\"><\/i><\/span><\/div><h3 class=\"content-box-heading fusion-responsive-typography-calculated\" style=\"--h3_typography-font-size:23px;--fontSize:23;line-height:1.32;\">COMPROM\u00cdS AMB LA QUALITAT SUPREMA<\/h3><\/div><div class=\"fusion-clearfix\"><\/div><div class=\"content-container\">\n<p>La terra rica en mat\u00e8ria org\u00e0nica, a la que afegim adobs naturals, se suma amb els substrats que ha anat dipositant el riu Ebre durant milers d&#8217;anys i fan que les nostres fruites tinguin major riquesa de minerals i un caracter\u00edstic i irresistible sabor, que potenciem amb una recollida en el seu punt just de maduraci\u00f3. Una vegada s&#8217;ha provat un dels nostres fruits resulta gaireb\u00e9 impossible tornar a consumir productes industrials agafats verds i madurats en naus refrigerades i sense l&#8217;aportaci\u00f3 que dona una terra viva com la de la nostra finca de Benissanet.<\/p>\n<\/div><\/div><\/div><div style=\"--awb-backgroundcolor:rgba(255,255,255,0);--awb-iconcolor:var(--awb-color5);--awb-iconcolor-hover:var(--awb-color5);--awb-circlecolor-hover:var(--awb-color6);\" class=\"fusion-column content-box-column content-box-column content-box-column-3 col-lg-12 col-md-12 col-sm-12 fusion-content-box-hover content-box-column-last content-box-column-last-in-row\"><div class=\"col content-box-wrapper content-wrapper link-area-link-icon content-icon-wrapper-yes icon-wrapper-hover-animation-pulsate\" data-animationOffset=\"top-into-view\"><div class=\"heading heading-with-icon icon-left\"><div class=\"icon\"><span style=\"height:42px;width:42px;line-height:22px;border-color:var(--awb-color6);border-width:1px;border-style:solid;background-color:var(--awb-color6);box-sizing:content-box;border-radius:50%;\"><i style=\"border-color:var(--awb-color6);border-width:1px;background-color:var(--awb-color6);box-sizing:content-box;height:40px;width:40px;line-height:40px;border-radius:50%;position:relative;top:auto;left:auto;margin:0;border-radius:50%;font-size:20px;\" aria-hidden=\"true\" class=\"fontawesome-icon fa-dot-circle fas circle-yes\"><\/i><\/span><\/div><h3 class=\"content-box-heading fusion-responsive-typography-calculated\" style=\"--h3_typography-font-size:23px;--fontSize:23;line-height:1.32;\">CONNECTIVITAT AUT\u00c8NTICA AMB ELS CONSUMIDORS<\/h3><\/div><div class=\"fusion-clearfix\"><\/div><div class=\"content-container\">\n<p>Al no dependre d&#8217;intermediaris que exigeixen una fruita verda per a poder conservar-la durant llargues temporades, els nostres fruits poden ser recollits poc temps abans de la seva venda, al punt \u00f2ptim de maduraci\u00f3 i amb el m\u00e0xim valor nutritiu. Aix\u00f2 \u00e9s possible perqu\u00e8 la nostra finca est\u00e0 dimensionada per al nostre volum de clients, amb una programaci\u00f3 de varietats diferents que ens proporcionen una maduraci\u00f3 escalonada dels fruits durant tota la temporada. Volem establir una relaci\u00f3 que vagi m\u00e9s enll\u00e0 de la que existeix entre productor i client i, precisament per aix\u00f2, les portes de la nostra finca estan obertes a tots els que comparteixin el nostre comprom\u00eds amb la Terra i vulguin veure in situ la forma en qu\u00e8 cuidem els nostres cultius.<\/p>\n<\/div><\/div><\/div><div class=\"fusion-clearfix\"><\/div><\/div><\/div><\/div><div class=\"fusion-layout-column fusion_builder_column fusion-builder-column-22 fusion_builder_column_1_2 1_2 fusion-flex-column fusion-flex-align-self-stretch fusion-animated\" style=\"--awb-padding-right-medium:0px;--awb-bg-size:cover;--awb-width-large:50%;--awb-margin-top-large:0px;--awb-spacing-right-large:0%;--awb-margin-bottom-large:5px;--awb-spacing-left-large:3.84%;--awb-width-medium:60%;--awb-spacing-right-medium:0%;--awb-margin-bottom-medium:12px;--awb-spacing-left-medium:3.2%;--awb-width-small:100%;--awb-spacing-right-small:1.92%;--awb-spacing-left-small:1.92%;\" data-animationType=\"fadeIn\" data-animationDuration=\"0.8\" data-animationOffset=\"top-into-view\"><div class=\"fusion-column-wrapper fusion-column-has-shadow fusion-flex-justify-content-center fusion-content-layout-column\"><div class=\"fusion-image-element \" style=\"--awb-margin-bottom:10px;--awb-max-width:500px;--awb-caption-title-font-family:var(--h2_typography-font-family);--awb-caption-title-font-weight:var(--h2_typography-font-weight);--awb-caption-title-font-style:var(--h2_typography-font-style);--awb-caption-title-size:var(--h2_typography-font-size);--awb-caption-title-transform:var(--h2_typography-text-transform);--awb-caption-title-line-height:var(--h2_typography-line-height);--awb-caption-title-letter-spacing:var(--h2_typography-letter-spacing);\"><span class=\" fusion-imageframe imageframe-none imageframe-7 hover-type-zoomout\" style=\"border-radius:30px;\"><img decoding=\"async\" width=\"1200\" height=\"800\" alt=\"Tractor al centre de la finca amb caixes al darrere plenes de nectarines.\" title=\"Recol\u00b7lecta de les nectarines\" src=\"https:\/\/flordecamp.com\/wp-content\/uploads\/2024\/04\/DSC_05001.jpg\" data-orig-src=\"https:\/\/flordecamp.com\/wp-content\/uploads\/2024\/04\/DSC_05001.jpg\" class=\"lazyload img-responsive wp-image-3437\" srcset=\"data:image\/svg+xml,%3Csvg%20xmlns%3D%27http%3A%2F%2Fwww.w3.org%2F2000%2Fsvg%27%20width%3D%271200%27%20height%3D%27800%27%20viewBox%3D%270%200%201200%20800%27%3E%3Crect%20width%3D%271200%27%20height%3D%27800%27%20fill-opacity%3D%220%22%2F%3E%3C%2Fsvg%3E\" data-srcset=\"https:\/\/flordecamp.com\/wp-content\/uploads\/2024\/04\/DSC_05001-200x133.jpg 200w, https:\/\/flordecamp.com\/wp-content\/uploads\/2024\/04\/DSC_05001-400x267.jpg 400w, https:\/\/flordecamp.com\/wp-content\/uploads\/2024\/04\/DSC_05001-600x400.jpg 600w, https:\/\/flordecamp.com\/wp-content\/uploads\/2024\/04\/DSC_05001-800x533.jpg 800w, https:\/\/flordecamp.com\/wp-content\/uploads\/2024\/04\/DSC_05001.jpg 1200w\" data-sizes=\"auto\" data-orig-sizes=\"(max-width: 1024px) 100vw, (max-width: 640px) 100vw, 800px\" \/><\/span><\/div><div class=\"fusion-image-element \" style=\"--awb-margin-top:10px;--awb-max-width:500px;--awb-caption-title-font-family:var(--h2_typography-font-family);--awb-caption-title-font-weight:var(--h2_typography-font-weight);--awb-caption-title-font-style:var(--h2_typography-font-style);--awb-caption-title-size:var(--h2_typography-font-size);--awb-caption-title-transform:var(--h2_typography-text-transform);--awb-caption-title-line-height:var(--h2_typography-line-height);--awb-caption-title-letter-spacing:var(--h2_typography-letter-spacing);\"><span class=\" fusion-imageframe imageframe-none imageframe-8 hover-type-zoomout\" style=\"border-radius:30px;\"><img decoding=\"async\" width=\"1200\" height=\"800\" alt=\"Arbres podats i un home amb un tractor al centre de la finca, al darrere de tot, es veu el castell de Miravet i les muntanyes que l&#039;envolten.\" title=\"La poda dels presseguers\" src=\"https:\/\/flordecamp.com\/wp-content\/uploads\/2024\/04\/DSC_00191.jpg\" data-orig-src=\"https:\/\/flordecamp.com\/wp-content\/uploads\/2024\/04\/DSC_00191.jpg\" class=\"lazyload img-responsive wp-image-3436\" srcset=\"data:image\/svg+xml,%3Csvg%20xmlns%3D%27http%3A%2F%2Fwww.w3.org%2F2000%2Fsvg%27%20width%3D%271200%27%20height%3D%27800%27%20viewBox%3D%270%200%201200%20800%27%3E%3Crect%20width%3D%271200%27%20height%3D%27800%27%20fill-opacity%3D%220%22%2F%3E%3C%2Fsvg%3E\" data-srcset=\"https:\/\/flordecamp.com\/wp-content\/uploads\/2024\/04\/DSC_00191-200x133.jpg 200w, https:\/\/flordecamp.com\/wp-content\/uploads\/2024\/04\/DSC_00191-400x267.jpg 400w, https:\/\/flordecamp.com\/wp-content\/uploads\/2024\/04\/DSC_00191-600x400.jpg 600w, https:\/\/flordecamp.com\/wp-content\/uploads\/2024\/04\/DSC_00191-800x533.jpg 800w, https:\/\/flordecamp.com\/wp-content\/uploads\/2024\/04\/DSC_00191.jpg 1200w\" data-sizes=\"auto\" data-orig-sizes=\"(max-width: 1024px) 100vw, (max-width: 640px) 100vw, 800px\" \/><\/span><\/div><div class=\"fusion-image-element \" style=\"--awb-margin-top:15px;--awb-max-width:570px;--awb-caption-title-font-family:var(--h2_typography-font-family);--awb-caption-title-font-weight:var(--h2_typography-font-weight);--awb-caption-title-font-style:var(--h2_typography-font-style);--awb-caption-title-size:var(--h2_typography-font-size);--awb-caption-title-transform:var(--h2_typography-text-transform);--awb-caption-title-line-height:var(--h2_typography-line-height);--awb-caption-title-letter-spacing:var(--h2_typography-letter-spacing);\"><span class=\" fusion-imageframe imageframe-none imageframe-9 hover-type-zoomout\" style=\"border-radius:30px;\"><img decoding=\"async\" src=\"data:image\/gif;base64,R0lGODlhAQABAAAAACH5BAEKAAEALAAAAAABAAEAAAICTAEAOw==\" data-orig-src=\"https:\/\/flordecamp.com\/wp-content\/uploads\/2024\/04\/DSC_0136.jpg\" alt class=\"lazyload img-responsive\"\/><\/span><\/div><div class=\"fusion-image-element \" style=\"--awb-max-width:500px;--awb-caption-title-font-family:var(--h2_typography-font-family);--awb-caption-title-font-weight:var(--h2_typography-font-weight);--awb-caption-title-font-style:var(--h2_typography-font-style);--awb-caption-title-size:var(--h2_typography-font-size);--awb-caption-title-transform:var(--h2_typography-text-transform);--awb-caption-title-line-height:var(--h2_typography-line-height);--awb-caption-title-letter-spacing:var(--h2_typography-letter-spacing);\"><span class=\" fusion-imageframe imageframe-none imageframe-10 hover-type-zoomout\" style=\"border-radius:30px;\"><img decoding=\"async\" width=\"1200\" height=\"800\" alt=\"Home d&#039;esquena realitzant la poda dels arbres.\" title=\"Poda\" src=\"https:\/\/flordecamp.com\/wp-content\/uploads\/2024\/04\/DSC_00221.jpg\" data-orig-src=\"https:\/\/flordecamp.com\/wp-content\/uploads\/2024\/04\/DSC_00221.jpg\" class=\"lazyload img-responsive wp-image-3596\" srcset=\"data:image\/svg+xml,%3Csvg%20xmlns%3D%27http%3A%2F%2Fwww.w3.org%2F2000%2Fsvg%27%20width%3D%271200%27%20height%3D%27800%27%20viewBox%3D%270%200%201200%20800%27%3E%3Crect%20width%3D%271200%27%20height%3D%27800%27%20fill-opacity%3D%220%22%2F%3E%3C%2Fsvg%3E\" data-srcset=\"https:\/\/flordecamp.com\/wp-content\/uploads\/2024\/04\/DSC_00221-200x133.jpg 200w, https:\/\/flordecamp.com\/wp-content\/uploads\/2024\/04\/DSC_00221-400x267.jpg 400w, https:\/\/flordecamp.com\/wp-content\/uploads\/2024\/04\/DSC_00221-600x400.jpg 600w, https:\/\/flordecamp.com\/wp-content\/uploads\/2024\/04\/DSC_00221-800x533.jpg 800w, https:\/\/flordecamp.com\/wp-content\/uploads\/2024\/04\/DSC_00221.jpg 1200w\" data-sizes=\"auto\" data-orig-sizes=\"(max-width: 1024px) 100vw, (max-width: 640px) 100vw, 800px\" \/><\/span><\/div><div class=\"fusion-image-element \" style=\"--awb-margin-top:35px;--awb-max-width:500px;--awb-caption-title-font-family:var(--h2_typography-font-family);--awb-caption-title-font-weight:var(--h2_typography-font-weight);--awb-caption-title-font-style:var(--h2_typography-font-style);--awb-caption-title-size:var(--h2_typography-font-size);--awb-caption-title-transform:var(--h2_typography-text-transform);--awb-caption-title-line-height:var(--h2_typography-line-height);--awb-caption-title-letter-spacing:var(--h2_typography-letter-spacing);\"><span class=\" fusion-imageframe imageframe-none imageframe-11 hover-type-zoomout\" style=\"border-radius:30px;\"><img decoding=\"async\" width=\"1200\" height=\"800\" alt=\"Fotografia general on es veuen diferents camps treballats, alguns amb vinya, altres amb arbres fruitals...\" title=\"Panor\u00e0mica general del camp de presseguers\" src=\"https:\/\/flordecamp.com\/wp-content\/uploads\/2024\/04\/DSC_0727.jpg\" data-orig-src=\"https:\/\/flordecamp.com\/wp-content\/uploads\/2024\/04\/DSC_0727.jpg\" class=\"lazyload img-responsive wp-image-3433\" srcset=\"data:image\/svg+xml,%3Csvg%20xmlns%3D%27http%3A%2F%2Fwww.w3.org%2F2000%2Fsvg%27%20width%3D%271200%27%20height%3D%27800%27%20viewBox%3D%270%200%201200%20800%27%3E%3Crect%20width%3D%271200%27%20height%3D%27800%27%20fill-opacity%3D%220%22%2F%3E%3C%2Fsvg%3E\" data-srcset=\"https:\/\/flordecamp.com\/wp-content\/uploads\/2024\/04\/DSC_0727-200x133.jpg 200w, https:\/\/flordecamp.com\/wp-content\/uploads\/2024\/04\/DSC_0727-400x267.jpg 400w, https:\/\/flordecamp.com\/wp-content\/uploads\/2024\/04\/DSC_0727-600x400.jpg 600w, https:\/\/flordecamp.com\/wp-content\/uploads\/2024\/04\/DSC_0727-800x533.jpg 800w, https:\/\/flordecamp.com\/wp-content\/uploads\/2024\/04\/DSC_0727.jpg 1200w\" data-sizes=\"auto\" data-orig-sizes=\"(max-width: 1024px) 100vw, (max-width: 640px) 100vw, 800px\" \/><\/span><\/div><\/div><\/div><\/div><\/div><\/div><div id=\"qui-som\" class=\"fusion-container-anchor\"><div class=\"fusion-fullwidth fullwidth-box fusion-builder-row-11 fusion-flex-container has-pattern-background has-mask-background nonhundred-percent-fullwidth non-hundred-percent-height-scrolling fusion-no-large-visibility\" style=\"--awb-background-blend-mode:screen;--awb-border-radius-top-left:0px;--awb-border-radius-top-right:0px;--awb-border-radius-bottom-right:0px;--awb-border-radius-bottom-left:0px;--awb-padding-top:34px;--awb-padding-bottom:34px;--awb-padding-top-medium:24px;--awb-padding-bottom-medium:24px;--awb-padding-top-small:24px;--awb-padding-right-small:0px;--awb-padding-bottom-small:24px;--awb-padding-left-small:0px;--awb-background-color:var(--awb-color5);--awb-flex-wrap:wrap;\" ><div class=\"awb-background-mask\" style=\"background-image:  url(data:image\/svg+xml;utf8,%3Csvg%20width%3D%221920%22%20height%3D%22954%22%20fill%3D%22none%22%20xmlns%3D%22http%3A%2F%2Fwww.w3.org%2F2000%2Fsvg%22%3E%3Cg%20clip-path%3D%22url%28%23prefix__clip0_58_787%29%22%20fill-rule%3D%22evenodd%22%20clip-rule%3D%22evenodd%22%20fill%3D%22rgba%28105%2C51%2C43%2C1%29%22%3E%3Cpath%20d%3D%22M1660.78-198.081c41-37.158%20104.32-33.985%20141.42%207.087%20110.48%20122.305%20170.1%20282.332%20166.66%20447.27-3.44%20164.938-69.67%20322.331-185.14%20439.906-115.49%20117.578-271.47%20186.426-435.99%20192.395-164.52%205.968-325.06-51.397-448.719-160.304-41.528-36.574-45.591-99.941-9.074-141.535%2036.517-41.593%2099.784-45.662%20141.313-9.088%2085.25%2075.079%20195.89%20114.598%20309.23%20110.486%20113.35-4.112%20220.85-51.546%20300.47-132.611%2079.63-81.068%20125.32-189.63%20127.7-303.434%202.37-113.804-38.77-224.188-114.95-308.523-37.1-41.072-33.93-104.49%207.08-141.649z%22%2F%3E%3Cpath%20d%3D%22M1544.89%2037.429c50.71-22.192%20109.79.947%20131.97%2051.683a383.79%20383.79%200%200110.87%20279.732c-31.73%2091.288-96.71%20167.233-181.94%20212.762a384.921%20384.921%200%2001-278%2033.06c-93.53-24.262-174.53-82.823-226.82-164.088-29.965-46.559-16.532-108.606%2030-138.586%2046.53-29.979%20108.54-16.538%20138.51%2030.021%2024.99%2038.834%2063.75%2066.898%20108.61%2078.536a184.603%20184.603%200%2000133.31-15.847c40.83-21.815%2071.88-58.154%2087.03-101.727a183.148%20183.148%200%2000-5.19-133.5c-22.18-50.735.95-109.854%2051.65-132.046z%22%2F%3E%3C%2Fg%3E%3Cdefs%3E%3CclipPath%20id%3D%22prefix__clip0_58_787%22%3E%3Cpath%20fill%3D%22%23fff%22%20d%3D%22M0%200h1920v954H0z%22%2F%3E%3C%2FclipPath%3E%3C%2Fdefs%3E%3C%2Fsvg%3E);opacity: 0.37 ;transform: scale(1, -1);mix-blend-mode:normal;\"><\/div><div class=\"fusion-builder-row fusion-row fusion-flex-align-items-center fusion-flex-align-content-flex-start fusion-flex-justify-content-center fusion-flex-content-wrap\" style=\"max-width:1320.8px;margin-left: calc(-4% \/ 2 );margin-right: calc(-4% \/ 2 );\"><div class=\"fusion-layout-column fusion_builder_column fusion-builder-column-23 fusion_builder_column_1_2 1_2 fusion-flex-column fusion-flex-align-self-flex-start fusion-animated\" style=\"--awb-padding-right:25px;--awb-padding-right-medium:0px;--awb-padding-right-small:40px;--awb-padding-left-small:40px;--awb-bg-size:cover;--awb-width-large:50%;--awb-margin-top-large:0px;--awb-spacing-right-large:0%;--awb-margin-bottom-large:5px;--awb-spacing-left-large:3.84%;--awb-width-medium:100%;--awb-spacing-right-medium:2.4%;--awb-margin-bottom-medium:12px;--awb-spacing-left-medium:2.4%;--awb-width-small:100%;--awb-spacing-right-small:1.92%;--awb-spacing-left-small:1.92%;\" data-animationType=\"fadeIn\" data-animationDuration=\"0.8\" data-animationOffset=\"top-into-view\"><div class=\"fusion-column-wrapper fusion-column-has-shadow fusion-flex-justify-content-flex-start fusion-content-layout-column\"><div class=\"fusion-title title fusion-title-14 fusion-sep-none fusion-title-text fusion-title-size-three\" style=\"--awb-text-color:var(--awb-color1);--awb-margin-bottom:25px;--awb-margin-top-small:8px;--awb-margin-right-small:0px;--awb-margin-bottom-small:16px;--awb-margin-left-small:0px;--awb-font-size:44px;\"><h3 class=\"fusion-title-heading title-heading-left fusion-responsive-typography-calculated\" style=\"margin:0;text-transform:uppercase;font-size:1em;--fontSize:44;line-height:1.32;\"><p style=\"text-align: left;\">Qui som<\/p><\/h3><\/div><div class=\"fusion-text fusion-text-10\" style=\"--awb-text-color:var(--awb-color1);--awb-margin-top:15px;\"><p style=\"text-align: left;\">Ens presentem com a Flor de Camp: una empresa agr\u00edcola ubicada a les Terres de l&#8217;Ebre.<\/p>\n<\/div><div class=\"fusion-content-boxes content-boxes columns row fusion-columns-1 fusion-columns-total-3 fusion-content-boxes-2 content-boxes-icon-with-title content-left\" style=\"--awb-body-color:var(--awb-color1);--awb-title-color:var(--awb-color1);--awb-iconcolor:var(--awb-color5);--awb-iconcolor-hover:var(--awb-color5);--awb-circlecolor-hover:var(--awb-color6);--awb-hover-accent-color:var(--awb-color1);--awb-circle-hover-accent-color:var(--awb-color1);--awb-item-margin-bottom:40px;\" data-animationOffset=\"top-into-view\"><div style=\"--awb-backgroundcolor:rgba(255,255,255,0);--awb-iconcolor:var(--awb-color5);--awb-iconcolor-hover:var(--awb-color5);--awb-circlecolor-hover:var(--awb-color6);\" class=\"fusion-column content-box-column content-box-column content-box-column-1 col-lg-12 col-md-12 col-sm-12 fusion-content-box-hover content-box-column-last-in-row\"><div class=\"col content-box-wrapper content-wrapper link-area-link-icon content-icon-wrapper-yes icon-wrapper-hover-animation-pulsate\" data-animationOffset=\"top-into-view\"><div class=\"heading heading-with-icon icon-left\"><div class=\"icon\"><span style=\"height:42px;width:42px;line-height:22px;border-color:var(--awb-color6);border-width:1px;border-style:solid;background-color:var(--awb-color6);box-sizing:content-box;border-radius:50%;\"><i style=\"border-color:var(--awb-color6);border-width:1px;background-color:var(--awb-color6);box-sizing:content-box;height:40px;width:40px;line-height:40px;border-radius:50%;position:relative;top:auto;left:auto;margin:0;border-radius:50%;font-size:20px;\" aria-hidden=\"true\" class=\"fontawesome-icon fa-dot-circle fas circle-yes\"><\/i><\/span><\/div><h3 class=\"content-box-heading fusion-responsive-typography-calculated\" style=\"--h3_typography-font-size:23px;--fontSize:23;line-height:1.32;\">CULTIU RESPECTU\u00d3S AMB LA TERRA<\/h3><\/div><div class=\"fusion-clearfix\"><\/div><div class=\"content-container\">\n<p>L&#8217;agricultura integrada utilitza nom\u00e9s productes respectuosos amb el medi ambient, que protegeixen la fauna auxiliar molt \u00fatil per a combatre les plagues de manera natural. A la conservaci\u00f3 de la fauna auxiliar afegim, en la nostra lluita contra les plagues, les trampas de feromones que atreuen als mascles de les esp\u00e8cies nocives per a la fruita impedint la seva proliferaci\u00f3 i evitant aix\u00ed l&#8217;\u00fas de productes qu\u00edmics. En els nostres camps mantenim coberta vegetal tot l&#8217;any. No llaurar els camps, com s&#8217;havia fet tradicionalment, protegeix la terra de l&#8217;erosi\u00f3, especialment quan es produeixen fortes tempestes. Deixant coberta vegetal imitem el que fa la naturalesa, s&#8217;acumula mat\u00e8ria org\u00e0nica i mantenim viva la microbi\u00f2tica subterr\u00e0nia imprescindible perqu\u00e8 la terra sigui cada vegada m\u00e9s f\u00e8rtil. El mateix fenomen que es produeix en els boscos sense la intervenci\u00f3 de l&#8217;home. Al mateix temps, les plantes que cobreixen per complet els nostres camps capturen i fixen en el terreny el carboni, un dels principals causants de l&#8217;efecte d&#8217;hivernacle.<\/p>\n<\/div><\/div><\/div><div style=\"--awb-backgroundcolor:rgba(255,255,255,0);--awb-iconcolor:var(--awb-color5);--awb-iconcolor-hover:var(--awb-color5);--awb-circlecolor-hover:var(--awb-color6);\" class=\"fusion-column content-box-column content-box-column content-box-column-2 col-lg-12 col-md-12 col-sm-12 fusion-content-box-hover content-box-column-last-in-row\"><div class=\"col content-box-wrapper content-wrapper link-area-link-icon content-icon-wrapper-yes icon-wrapper-hover-animation-pulsate\" data-animationOffset=\"top-into-view\"><div class=\"heading heading-with-icon icon-left\"><div class=\"icon\"><span style=\"height:42px;width:42px;line-height:22px;border-color:var(--awb-color6);border-width:1px;border-style:solid;background-color:var(--awb-color6);box-sizing:content-box;border-radius:50%;\"><i style=\"border-color:var(--awb-color6);border-width:1px;background-color:var(--awb-color6);box-sizing:content-box;height:40px;width:40px;line-height:40px;border-radius:50%;position:relative;top:auto;left:auto;margin:0;border-radius:50%;font-size:20px;\" aria-hidden=\"true\" class=\"fontawesome-icon fa-dot-circle fas circle-yes\"><\/i><\/span><\/div><h3 class=\"content-box-heading fusion-responsive-typography-calculated\" style=\"--h3_typography-font-size:23px;--fontSize:23;line-height:1.32;\">COMPROM\u00cdS AMB LA QUALITAT SUPREMA<\/h3><\/div><div class=\"fusion-clearfix\"><\/div><div class=\"content-container\">\n<p>La terra rica en mat\u00e8ria org\u00e0nica, a la que afegim adobs naturals, se suma amb els substrats que ha anat dipositant el riu Ebre durant milers d&#8217;anys i fan que les nostres fruites tinguin major riquesa de minerals i un caracter\u00edstic i irresistible sabor, que potenciem amb una recollida en el seu punt just de maduraci\u00f3. Una vegada s&#8217;ha provat un dels nostres fruits resulta gaireb\u00e9 impossible tornar a consumir productes industrials agafats verds i madurats en naus refrigerades i sense l&#8217;aportaci\u00f3 que dona una terra viva com la de la nostra finca de Benissanet.<\/p>\n<\/div><\/div><\/div><div style=\"--awb-backgroundcolor:rgba(255,255,255,0);--awb-iconcolor:var(--awb-color5);--awb-iconcolor-hover:var(--awb-color5);--awb-circlecolor-hover:var(--awb-color6);\" class=\"fusion-column content-box-column content-box-column content-box-column-3 col-lg-12 col-md-12 col-sm-12 fusion-content-box-hover content-box-column-last content-box-column-last-in-row\"><div class=\"col content-box-wrapper content-wrapper link-area-link-icon content-icon-wrapper-yes icon-wrapper-hover-animation-pulsate\" data-animationOffset=\"top-into-view\"><div class=\"heading heading-with-icon icon-left\"><div class=\"icon\"><span style=\"height:42px;width:42px;line-height:22px;border-color:var(--awb-color6);border-width:1px;border-style:solid;background-color:var(--awb-color6);box-sizing:content-box;border-radius:50%;\"><i style=\"border-color:var(--awb-color6);border-width:1px;background-color:var(--awb-color6);box-sizing:content-box;height:40px;width:40px;line-height:40px;border-radius:50%;position:relative;top:auto;left:auto;margin:0;border-radius:50%;font-size:20px;\" aria-hidden=\"true\" class=\"fontawesome-icon fa-dot-circle fas circle-yes\"><\/i><\/span><\/div><h3 class=\"content-box-heading fusion-responsive-typography-calculated\" style=\"--h3_typography-font-size:23px;--fontSize:23;line-height:1.32;\">CONNECTIVITAT AUT\u00c8NTICA AMB ELS CONSUMIDORS<\/h3><\/div><div class=\"fusion-clearfix\"><\/div><div class=\"content-container\">\n<p>Al no dependre d&#8217;intermediaris que exigeixen una fruita verda per a poder conservar-la durant llargues temporades, els nostres fruits poden ser recollits poc temps abans de la seva venda, al punt \u00f2ptim de maduraci\u00f3 i amb el m\u00e0xim valor nutritiu. Aix\u00f2 \u00e9s possible perqu\u00e8 la nostra finca est\u00e0 dimensionada per al nostre volum de clients, amb una programaci\u00f3 de varietats diferents que ens proporcionen una maduraci\u00f3 escalonada dels fruits durant tota la temporada. Volem establir una relaci\u00f3 que vagi m\u00e9s enll\u00e0 de la que existeix entre productor i client i, precisament per aix\u00f2, les portes de la nostra finca estan obertes a tots els que comparteixin el nostre comprom\u00eds amb la Terra i vulguin veure in situ la forma en qu\u00e8 cuidem els nostres cultius.<\/p>\n<p>&nbsp;<\/p>\n<\/div><\/div><\/div><div class=\"fusion-clearfix\"><\/div><\/div><div class=\"fusion-image-element \" style=\"--awb-margin-top:-100px;--awb-margin-bottom-medium:15px;--awb-margin-bottom-small:15px;--awb-caption-title-font-family:var(--h2_typography-font-family);--awb-caption-title-font-weight:var(--h2_typography-font-weight);--awb-caption-title-font-style:var(--h2_typography-font-style);--awb-caption-title-size:var(--h2_typography-font-size);--awb-caption-title-transform:var(--h2_typography-text-transform);--awb-caption-title-line-height:var(--h2_typography-line-height);--awb-caption-title-letter-spacing:var(--h2_typography-letter-spacing);\"><span class=\" fusion-imageframe imageframe-none imageframe-12 hover-type-zoomout\" style=\"border-radius:30px;\"><img decoding=\"async\" width=\"1200\" height=\"800\" alt=\"Fotografia general on es veuen diferents camps treballats, alguns amb vinya, altres amb arbres fruitals...\" title=\"Panor\u00e0mica general del camp de presseguers\" src=\"https:\/\/flordecamp.com\/wp-content\/uploads\/2024\/04\/DSC_0727.jpg\" data-orig-src=\"https:\/\/flordecamp.com\/wp-content\/uploads\/2024\/04\/DSC_0727.jpg\" class=\"lazyload img-responsive wp-image-3433\" srcset=\"data:image\/svg+xml,%3Csvg%20xmlns%3D%27http%3A%2F%2Fwww.w3.org%2F2000%2Fsvg%27%20width%3D%271200%27%20height%3D%27800%27%20viewBox%3D%270%200%201200%20800%27%3E%3Crect%20width%3D%271200%27%20height%3D%27800%27%20fill-opacity%3D%220%22%2F%3E%3C%2Fsvg%3E\" data-srcset=\"https:\/\/flordecamp.com\/wp-content\/uploads\/2024\/04\/DSC_0727-200x133.jpg 200w, https:\/\/flordecamp.com\/wp-content\/uploads\/2024\/04\/DSC_0727-400x267.jpg 400w, https:\/\/flordecamp.com\/wp-content\/uploads\/2024\/04\/DSC_0727-600x400.jpg 600w, https:\/\/flordecamp.com\/wp-content\/uploads\/2024\/04\/DSC_0727-800x533.jpg 800w, https:\/\/flordecamp.com\/wp-content\/uploads\/2024\/04\/DSC_0727.jpg 1200w\" data-sizes=\"auto\" data-orig-sizes=\"(max-width: 1024px) 100vw, (max-width: 640px) 100vw, 600px\" \/><\/span><\/div><div class=\"fusion-image-element \" style=\"--awb-caption-title-font-family:var(--h2_typography-font-family);--awb-caption-title-font-weight:var(--h2_typography-font-weight);--awb-caption-title-font-style:var(--h2_typography-font-style);--awb-caption-title-size:var(--h2_typography-font-size);--awb-caption-title-transform:var(--h2_typography-text-transform);--awb-caption-title-line-height:var(--h2_typography-line-height);--awb-caption-title-letter-spacing:var(--h2_typography-letter-spacing);\"><span class=\" fusion-imageframe imageframe-none imageframe-13 hover-type-zoomout\" style=\"border-radius:30px;\"><img decoding=\"async\" width=\"1200\" height=\"800\" alt=\"Tractor al centre de la finca amb caixes al darrere plenes de nectarines.\" title=\"Recol\u00b7lecta de les nectarines\" src=\"https:\/\/flordecamp.com\/wp-content\/uploads\/2024\/04\/DSC_05001.jpg\" data-orig-src=\"https:\/\/flordecamp.com\/wp-content\/uploads\/2024\/04\/DSC_05001.jpg\" class=\"lazyload img-responsive wp-image-3437\" srcset=\"data:image\/svg+xml,%3Csvg%20xmlns%3D%27http%3A%2F%2Fwww.w3.org%2F2000%2Fsvg%27%20width%3D%271200%27%20height%3D%27800%27%20viewBox%3D%270%200%201200%20800%27%3E%3Crect%20width%3D%271200%27%20height%3D%27800%27%20fill-opacity%3D%220%22%2F%3E%3C%2Fsvg%3E\" data-srcset=\"https:\/\/flordecamp.com\/wp-content\/uploads\/2024\/04\/DSC_05001-200x133.jpg 200w, https:\/\/flordecamp.com\/wp-content\/uploads\/2024\/04\/DSC_05001-400x267.jpg 400w, https:\/\/flordecamp.com\/wp-content\/uploads\/2024\/04\/DSC_05001-600x400.jpg 600w, https:\/\/flordecamp.com\/wp-content\/uploads\/2024\/04\/DSC_05001-800x533.jpg 800w, https:\/\/flordecamp.com\/wp-content\/uploads\/2024\/04\/DSC_05001.jpg 1200w\" data-sizes=\"auto\" data-orig-sizes=\"(max-width: 1024px) 100vw, (max-width: 640px) 100vw, 600px\" \/><\/span><\/div><div class=\"fusion-image-element \" style=\"--awb-margin-top:15px;--awb-caption-title-font-family:var(--h2_typography-font-family);--awb-caption-title-font-weight:var(--h2_typography-font-weight);--awb-caption-title-font-style:var(--h2_typography-font-style);--awb-caption-title-size:var(--h2_typography-font-size);--awb-caption-title-transform:var(--h2_typography-text-transform);--awb-caption-title-line-height:var(--h2_typography-line-height);--awb-caption-title-letter-spacing:var(--h2_typography-letter-spacing);\"><span class=\" fusion-imageframe imageframe-none imageframe-14 hover-type-zoomout\" style=\"border-radius:30px;\"><img decoding=\"async\" width=\"1200\" height=\"800\" alt=\"Arbres podats i un home amb un tractor al centre de la finca, al darrere de tot, es veu el castell de Miravet i les muntanyes que l&#039;envolten.\" title=\"La poda dels presseguers\" src=\"https:\/\/flordecamp.com\/wp-content\/uploads\/2024\/04\/DSC_00191.jpg\" data-orig-src=\"https:\/\/flordecamp.com\/wp-content\/uploads\/2024\/04\/DSC_00191.jpg\" class=\"lazyload img-responsive wp-image-3436\" srcset=\"data:image\/svg+xml,%3Csvg%20xmlns%3D%27http%3A%2F%2Fwww.w3.org%2F2000%2Fsvg%27%20width%3D%271200%27%20height%3D%27800%27%20viewBox%3D%270%200%201200%20800%27%3E%3Crect%20width%3D%271200%27%20height%3D%27800%27%20fill-opacity%3D%220%22%2F%3E%3C%2Fsvg%3E\" data-srcset=\"https:\/\/flordecamp.com\/wp-content\/uploads\/2024\/04\/DSC_00191-200x133.jpg 200w, https:\/\/flordecamp.com\/wp-content\/uploads\/2024\/04\/DSC_00191-400x267.jpg 400w, https:\/\/flordecamp.com\/wp-content\/uploads\/2024\/04\/DSC_00191-600x400.jpg 600w, https:\/\/flordecamp.com\/wp-content\/uploads\/2024\/04\/DSC_00191-800x533.jpg 800w, https:\/\/flordecamp.com\/wp-content\/uploads\/2024\/04\/DSC_00191.jpg 1200w\" data-sizes=\"auto\" data-orig-sizes=\"(max-width: 1024px) 100vw, (max-width: 640px) 100vw, 600px\" \/><\/span><\/div><div class=\"fusion-image-element \" style=\"--awb-margin-top:15px;--awb-caption-title-font-family:var(--h2_typography-font-family);--awb-caption-title-font-weight:var(--h2_typography-font-weight);--awb-caption-title-font-style:var(--h2_typography-font-style);--awb-caption-title-size:var(--h2_typography-font-size);--awb-caption-title-transform:var(--h2_typography-text-transform);--awb-caption-title-line-height:var(--h2_typography-line-height);--awb-caption-title-letter-spacing:var(--h2_typography-letter-spacing);\"><span class=\" fusion-imageframe imageframe-none imageframe-15 hover-type-zoomout\" style=\"border-radius:30px;\"><img decoding=\"async\" width=\"1200\" height=\"800\" alt=\"Home d&#039;esquena realitzant la poda dels arbres.\" title=\"Poda\" src=\"https:\/\/flordecamp.com\/wp-content\/uploads\/2024\/04\/DSC_00221.jpg\" data-orig-src=\"https:\/\/flordecamp.com\/wp-content\/uploads\/2024\/04\/DSC_00221.jpg\" class=\"lazyload img-responsive wp-image-3596\" srcset=\"data:image\/svg+xml,%3Csvg%20xmlns%3D%27http%3A%2F%2Fwww.w3.org%2F2000%2Fsvg%27%20width%3D%271200%27%20height%3D%27800%27%20viewBox%3D%270%200%201200%20800%27%3E%3Crect%20width%3D%271200%27%20height%3D%27800%27%20fill-opacity%3D%220%22%2F%3E%3C%2Fsvg%3E\" data-srcset=\"https:\/\/flordecamp.com\/wp-content\/uploads\/2024\/04\/DSC_00221-200x133.jpg 200w, https:\/\/flordecamp.com\/wp-content\/uploads\/2024\/04\/DSC_00221-400x267.jpg 400w, https:\/\/flordecamp.com\/wp-content\/uploads\/2024\/04\/DSC_00221-600x400.jpg 600w, https:\/\/flordecamp.com\/wp-content\/uploads\/2024\/04\/DSC_00221-800x533.jpg 800w, https:\/\/flordecamp.com\/wp-content\/uploads\/2024\/04\/DSC_00221.jpg 1200w\" data-sizes=\"auto\" data-orig-sizes=\"(max-width: 1024px) 100vw, (max-width: 640px) 100vw, 600px\" \/><\/span><\/div><\/div><\/div><\/div><\/div><\/div><div id=\"que-fem\" class=\"fusion-container-anchor\"><div class=\"fusion-fullwidth fullwidth-box fusion-builder-row-12 fusion-flex-container nonhundred-percent-fullwidth non-hundred-percent-height-scrolling fusion-no-small-visibility fusion-no-medium-visibility\" style=\"--awb-border-radius-top-left:0px;--awb-border-radius-top-right:0px;--awb-border-radius-bottom-right:0px;--awb-border-radius-bottom-left:0px;--awb-padding-top:3%;--awb-padding-bottom:1%;--awb-padding-top-medium:60px;--awb-flex-wrap:wrap;\" ><div class=\"fusion-builder-row fusion-row fusion-flex-align-items-center fusion-flex-content-wrap\" style=\"max-width:1320.8px;margin-left: calc(-4% \/ 2 );margin-right: calc(-4% \/ 2 );\"><div class=\"fusion-layout-column fusion_builder_column fusion-builder-column-24 fusion_builder_column_1_2 1_2 fusion-flex-column fusion-animated\" style=\"--awb-bg-size:cover;--awb-width-large:50%;--awb-margin-top-large:0px;--awb-spacing-right-large:8.64%;--awb-margin-bottom-large:0px;--awb-spacing-left-large:3.84%;--awb-width-medium:100%;--awb-order-medium:1;--awb-spacing-right-medium:1.92%;--awb-margin-bottom-medium:0px;--awb-spacing-left-medium:1.92%;--awb-width-small:100%;--awb-spacing-right-small:1.92%;--awb-spacing-left-small:1.92%;\" data-animationType=\"fadeIn\" data-animationDuration=\"0.8\" data-animationOffset=\"top-into-view\"><div class=\"fusion-column-wrapper fusion-column-has-shadow fusion-flex-justify-content-flex-start fusion-content-layout-column\"><div class=\"fusion-image-element \" style=\"text-align:center;--awb-margin-top:15px;--awb-caption-title-font-family:var(--h2_typography-font-family);--awb-caption-title-font-weight:var(--h2_typography-font-weight);--awb-caption-title-font-style:var(--h2_typography-font-style);--awb-caption-title-size:var(--h2_typography-font-size);--awb-caption-title-transform:var(--h2_typography-text-transform);--awb-caption-title-line-height:var(--h2_typography-line-height);--awb-caption-title-letter-spacing:var(--h2_typography-letter-spacing);\"><span class=\" fusion-imageframe imageframe-none imageframe-16 hover-type-zoomout\" style=\"border-radius:30px;\"><img decoding=\"async\" width=\"800\" height=\"1200\" alt=\"Caixes al centre de la finca, rodejat d&#039;arbres.\" title=\"Finca\" src=\"https:\/\/flordecamp.com\/wp-content\/uploads\/2024\/04\/DSC_0474.jpg\" data-orig-src=\"https:\/\/flordecamp.com\/wp-content\/uploads\/2024\/04\/DSC_0474.jpg\" class=\"lazyload img-responsive wp-image-3462\" srcset=\"data:image\/svg+xml,%3Csvg%20xmlns%3D%27http%3A%2F%2Fwww.w3.org%2F2000%2Fsvg%27%20width%3D%27800%27%20height%3D%271200%27%20viewBox%3D%270%200%20800%201200%27%3E%3Crect%20width%3D%27800%27%20height%3D%271200%27%20fill-opacity%3D%220%22%2F%3E%3C%2Fsvg%3E\" data-srcset=\"https:\/\/flordecamp.com\/wp-content\/uploads\/2024\/04\/DSC_0474-200x300.jpg 200w, https:\/\/flordecamp.com\/wp-content\/uploads\/2024\/04\/DSC_0474-400x600.jpg 400w, https:\/\/flordecamp.com\/wp-content\/uploads\/2024\/04\/DSC_0474-600x900.jpg 600w, https:\/\/flordecamp.com\/wp-content\/uploads\/2024\/04\/DSC_0474.jpg 800w\" data-sizes=\"auto\" data-orig-sizes=\"(max-width: 1024px) 100vw, (max-width: 640px) 100vw, 600px\" \/><\/span><\/div><\/div><\/div><div class=\"fusion-layout-column fusion_builder_column fusion-builder-column-25 fusion_builder_column_1_2 1_2 fusion-flex-column fusion-flex-align-self-flex-start fusion-animated\" style=\"--awb-padding-right:0%;--awb-padding-right-medium:0px;--awb-bg-size:cover;--awb-width-large:50%;--awb-margin-top-large:0px;--awb-spacing-right-large:0%;--awb-margin-bottom-large:5px;--awb-spacing-left-large:3.84%;--awb-width-medium:60%;--awb-spacing-right-medium:0%;--awb-margin-bottom-medium:12px;--awb-spacing-left-medium:3.2%;--awb-width-small:100%;--awb-spacing-right-small:1.92%;--awb-spacing-left-small:1.92%;\" data-animationType=\"fadeIn\" data-animationDuration=\"0.8\" data-animationOffset=\"top-into-view\"><div class=\"fusion-column-wrapper fusion-column-has-shadow fusion-flex-justify-content-flex-start fusion-content-layout-column\"><div class=\"fusion-title title fusion-title-15 fusion-sep-none fusion-title-text fusion-title-size-three\" style=\"--awb-text-color:var(--awb-color6);--awb-margin-bottom:25px;--awb-margin-top-small:8px;--awb-margin-right-small:0px;--awb-margin-bottom-small:16px;--awb-margin-left-small:0px;--awb-font-size:44px;\"><h3 class=\"fusion-title-heading title-heading-left fusion-responsive-typography-calculated\" style=\"margin:0;text-transform:uppercase;font-size:1em;--fontSize:44;line-height:1.32;\">Qu\u00e8 fem<\/h3><\/div><div class=\"fusion-text fusion-text-11\" style=\"--awb-text-color:var(--awb-color6);\"><div class=\"flex flex-grow flex-col max-w-full\">\n<div class=\"min-h-&#091;20px&#093; text-message flex flex-col items-start whitespace-pre-wrap break-words &#091;.text-message+&amp;&#093;:mt-5 overflow-x-auto gap-3\" dir=\"auto\" data-message-author-role=\"assistant\" data-message-id=\"4d8a8cf2-e3ca-4224-9c91-eb8023b8867e\">\n<div class=\"markdown prose w-full break-words dark:prose-invert light\">\n<p>A Flor de Camp, cada dia ens comprometem a preservar i enriquir el nostre patrimoni agr\u00edcola, oferint productes de primera qualitat que s\u00f3n testimoni del nostre amor per la terra i el nostre respecte per la natura. Benvinguts a la nostra fam\u00edlia agr\u00edcola, on la tradici\u00f3, la qualitat i la sostenibilitat convergeixen per crear un futur m\u00e9s verd i delici\u00f3s per a tots.<\/p>\n<\/div>\n<\/div>\n<\/div>\n<\/div><div class=\"fusion-title title fusion-title-16 fusion-sep-none fusion-title-text fusion-title-size-three\" style=\"--awb-text-color:var(--awb-color6);--awb-margin-top-small:8px;--awb-margin-right-small:0px;--awb-margin-bottom-small:16px;--awb-margin-left-small:0px;--awb-font-size:27px;\"><h3 class=\"fusion-title-heading title-heading-left fusion-responsive-typography-calculated\" style=\"margin:0;text-transform:uppercase;font-size:1em;--fontSize:27;line-height:1.32;\">Els nostres quatre pilars fonamentals defineixen la nostra missi\u00f3 i el nostre comprom\u00eds<\/h3><\/div><div class=\"fusion-builder-row fusion-builder-row-inner fusion-row fusion-flex-align-items-center fusion-flex-content-wrap\" style=\"--awb-flex-grow:0;--awb-flex-grow-medium:0;--awb-flex-grow-small:0;--awb-flex-shrink:0;--awb-flex-shrink-medium:0;--awb-flex-shrink-small:0;width:104% !important;max-width:104% !important;margin-left: calc(-4% \/ 2 );margin-right: calc(-4% \/ 2 );\"><div class=\"fusion-layout-column fusion_builder_column_inner fusion-builder-nested-column-2 fusion_builder_column_inner_1_2 1_2 fusion-flex-column fusion-flex-align-self-stretch\" style=\"--awb-bg-size:cover;--awb-width-large:50%;--awb-margin-top-large:5px;--awb-spacing-right-large:3.84%;--awb-margin-bottom-large:0px;--awb-spacing-left-large:3.84%;--awb-width-medium:100%;--awb-order-medium:0;--awb-spacing-right-medium:1.92%;--awb-spacing-left-medium:1.92%;--awb-width-small:100%;--awb-order-small:0;--awb-spacing-right-small:1.92%;--awb-spacing-left-small:1.92%;\"><div class=\"fusion-column-wrapper fusion-column-has-shadow fusion-flex-justify-content-flex-start fusion-content-layout-column\"><div class=\"fusion-separator\" style=\"align-self: flex-start;margin-right:auto;margin-bottom:12px;width:100%;max-width:25px;\"><div class=\"fusion-separator-border sep-single sep-solid\" style=\"--awb-height:20px;--awb-amount:20px;--awb-sep-color:var(--awb-color5);border-color:var(--awb-color5);border-top-width:4px;\"><\/div><\/div><div class=\"fusion-title title fusion-title-17 fusion-sep-none fusion-title-text fusion-title-size-three\" style=\"--awb-text-color:var(--awb-color6);--awb-margin-top-small:8px;--awb-margin-right-small:0px;--awb-margin-bottom-small:0px;--awb-margin-left-small:0px;--awb-font-size:20px;\"><h3 class=\"fusion-title-heading title-heading-left fusion-responsive-typography-calculated\" style=\"margin:0;text-transform:uppercase;font-size:1em;--fontSize:20;--minFontSize:20;line-height:1.32;\">Cultiu responsable<\/h3><\/div><div class=\"fusion-text fusion-text-12\" style=\"--awb-text-color:var(--awb-color6);\"><p>Com a guardians de la terra, abracem una filosofia agr\u00edcola que venera la sostenibilitat. Practiquem una agricultura integrada que harmonitza amb els cicles naturals, utilitzant adobs naturals i abra\u00e7ant la lluita biol\u00f2gica contra les plagues.<\/p>\n<\/div><\/div><\/div><div class=\"fusion-layout-column fusion_builder_column_inner fusion-builder-nested-column-3 fusion_builder_column_inner_1_2 1_2 fusion-flex-column fusion-flex-align-self-stretch\" style=\"--awb-bg-size:cover;--awb-width-large:50%;--awb-margin-top-large:5px;--awb-spacing-right-large:3.84%;--awb-margin-bottom-large:0px;--awb-spacing-left-large:3.84%;--awb-width-medium:100%;--awb-order-medium:0;--awb-spacing-right-medium:1.92%;--awb-spacing-left-medium:1.92%;--awb-width-small:100%;--awb-order-small:0;--awb-spacing-right-small:1.92%;--awb-spacing-left-small:1.92%;\"><div class=\"fusion-column-wrapper fusion-column-has-shadow fusion-flex-justify-content-flex-start fusion-content-layout-column\"><div class=\"fusion-separator\" style=\"align-self: flex-start;margin-right:auto;margin-bottom:12px;width:100%;max-width:25px;\"><div class=\"fusion-separator-border sep-single sep-solid\" style=\"--awb-height:20px;--awb-amount:20px;--awb-sep-color:var(--awb-color5);border-color:var(--awb-color5);border-top-width:4px;\"><\/div><\/div><div class=\"fusion-title title fusion-title-18 fusion-sep-none fusion-title-text fusion-title-size-three\" style=\"--awb-text-color:var(--awb-color6);--awb-margin-top-small:8px;--awb-margin-right-small:0px;--awb-margin-bottom-small:0px;--awb-margin-left-small:0px;--awb-font-size:20px;\"><h3 class=\"fusion-title-heading title-heading-left fusion-responsive-typography-calculated\" style=\"margin:0;text-transform:uppercase;font-size:1em;--fontSize:20;--minFontSize:20;line-height:1.32;\">Qualitat impecable<\/h3><\/div><div class=\"fusion-text fusion-text-13\" style=\"--awb-text-color:var(--awb-color6);\"><p>Cada fruita que creix als nostres camps \u00e9s el resultat d&#8217;un meticul\u00f3s proc\u00e9s de cultiu i selecci\u00f3. Recol\u00b7lectada en el punt \u00f2ptim de maduraci\u00f3, garantim una explosi\u00f3 de sabor i frescor en cada mossegada.<\/p>\n<\/div><\/div><\/div><div class=\"fusion-layout-column fusion_builder_column_inner fusion-builder-nested-column-4 fusion_builder_column_inner_1_2 1_2 fusion-flex-column fusion-flex-align-self-stretch\" style=\"--awb-bg-size:cover;--awb-width-large:50%;--awb-margin-top-large:5px;--awb-spacing-right-large:3.84%;--awb-margin-bottom-large:0px;--awb-spacing-left-large:3.84%;--awb-width-medium:100%;--awb-order-medium:0;--awb-spacing-right-medium:1.92%;--awb-spacing-left-medium:1.92%;--awb-width-small:100%;--awb-order-small:0;--awb-spacing-right-small:1.92%;--awb-spacing-left-small:1.92%;\"><div class=\"fusion-column-wrapper fusion-column-has-shadow fusion-flex-justify-content-flex-start fusion-content-layout-column\"><div class=\"fusion-separator\" style=\"align-self: flex-start;margin-right:auto;margin-bottom:12px;width:100%;max-width:25px;\"><div class=\"fusion-separator-border sep-single sep-solid\" style=\"--awb-height:20px;--awb-amount:20px;--awb-sep-color:var(--awb-color5);border-color:var(--awb-color5);border-top-width:4px;\"><\/div><\/div><div class=\"fusion-title title fusion-title-19 fusion-sep-none fusion-title-text fusion-title-size-three\" style=\"--awb-text-color:var(--awb-color6);--awb-margin-top-small:8px;--awb-margin-right-small:0px;--awb-margin-bottom-small:0px;--awb-margin-left-small:0px;--awb-font-size:20px;\"><h3 class=\"fusion-title-heading title-heading-left fusion-responsive-typography-calculated\" style=\"margin:0;text-transform:uppercase;font-size:1em;--fontSize:20;--minFontSize:20;line-height:1.32;\">Connectivitat directa<\/h3><\/div><div class=\"fusion-text fusion-text-14\" style=\"--awb-text-color:var(--awb-color6);\"><p>Creiem en la relaci\u00f3 directa amb els nostres clients. Sense intermediaris, distribu\u00efm la nostra fruita arreu d&#8217;Espanya, assegurant un lliurament r\u00e0pid i eficient que porta la nostra excel\u00b7l\u00e8ncia directament a la teva taula.<\/p>\n<\/div><\/div><\/div><div class=\"fusion-layout-column fusion_builder_column_inner fusion-builder-nested-column-5 fusion_builder_column_inner_1_2 1_2 fusion-flex-column fusion-flex-align-self-stretch\" style=\"--awb-bg-size:cover;--awb-width-large:50%;--awb-margin-top-large:5px;--awb-spacing-right-large:3.84%;--awb-margin-bottom-large:0px;--awb-spacing-left-large:3.84%;--awb-width-medium:100%;--awb-order-medium:0;--awb-spacing-right-medium:1.92%;--awb-spacing-left-medium:1.92%;--awb-width-small:100%;--awb-order-small:0;--awb-spacing-right-small:1.92%;--awb-spacing-left-small:1.92%;\"><div class=\"fusion-column-wrapper fusion-column-has-shadow fusion-flex-justify-content-flex-start fusion-content-layout-column\"><div class=\"fusion-separator\" style=\"align-self: flex-start;margin-right:auto;margin-bottom:12px;width:100%;max-width:25px;\"><div class=\"fusion-separator-border sep-single sep-solid\" style=\"--awb-height:20px;--awb-amount:20px;--awb-sep-color:var(--awb-color5);border-color:var(--awb-color5);border-top-width:4px;\"><\/div><\/div><div class=\"fusion-title title fusion-title-20 fusion-sep-none fusion-title-text fusion-title-size-three\" style=\"--awb-text-color:var(--awb-color6);--awb-margin-top-small:8px;--awb-margin-right-small:0px;--awb-margin-bottom-small:0px;--awb-margin-left-small:0px;--awb-font-size:20px;\"><h3 class=\"fusion-title-heading title-heading-left fusion-responsive-typography-calculated\" style=\"margin:0;text-transform:uppercase;font-size:1em;--fontSize:20;--minFontSize:20;line-height:1.32;\">Innovaci\u00f3 constant<\/h3><\/div><div class=\"fusion-text fusion-text-15\" style=\"--awb-text-color:var(--awb-color6);\"><p>Estem compromesos a abra\u00e7ar la innovaci\u00f3 per millorar constantment els nostres processos i productes. Des de t\u00e8cniques de cultiu fins a solucions de distribuci\u00f3, busquem sempre la millor manera de servir-te.<\/p>\n<\/div><\/div><\/div><\/div><\/div><\/div><\/div><\/div><\/div><div id=\"que-fem\" class=\"fusion-container-anchor\"><div class=\"fusion-fullwidth fullwidth-box fusion-builder-row-13 fusion-flex-container nonhundred-percent-fullwidth non-hundred-percent-height-scrolling fusion-no-large-visibility\" style=\"--awb-border-radius-top-left:0px;--awb-border-radius-top-right:0px;--awb-border-radius-bottom-right:0px;--awb-border-radius-bottom-left:0px;--awb-padding-top:3%;--awb-padding-bottom:3%;--awb-padding-top-medium:39px;--awb-padding-top-small:24px;--awb-padding-bottom-small:24px;--awb-flex-wrap:wrap;\" ><div class=\"fusion-builder-row fusion-row fusion-flex-align-items-center fusion-flex-content-wrap\" style=\"max-width:1320.8px;margin-left: calc(-4% \/ 2 );margin-right: calc(-4% \/ 2 );\"><div class=\"fusion-layout-column fusion_builder_column fusion-builder-column-26 fusion_builder_column_1_2 1_2 fusion-flex-column fusion-animated\" style=\"--awb-bg-size:cover;--awb-width-large:50%;--awb-margin-top-large:0px;--awb-spacing-right-large:8.64%;--awb-margin-bottom-large:0px;--awb-spacing-left-large:3.84%;--awb-width-medium:100%;--awb-order-medium:1;--awb-spacing-right-medium:1.92%;--awb-margin-bottom-medium:0px;--awb-spacing-left-medium:1.92%;--awb-width-small:100%;--awb-spacing-right-small:1.92%;--awb-spacing-left-small:1.92%;\" data-animationType=\"fadeIn\" data-animationDuration=\"0.8\" data-animationOffset=\"top-into-view\"><div class=\"fusion-column-wrapper fusion-column-has-shadow fusion-flex-justify-content-flex-start fusion-content-layout-column\"><div class=\"fusion-image-element \" style=\"text-align:center;--awb-margin-top:15px;--awb-caption-title-font-family:var(--h2_typography-font-family);--awb-caption-title-font-weight:var(--h2_typography-font-weight);--awb-caption-title-font-style:var(--h2_typography-font-style);--awb-caption-title-size:var(--h2_typography-font-size);--awb-caption-title-transform:var(--h2_typography-text-transform);--awb-caption-title-line-height:var(--h2_typography-line-height);--awb-caption-title-letter-spacing:var(--h2_typography-letter-spacing);\"><span class=\" fusion-imageframe imageframe-none imageframe-17 hover-type-zoomout\" style=\"border-radius:30px;\"><img decoding=\"async\" width=\"800\" height=\"1200\" alt=\"Caixes al centre de la finca, rodejat d&#039;arbres.\" title=\"Finca\" src=\"https:\/\/flordecamp.com\/wp-content\/uploads\/2024\/04\/DSC_0474.jpg\" data-orig-src=\"https:\/\/flordecamp.com\/wp-content\/uploads\/2024\/04\/DSC_0474.jpg\" class=\"lazyload img-responsive wp-image-3462\" srcset=\"data:image\/svg+xml,%3Csvg%20xmlns%3D%27http%3A%2F%2Fwww.w3.org%2F2000%2Fsvg%27%20width%3D%27800%27%20height%3D%271200%27%20viewBox%3D%270%200%20800%201200%27%3E%3Crect%20width%3D%27800%27%20height%3D%271200%27%20fill-opacity%3D%220%22%2F%3E%3C%2Fsvg%3E\" data-srcset=\"https:\/\/flordecamp.com\/wp-content\/uploads\/2024\/04\/DSC_0474-200x300.jpg 200w, https:\/\/flordecamp.com\/wp-content\/uploads\/2024\/04\/DSC_0474-400x600.jpg 400w, https:\/\/flordecamp.com\/wp-content\/uploads\/2024\/04\/DSC_0474-600x900.jpg 600w, https:\/\/flordecamp.com\/wp-content\/uploads\/2024\/04\/DSC_0474.jpg 800w\" data-sizes=\"auto\" data-orig-sizes=\"(max-width: 1024px) 100vw, (max-width: 640px) 100vw, 600px\" \/><\/span><\/div><\/div><\/div><div class=\"fusion-layout-column fusion_builder_column fusion-builder-column-27 fusion_builder_column_1_2 1_2 fusion-flex-column fusion-flex-align-self-flex-start fusion-animated\" style=\"--awb-padding-right:0%;--awb-padding-right-medium:0px;--awb-bg-size:cover;--awb-width-large:50%;--awb-margin-top-large:0px;--awb-spacing-right-large:0%;--awb-margin-bottom-large:5px;--awb-spacing-left-large:3.84%;--awb-width-medium:100%;--awb-spacing-right-medium:0%;--awb-margin-bottom-medium:12px;--awb-spacing-left-medium:1.92%;--awb-width-small:100%;--awb-spacing-right-small:1.92%;--awb-spacing-left-small:1.92%;\" data-animationType=\"fadeIn\" data-animationDuration=\"0.8\" data-animationOffset=\"top-into-view\"><div class=\"fusion-column-wrapper fusion-column-has-shadow fusion-flex-justify-content-flex-start fusion-content-layout-column\"><div class=\"fusion-title title fusion-title-21 fusion-sep-none fusion-title-text fusion-title-size-three\" style=\"--awb-text-color:var(--awb-color6);--awb-margin-bottom:25px;--awb-margin-top-small:8px;--awb-margin-right-small:0px;--awb-margin-bottom-small:16px;--awb-margin-left-small:0px;--awb-font-size:44px;\"><h3 class=\"fusion-title-heading title-heading-left fusion-responsive-typography-calculated\" style=\"margin:0;text-transform:uppercase;font-size:1em;--fontSize:44;line-height:1.32;\"><p style=\"text-align: left;\">Que fem<\/p><\/h3><\/div><div class=\"fusion-text fusion-text-16\" style=\"--awb-text-color:var(--awb-color6);\"><p>A Flor de Camp, cada dia ens comprometem a preservar i enriquir el nostre patrimoni agr\u00edcola, oferint productes de primera qualitat que s\u00f3n testimoni del nostre amor per la terra i el nostre respecte per la natura. Benvinguts a la nostra fam\u00edlia agr\u00edcola, on la tradici\u00f3, la qualitat i la sostenibilitat convergeixen per crear un futur m\u00e9s verd i delici\u00f3s per a tots.<\/p>\n<\/div><div class=\"fusion-title title fusion-title-22 fusion-sep-none fusion-title-text fusion-title-size-three\" style=\"--awb-text-color:var(--awb-color6);--awb-margin-top-small:8px;--awb-margin-right-small:0px;--awb-margin-bottom-small:16px;--awb-margin-left-small:0px;--awb-font-size:27px;\"><h3 class=\"fusion-title-heading title-heading-left fusion-responsive-typography-calculated\" style=\"margin:0;text-transform:uppercase;font-size:1em;--fontSize:27;line-height:1.32;\">Els nostres quatre pilars fonamentals defineixen la nostra missi\u00f3 i el nostre comprom\u00eds<\/h3><\/div><div class=\"fusion-builder-row fusion-builder-row-inner fusion-row fusion-flex-align-items-center fusion-flex-content-wrap\" style=\"--awb-flex-grow:0;--awb-flex-grow-medium:0;--awb-flex-grow-small:0;--awb-flex-shrink:0;--awb-flex-shrink-medium:0;--awb-flex-shrink-small:0;width:104% !important;max-width:104% !important;margin-left: calc(-4% \/ 2 );margin-right: calc(-4% \/ 2 );\"><div class=\"fusion-layout-column fusion_builder_column_inner fusion-builder-nested-column-6 fusion_builder_column_inner_1_2 1_2 fusion-flex-column fusion-flex-align-self-stretch\" style=\"--awb-bg-size:cover;--awb-width-large:50%;--awb-margin-top-large:5px;--awb-spacing-right-large:3.84%;--awb-margin-bottom-large:0px;--awb-spacing-left-large:3.84%;--awb-width-medium:100%;--awb-order-medium:0;--awb-spacing-right-medium:1.92%;--awb-spacing-left-medium:1.92%;--awb-width-small:100%;--awb-order-small:0;--awb-spacing-right-small:1.92%;--awb-spacing-left-small:1.92%;\"><div class=\"fusion-column-wrapper fusion-column-has-shadow fusion-flex-justify-content-flex-start fusion-content-layout-column\"><div class=\"fusion-separator\" style=\"align-self: flex-start;margin-right:auto;margin-bottom:12px;width:100%;max-width:25px;\"><div class=\"fusion-separator-border sep-single sep-solid\" style=\"--awb-height:20px;--awb-amount:20px;--awb-sep-color:var(--awb-color5);border-color:var(--awb-color5);border-top-width:4px;\"><\/div><\/div><div class=\"fusion-title title fusion-title-23 fusion-sep-none fusion-title-text fusion-title-size-three\" style=\"--awb-text-color:var(--awb-color6);--awb-margin-top-small:8px;--awb-margin-right-small:0px;--awb-margin-bottom-small:0px;--awb-margin-left-small:0px;--awb-font-size:20px;\"><h3 class=\"fusion-title-heading title-heading-left fusion-responsive-typography-calculated\" style=\"margin:0;text-transform:uppercase;font-size:1em;--fontSize:20;--minFontSize:20;line-height:1.32;\">Cultiu responsable<\/h3><\/div><div class=\"fusion-text fusion-text-17\" style=\"--awb-text-color:var(--awb-color6);\"><p>Com a guardians de la terra, abracem una filosofia agr\u00edcola que venera la sostenibilitat. Practiquem una agricultura integrada que harmonitza amb els cicles naturals, utilitzant adobs naturals i abra\u00e7ant la lluita biol\u00f2gica contra les plagues.<\/p>\n<\/div><\/div><\/div><div class=\"fusion-layout-column fusion_builder_column_inner fusion-builder-nested-column-7 fusion_builder_column_inner_1_2 1_2 fusion-flex-column fusion-flex-align-self-stretch\" style=\"--awb-bg-size:cover;--awb-width-large:50%;--awb-margin-top-large:5px;--awb-spacing-right-large:3.84%;--awb-margin-bottom-large:0px;--awb-spacing-left-large:3.84%;--awb-width-medium:100%;--awb-order-medium:0;--awb-spacing-right-medium:1.92%;--awb-spacing-left-medium:1.92%;--awb-width-small:100%;--awb-order-small:0;--awb-spacing-right-small:1.92%;--awb-spacing-left-small:1.92%;\"><div class=\"fusion-column-wrapper fusion-column-has-shadow fusion-flex-justify-content-flex-start fusion-content-layout-column\"><div class=\"fusion-separator\" style=\"align-self: flex-start;margin-right:auto;margin-bottom:12px;width:100%;max-width:25px;\"><div class=\"fusion-separator-border sep-single sep-solid\" style=\"--awb-height:20px;--awb-amount:20px;--awb-sep-color:var(--awb-color5);border-color:var(--awb-color5);border-top-width:4px;\"><\/div><\/div><div class=\"fusion-title title fusion-title-24 fusion-sep-none fusion-title-text fusion-title-size-three\" style=\"--awb-text-color:var(--awb-color6);--awb-margin-top-small:8px;--awb-margin-right-small:0px;--awb-margin-bottom-small:0px;--awb-margin-left-small:0px;--awb-font-size:20px;\"><h3 class=\"fusion-title-heading title-heading-left fusion-responsive-typography-calculated\" style=\"margin:0;text-transform:uppercase;font-size:1em;--fontSize:20;--minFontSize:20;line-height:1.32;\">Qualitat impecable<\/h3><\/div><div class=\"fusion-text fusion-text-18\" style=\"--awb-text-color:var(--awb-color6);\"><p>Cada fruita que creix als nostres camps \u00e9s el resultat d&#8217;un meticul\u00f3s proc\u00e9s de cultiu i selecci\u00f3. Recol\u00b7lectada en el punt \u00f2ptim de maduraci\u00f3, garantim una explosi\u00f3 de sabor i frescor en cada mossegada.<\/p>\n<\/div><\/div><\/div><div class=\"fusion-layout-column fusion_builder_column_inner fusion-builder-nested-column-8 fusion_builder_column_inner_1_2 1_2 fusion-flex-column fusion-flex-align-self-stretch\" style=\"--awb-bg-size:cover;--awb-width-large:50%;--awb-margin-top-large:5px;--awb-spacing-right-large:3.84%;--awb-margin-bottom-large:0px;--awb-spacing-left-large:3.84%;--awb-width-medium:100%;--awb-order-medium:0;--awb-spacing-right-medium:1.92%;--awb-spacing-left-medium:1.92%;--awb-width-small:100%;--awb-order-small:0;--awb-spacing-right-small:1.92%;--awb-spacing-left-small:1.92%;\"><div class=\"fusion-column-wrapper fusion-column-has-shadow fusion-flex-justify-content-flex-start fusion-content-layout-column\"><div class=\"fusion-separator\" style=\"align-self: flex-start;margin-right:auto;margin-bottom:12px;width:100%;max-width:25px;\"><div class=\"fusion-separator-border sep-single sep-solid\" style=\"--awb-height:20px;--awb-amount:20px;--awb-sep-color:var(--awb-color5);border-color:var(--awb-color5);border-top-width:4px;\"><\/div><\/div><div class=\"fusion-title title fusion-title-25 fusion-sep-none fusion-title-text fusion-title-size-three\" style=\"--awb-text-color:var(--awb-color6);--awb-margin-top-small:8px;--awb-margin-right-small:0px;--awb-margin-bottom-small:0px;--awb-margin-left-small:0px;--awb-font-size:20px;\"><h3 class=\"fusion-title-heading title-heading-left fusion-responsive-typography-calculated\" style=\"margin:0;text-transform:uppercase;font-size:1em;--fontSize:20;--minFontSize:20;line-height:1.32;\">Connectivitat directa<\/h3><\/div><div class=\"fusion-text fusion-text-19\" style=\"--awb-text-color:var(--awb-color6);\"><p>Creiem en la relaci\u00f3 directa amb els nostres clients. Sense intermediaris, distribu\u00efm la nostra fruita arreu d&#8217;Espanya, assegurant un lliurament r\u00e0pid i eficient que porta la nostra excel\u00b7l\u00e8ncia directament a la teva taula.<\/p>\n<\/div><\/div><\/div><div class=\"fusion-layout-column fusion_builder_column_inner fusion-builder-nested-column-9 fusion_builder_column_inner_1_2 1_2 fusion-flex-column fusion-flex-align-self-stretch\" style=\"--awb-bg-size:cover;--awb-width-large:50%;--awb-margin-top-large:5px;--awb-spacing-right-large:3.84%;--awb-margin-bottom-large:0px;--awb-spacing-left-large:3.84%;--awb-width-medium:100%;--awb-order-medium:0;--awb-spacing-right-medium:1.92%;--awb-spacing-left-medium:1.92%;--awb-width-small:100%;--awb-order-small:0;--awb-spacing-right-small:1.92%;--awb-spacing-left-small:1.92%;\"><div class=\"fusion-column-wrapper fusion-column-has-shadow fusion-flex-justify-content-flex-start fusion-content-layout-column\"><div class=\"fusion-separator\" style=\"align-self: flex-start;margin-right:auto;margin-bottom:12px;width:100%;max-width:25px;\"><div class=\"fusion-separator-border sep-single sep-solid\" style=\"--awb-height:20px;--awb-amount:20px;--awb-sep-color:var(--awb-color5);border-color:var(--awb-color5);border-top-width:4px;\"><\/div><\/div><div class=\"fusion-title title fusion-title-26 fusion-sep-none fusion-title-text fusion-title-size-three\" style=\"--awb-text-color:var(--awb-color6);--awb-margin-top-small:8px;--awb-margin-right-small:0px;--awb-margin-bottom-small:0px;--awb-margin-left-small:0px;--awb-font-size:20px;\"><h3 class=\"fusion-title-heading title-heading-left fusion-responsive-typography-calculated\" style=\"margin:0;text-transform:uppercase;font-size:1em;--fontSize:20;--minFontSize:20;line-height:1.32;\">Innovaci\u00f3 constant<\/h3><\/div><div class=\"fusion-text fusion-text-20\" style=\"--awb-text-color:var(--awb-color6);\"><p>Estem compromesos a abra\u00e7ar la innovaci\u00f3 per millorar constantment els nostres processos i productes. Des de t\u00e8cniques de cultiu fins a solucions de distribuci\u00f3, busquem sempre la millor manera de servir-te.<\/p>\n<\/div><\/div><\/div><\/div><\/div><\/div><\/div><\/div><\/div><div class=\"fusion-fullwidth fullwidth-box fusion-builder-row-14 fusion-flex-container has-pattern-background has-mask-background hundred-percent-fullwidth non-hundred-percent-height-scrolling\" style=\"--awb-border-radius-top-left:0px;--awb-border-radius-top-right:0px;--awb-border-radius-bottom-right:0px;--awb-border-radius-bottom-left:0px;--awb-padding-top:0%;--awb-padding-right:0px;--awb-padding-bottom:0%;--awb-padding-left:0px;--awb-flex-wrap:wrap;\" ><div class=\"fusion-builder-row fusion-row fusion-flex-align-items-flex-start fusion-flex-content-wrap\" style=\"width:104% !important;max-width:104% !important;margin-left: calc(-4% \/ 2 );margin-right: calc(-4% \/ 2 );\"><div class=\"fusion-layout-column fusion_builder_column fusion-builder-column-28 fusion_builder_column_1_1 1_1 fusion-flex-column\" style=\"--awb-bg-size:cover;--awb-width-large:100%;--awb-margin-top-large:25px;--awb-spacing-right-large:1.92%;--awb-margin-bottom-large:21px;--awb-spacing-left-large:1.92%;--awb-width-medium:100%;--awb-order-medium:0;--awb-margin-top-medium:10px;--awb-spacing-right-medium:1.92%;--awb-spacing-left-medium:1.92%;--awb-width-small:100%;--awb-order-small:0;--awb-spacing-right-small:1.92%;--awb-spacing-left-small:1.92%;\"><div class=\"fusion-column-wrapper fusion-column-has-shadow fusion-flex-justify-content-flex-start fusion-content-layout-column\"><div class=\"fusion-section-separator section-separator curved fusion-section-separator-3\" style=\"--awb-spacer-height:99px;--awb-svg-margin-left:1.92%;--awb-svg-margin-right:1.92%;--awb-svg-margin-left-medium:1.92%;--awb-svg-margin-right-medium:1.92%;--awb-svg-margin-left-small:1.92%;--awb-svg-margin-right-small:1.92%;--awb-divider-height:99px;--awb-spacer-padding-top:inherit;--awb-sep-padding:0;--awb-svg-padding:0;--awb-margin-bottom:-25px;\"><div class=\"fusion-section-separator-svg\"><svg class=\"fusion-curved-candy\" xmlns=\"http:\/\/www.w3.org\/2000\/svg\" version=\"1.1\" width=\"100%\" height=\"100\" viewBox=\"0 0 100 100\" preserveAspectRatio=\"none\" fill=\"rgba(242,232,199,1)\"><path d=\"M0 100 C 20 0 50 0 100 100 Z\"><\/path><\/svg><\/div><div class=\"fusion-section-separator-spacer\"><div class=\"fusion-section-separator-spacer-height\"><\/div><\/div><\/div><\/div><\/div><\/div><\/div><div class=\"fusion-fullwidth fullwidth-box fusion-builder-row-15 fusion-flex-container has-pattern-background has-mask-background nonhundred-percent-fullwidth non-hundred-percent-height-scrolling\" style=\"--awb-border-radius-top-left:0px;--awb-border-radius-top-right:0px;--awb-border-radius-bottom-right:0px;--awb-border-radius-bottom-left:0px;--awb-padding-top:0%;--awb-padding-bottom:1%;--awb-background-color:var(--awb-color4);--awb-flex-wrap:wrap;\" ><div class=\"fusion-builder-row fusion-row fusion-flex-align-items-flex-start fusion-flex-content-wrap\" style=\"max-width:1320.8px;margin-left: calc(-4% \/ 2 );margin-right: calc(-4% \/ 2 );\"><div class=\"fusion-layout-column fusion_builder_column fusion-builder-column-29 fusion_builder_column_1_1 1_1 fusion-flex-column\" style=\"--awb-bg-size:cover;--awb-width-large:100%;--awb-margin-top-large:0px;--awb-spacing-right-large:1.92%;--awb-margin-bottom-large:0px;--awb-spacing-left-large:1.92%;--awb-width-medium:100%;--awb-order-medium:0;--awb-spacing-right-medium:1.92%;--awb-spacing-left-medium:1.92%;--awb-width-small:100%;--awb-order-small:0;--awb-spacing-right-small:1.92%;--awb-spacing-left-small:1.92%;\"><div class=\"fusion-column-wrapper fusion-column-has-shadow fusion-flex-justify-content-flex-start fusion-content-layout-column\"><div class=\"fusion-title title fusion-title-27 fusion-sep-none fusion-title-center fusion-title-text fusion-title-size-three\" style=\"--awb-text-color:var(--awb-color6);--awb-margin-bottom:25px;--awb-margin-top-small:8px;--awb-margin-right-small:0px;--awb-margin-bottom-small:16px;--awb-margin-left-small:0px;--awb-font-size:37px;\"><h3 class=\"fusion-title-heading title-heading-center fusion-responsive-typography-calculated\" style=\"margin:0;text-transform:uppercase;font-size:1em;--fontSize:37;line-height:1.32;\"><p style=\"text-align: center;\">Els nostres productes tenen alguns dels seg\u00fcents certificats<\/p><\/h3><\/div><div class=\"fusion-builder-row fusion-builder-row-inner fusion-row fusion-flex-align-items-flex-start fusion-flex-content-wrap\" style=\"--awb-flex-grow:0;--awb-flex-grow-medium:0;--awb-flex-grow-small:0;--awb-flex-shrink:0;--awb-flex-shrink-medium:0;--awb-flex-shrink-small:0;width:104% !important;max-width:104% !important;margin-left: calc(-4% \/ 2 );margin-right: calc(-4% \/ 2 );\"><div class=\"fusion-layout-column fusion_builder_column_inner fusion-builder-nested-column-10 fusion_builder_column_inner_1_5 1_5 fusion-flex-column fusion-flex-align-self-stretch\" style=\"--awb-bg-size:cover;--awb-width-large:20%;--awb-margin-top-large:25px;--awb-spacing-right-large:4.32%;--awb-margin-bottom-large:0px;--awb-spacing-left-large:4.32%;--awb-width-medium:100%;--awb-order-medium:0;--awb-margin-top-medium:9px;--awb-spacing-right-medium:1.92%;--awb-spacing-left-medium:1.92%;--awb-width-small:100%;--awb-order-small:0;--awb-spacing-right-small:1.92%;--awb-spacing-left-small:1.92%;\"><div class=\"fusion-column-wrapper fusion-column-has-shadow fusion-flex-justify-content-flex-start fusion-content-layout-column\"><div class=\"fusion-image-element \" style=\"text-align:center;--awb-max-width:150px;--awb-caption-title-font-family:var(--h2_typography-font-family);--awb-caption-title-font-weight:var(--h2_typography-font-weight);--awb-caption-title-font-style:var(--h2_typography-font-style);--awb-caption-title-size:var(--h2_typography-font-size);--awb-caption-title-transform:var(--h2_typography-text-transform);--awb-caption-title-line-height:var(--h2_typography-line-height);--awb-caption-title-letter-spacing:var(--h2_typography-letter-spacing);\"><span class=\" fusion-imageframe imageframe-none imageframe-18 hover-type-none\"><a class=\"fusion-no-lightbox\" href=\"https:\/\/terresdelebre.travel\/es\" target=\"_blank\" aria-label=\"Logo Reserva de la Biosfera, Terres de l&#8217;Ebre\" rel=\"noopener noreferrer\"><img decoding=\"async\" width=\"400\" height=\"400\" alt=\"Logotip Reserva de la Biosfera, Terres de l&#039;Ebre.\" src=\"https:\/\/flordecamp.com\/wp-content\/uploads\/2024\/04\/Reserva-de-la-Biosfera.png\" data-orig-src=\"https:\/\/flordecamp.com\/wp-content\/uploads\/2024\/04\/Reserva-de-la-Biosfera.png\" class=\"lazyload img-responsive wp-image-3728\" srcset=\"data:image\/svg+xml,%3Csvg%20xmlns%3D%27http%3A%2F%2Fwww.w3.org%2F2000%2Fsvg%27%20width%3D%27400%27%20height%3D%27400%27%20viewBox%3D%270%200%20400%20400%27%3E%3Crect%20width%3D%27400%27%20height%3D%27400%27%20fill-opacity%3D%220%22%2F%3E%3C%2Fsvg%3E\" data-srcset=\"https:\/\/flordecamp.com\/wp-content\/uploads\/2024\/04\/Reserva-de-la-Biosfera-200x200.png 200w, https:\/\/flordecamp.com\/wp-content\/uploads\/2024\/04\/Reserva-de-la-Biosfera.png 400w\" data-sizes=\"auto\" data-orig-sizes=\"(max-width: 1024px) 100vw, (max-width: 640px) 100vw, 400px\" \/><\/a><\/span><\/div><div class=\"fusion-text fusion-text-21\" style=\"--awb-content-alignment:center;--awb-text-color:var(--awb-color6);\"><p style=\"text-align: center;\"><b>RESERVA DE LA BIOSFERA: <\/b>204<\/p>\n<\/div><\/div><\/div><div class=\"fusion-layout-column fusion_builder_column_inner fusion-builder-nested-column-11 fusion_builder_column_inner_1_5 1_5 fusion-flex-column fusion-flex-align-self-stretch\" style=\"--awb-bg-size:cover;--awb-width-large:20%;--awb-margin-top-large:25px;--awb-spacing-right-large:4.32%;--awb-margin-bottom-large:25px;--awb-spacing-left-large:4.32%;--awb-width-medium:100%;--awb-order-medium:0;--awb-margin-top-medium:9px;--awb-spacing-right-medium:1.92%;--awb-margin-bottom-medium:9px;--awb-spacing-left-medium:1.92%;--awb-width-small:100%;--awb-order-small:0;--awb-spacing-right-small:1.92%;--awb-spacing-left-small:1.92%;\"><div class=\"fusion-column-wrapper fusion-column-has-shadow fusion-flex-justify-content-flex-start fusion-content-layout-column\"><div class=\"fusion-image-element \" style=\"text-align:center;--awb-max-width:130px;--awb-caption-title-font-family:var(--h2_typography-font-family);--awb-caption-title-font-weight:var(--h2_typography-font-weight);--awb-caption-title-font-style:var(--h2_typography-font-style);--awb-caption-title-size:var(--h2_typography-font-size);--awb-caption-title-transform:var(--h2_typography-text-transform);--awb-caption-title-line-height:var(--h2_typography-line-height);--awb-caption-title-letter-spacing:var(--h2_typography-letter-spacing);\"><span class=\" fusion-imageframe imageframe-none imageframe-19 hover-type-none\"><img decoding=\"async\" width=\"400\" height=\"431\" alt=\"Logotip Venda de proximitat directa, Generalitat de Catalunya, Decret 24\/2013 amb la tipografia de color negre i la fletxa circular de color vermell.\" title=\"Logo Venda de proximitat directa, Generalitat de Catalunya\" src=\"https:\/\/flordecamp.com\/wp-content\/uploads\/2024\/05\/directa_color.png\" data-orig-src=\"https:\/\/flordecamp.com\/wp-content\/uploads\/2024\/05\/directa_color.png\" class=\"lazyload img-responsive wp-image-3979\" srcset=\"data:image\/svg+xml,%3Csvg%20xmlns%3D%27http%3A%2F%2Fwww.w3.org%2F2000%2Fsvg%27%20width%3D%27400%27%20height%3D%27431%27%20viewBox%3D%270%200%20400%20431%27%3E%3Crect%20width%3D%27400%27%20height%3D%27431%27%20fill-opacity%3D%220%22%2F%3E%3C%2Fsvg%3E\" data-srcset=\"https:\/\/flordecamp.com\/wp-content\/uploads\/2024\/05\/directa_color-200x216.png 200w, https:\/\/flordecamp.com\/wp-content\/uploads\/2024\/05\/directa_color.png 400w\" data-sizes=\"auto\" data-orig-sizes=\"(max-width: 1024px) 100vw, (max-width: 640px) 100vw, 400px\" \/><\/span><\/div><div class=\"fusion-text fusion-text-22\" style=\"--awb-content-alignment:center;--awb-font-size:16px;--awb-text-color:var(--awb-color6);--awb-margin-top:10px;\"><p style=\"text-align: center;\"><strong>VENDA DE PROXIMITAT CIRCUIT CURT: <\/strong>VP\/P\/3585\/2020<\/p>\n<\/div><\/div><\/div><div class=\"fusion-layout-column fusion_builder_column_inner fusion-builder-nested-column-12 fusion_builder_column_inner_1_5 1_5 fusion-flex-column fusion-flex-align-self-stretch\" style=\"--awb-bg-size:cover;--awb-width-large:20%;--awb-margin-top-large:25px;--awb-spacing-right-large:4.32%;--awb-margin-bottom-large:25px;--awb-spacing-left-large:4.32%;--awb-width-medium:100%;--awb-order-medium:0;--awb-margin-top-medium:9px;--awb-spacing-right-medium:1.92%;--awb-margin-bottom-medium:9px;--awb-spacing-left-medium:1.92%;--awb-width-small:100%;--awb-order-small:0;--awb-spacing-right-small:1.92%;--awb-spacing-left-small:1.92%;\"><div class=\"fusion-column-wrapper fusion-column-has-shadow fusion-flex-justify-content-flex-start fusion-content-layout-column\"><div class=\"fusion-image-element \" style=\"text-align:center;--awb-max-width:150px;--awb-caption-title-font-family:var(--h2_typography-font-family);--awb-caption-title-font-weight:var(--h2_typography-font-weight);--awb-caption-title-font-style:var(--h2_typography-font-style);--awb-caption-title-size:var(--h2_typography-font-size);--awb-caption-title-transform:var(--h2_typography-text-transform);--awb-caption-title-line-height:var(--h2_typography-line-height);--awb-caption-title-letter-spacing:var(--h2_typography-letter-spacing);\"><span class=\" fusion-imageframe imageframe-none imageframe-20 hover-type-none\"><a class=\"fusion-no-lightbox\" href=\"https:\/\/producciointegrada.cat\/\" target=\"_blank\" aria-label=\"Logo Producci\u00f3 Integrada Catalunya\" rel=\"noopener noreferrer\"><img decoding=\"async\" width=\"226\" height=\"228\" alt=\"Logotip circular de Producci\u00f3 Integrada Catalunya, amb la tipografia negra i una marieta al centre de color vermell i el fon de color verd.\" src=\"https:\/\/flordecamp.com\/wp-content\/uploads\/2024\/05\/logo_header.png\" data-orig-src=\"https:\/\/flordecamp.com\/wp-content\/uploads\/2024\/05\/logo_header.png\" class=\"lazyload img-responsive wp-image-3982\" srcset=\"data:image\/svg+xml,%3Csvg%20xmlns%3D%27http%3A%2F%2Fwww.w3.org%2F2000%2Fsvg%27%20width%3D%27226%27%20height%3D%27228%27%20viewBox%3D%270%200%20226%20228%27%3E%3Crect%20width%3D%27226%27%20height%3D%27228%27%20fill-opacity%3D%220%22%2F%3E%3C%2Fsvg%3E\" data-srcset=\"https:\/\/flordecamp.com\/wp-content\/uploads\/2024\/05\/logo_header-200x202.png 200w, https:\/\/flordecamp.com\/wp-content\/uploads\/2024\/05\/logo_header.png 226w\" data-sizes=\"auto\" data-orig-sizes=\"(max-width: 1024px) 100vw, (max-width: 640px) 100vw, 226px\" \/><\/a><\/span><\/div><\/div><\/div><div class=\"fusion-layout-column fusion_builder_column_inner fusion-builder-nested-column-13 fusion_builder_column_inner_1_5 1_5 fusion-flex-column fusion-flex-align-self-stretch\" style=\"--awb-bg-size:cover;--awb-width-large:20%;--awb-margin-top-large:25px;--awb-spacing-right-large:4.32%;--awb-margin-bottom-large:25px;--awb-spacing-left-large:4.32%;--awb-width-medium:100%;--awb-order-medium:0;--awb-margin-top-medium:9px;--awb-spacing-right-medium:1.92%;--awb-margin-bottom-medium:9px;--awb-spacing-left-medium:1.92%;--awb-width-small:100%;--awb-order-small:0;--awb-spacing-right-small:1.92%;--awb-spacing-left-small:1.92%;\"><div class=\"fusion-column-wrapper fusion-column-has-shadow fusion-flex-justify-content-flex-start fusion-content-layout-column\"><div class=\"fusion-image-element \" style=\"text-align:center;--awb-caption-title-font-family:var(--h2_typography-font-family);--awb-caption-title-font-weight:var(--h2_typography-font-weight);--awb-caption-title-font-style:var(--h2_typography-font-style);--awb-caption-title-size:var(--h2_typography-font-size);--awb-caption-title-transform:var(--h2_typography-text-transform);--awb-caption-title-line-height:var(--h2_typography-line-height);--awb-caption-title-letter-spacing:var(--h2_typography-letter-spacing);\"><span class=\" fusion-imageframe imageframe-none imageframe-21 hover-type-none\"><a class=\"fusion-no-lightbox\" href=\"https:\/\/www.ifs-certification.com\/es\/food-standard\" target=\"_blank\" aria-label=\"Logo IFS Food\" rel=\"noopener noreferrer\"><img decoding=\"async\" width=\"400\" height=\"265\" alt=\"Logotip IFS Food amb tipografia i tres hexaedres i dues tonalitats de blau.\" src=\"https:\/\/flordecamp.com\/wp-content\/uploads\/2024\/05\/Que-es-el-Certificado-IFS-Food-1-1020x675-1.png\" data-orig-src=\"https:\/\/flordecamp.com\/wp-content\/uploads\/2024\/05\/Que-es-el-Certificado-IFS-Food-1-1020x675-1.png\" class=\"lazyload img-responsive wp-image-3983\" srcset=\"data:image\/svg+xml,%3Csvg%20xmlns%3D%27http%3A%2F%2Fwww.w3.org%2F2000%2Fsvg%27%20width%3D%27400%27%20height%3D%27265%27%20viewBox%3D%270%200%20400%20265%27%3E%3Crect%20width%3D%27400%27%20height%3D%27265%27%20fill-opacity%3D%220%22%2F%3E%3C%2Fsvg%3E\" data-srcset=\"https:\/\/flordecamp.com\/wp-content\/uploads\/2024\/05\/Que-es-el-Certificado-IFS-Food-1-1020x675-1-200x133.png 200w, https:\/\/flordecamp.com\/wp-content\/uploads\/2024\/05\/Que-es-el-Certificado-IFS-Food-1-1020x675-1.png 400w\" data-sizes=\"auto\" data-orig-sizes=\"(max-width: 1024px) 100vw, (max-width: 640px) 100vw, 400px\" \/><\/a><\/span><\/div><div class=\"fusion-text fusion-text-23\" style=\"--awb-content-alignment:center;--awb-text-color:var(--awb-color6);\"><p style=\"text-align: center;\"><b>IFS: <\/b>C0723315\/2023<\/p>\n<\/div><\/div><\/div><div class=\"fusion-layout-column fusion_builder_column_inner fusion-builder-nested-column-14 fusion_builder_column_inner_1_5 1_5 fusion-flex-column fusion-flex-align-self-stretch\" style=\"--awb-bg-size:cover;--awb-width-large:20%;--awb-margin-top-large:25px;--awb-spacing-right-large:4.32%;--awb-margin-bottom-large:25px;--awb-spacing-left-large:4.32%;--awb-width-medium:100%;--awb-order-medium:0;--awb-margin-top-medium:9px;--awb-spacing-right-medium:1.92%;--awb-margin-bottom-medium:9px;--awb-spacing-left-medium:1.92%;--awb-width-small:100%;--awb-order-small:0;--awb-spacing-right-small:1.92%;--awb-spacing-left-small:1.92%;\"><div class=\"fusion-column-wrapper fusion-column-has-shadow fusion-flex-justify-content-flex-start fusion-content-layout-column\"><div class=\"fusion-image-element \" style=\"text-align:center;--awb-caption-title-font-family:var(--h2_typography-font-family);--awb-caption-title-font-weight:var(--h2_typography-font-weight);--awb-caption-title-font-style:var(--h2_typography-font-style);--awb-caption-title-size:var(--h2_typography-font-size);--awb-caption-title-transform:var(--h2_typography-text-transform);--awb-caption-title-line-height:var(--h2_typography-line-height);--awb-caption-title-letter-spacing:var(--h2_typography-letter-spacing);\"><span class=\" fusion-imageframe imageframe-none imageframe-22 hover-type-none\"><a class=\"fusion-no-lightbox\" href=\"https:\/\/www.globalgap.org\/\" target=\"_blank\" aria-label=\"Logo Global G.A.P.\" rel=\"noopener noreferrer\"><img decoding=\"async\" width=\"340\" height=\"292\" alt=\"Logotip Global G.A.P. de color verd.\" src=\"https:\/\/flordecamp.com\/wp-content\/uploads\/2024\/05\/Global-G.A.P-e1715329638664.png\" data-orig-src=\"https:\/\/flordecamp.com\/wp-content\/uploads\/2024\/05\/Global-G.A.P-e1715329638664.png\" class=\"lazyload img-responsive wp-image-3984\" srcset=\"data:image\/svg+xml,%3Csvg%20xmlns%3D%27http%3A%2F%2Fwww.w3.org%2F2000%2Fsvg%27%20width%3D%27340%27%20height%3D%27292%27%20viewBox%3D%270%200%20340%20292%27%3E%3Crect%20width%3D%27340%27%20height%3D%27292%27%20fill-opacity%3D%220%22%2F%3E%3C%2Fsvg%3E\" data-srcset=\"https:\/\/flordecamp.com\/wp-content\/uploads\/2024\/05\/Global-G.A.P-e1715329638664-200x172.png 200w, https:\/\/flordecamp.com\/wp-content\/uploads\/2024\/05\/Global-G.A.P-e1715329638664.png 340w\" data-sizes=\"auto\" data-orig-sizes=\"(max-width: 1024px) 100vw, (max-width: 640px) 100vw, 340px\" \/><\/a><\/span><\/div><div class=\"fusion-text fusion-text-24\" style=\"--awb-content-alignment:center;--awb-font-size:16px;--awb-text-color:var(--awb-color6);\"><p style=\"text-align: center;\"><b>GLOBAL GAP\/GRASP: <\/b>GGN: 4063061800749<\/p>\n<\/div><\/div><\/div><\/div><\/div><\/div><\/div><\/div><\/p>\n","protected":false},"excerpt":{"rendered":"","protected":false},"author":2,"featured_media":0,"parent":0,"menu_order":0,"comment_status":"closed","ping_status":"closed","template":"100-width.php","meta":{"footnotes":""},"class_list":["post-3193","page","type-page","status-publish","hentry"],"yoast_head":"<!-- This site is optimized with the Yoast SEO plugin v27.4 - https:\/\/yoast.com\/product\/yoast-seo-wordpress\/ -->\n<title>Productes Agr\u00edcoles - Flor de Camp<\/title>\n<meta name=\"description\" content=\"Productes agr\u00edcoles de la Ribera d&#039;Ebre. \u201cFlor de camp\u201d \u00e9s una empresa familiar amb m\u00e9s de 50 anys d\u2019experi\u00e8ncia...\" \/>\n<meta name=\"robots\" content=\"index, follow, max-snippet:-1, max-image-preview:large, max-video-preview:-1\" \/>\n<link rel=\"canonical\" href=\"https:\/\/flordecamp.com\/es\/\" \/>\n<meta property=\"og:locale\" content=\"es_ES\" \/>\n<meta property=\"og:type\" content=\"article\" \/>\n<meta property=\"og:title\" content=\"Productes Agr\u00edcoles - Flor de Camp\" \/>\n<meta property=\"og:description\" content=\"Productes agr\u00edcoles de la Ribera d&#039;Ebre. \u201cFlor de camp\u201d \u00e9s una empresa familiar amb m\u00e9s de 50 anys d\u2019experi\u00e8ncia...\" \/>\n<meta property=\"og:url\" content=\"https:\/\/flordecamp.com\/es\/\" \/>\n<meta property=\"og:site_name\" content=\"Flor de Camp\" \/>\n<meta property=\"article:modified_time\" content=\"2024-07-22T15:52:43+00:00\" \/>\n<meta name=\"twitter:card\" content=\"summary_large_image\" \/>\n<meta name=\"twitter:label1\" content=\"Tiempo de lectura\" \/>\n\t<meta name=\"twitter:data1\" content=\"13 minutos\" \/>\n<script type=\"application\/ld+json\" class=\"yoast-schema-graph\">{\"@context\":\"https:\\\/\\\/schema.org\",\"@graph\":[{\"@type\":\"WebPage\",\"@id\":\"https:\\\/\\\/flordecamp.com\\\/\",\"url\":\"https:\\\/\\\/flordecamp.com\\\/\",\"name\":\"Productes Agr\u00edcoles - Flor de Camp\",\"isPartOf\":{\"@id\":\"https:\\\/\\\/flordecamp.com\\\/#website\"},\"datePublished\":\"2024-04-04T12:15:05+00:00\",\"dateModified\":\"2024-07-22T15:52:43+00:00\",\"description\":\"Productes agr\u00edcoles de la Ribera d'Ebre. \u201cFlor de camp\u201d \u00e9s una empresa familiar amb m\u00e9s de 50 anys d\u2019experi\u00e8ncia...\",\"breadcrumb\":{\"@id\":\"https:\\\/\\\/flordecamp.com\\\/#breadcrumb\"},\"inLanguage\":\"es\",\"potentialAction\":[{\"@type\":\"ReadAction\",\"target\":[\"https:\\\/\\\/flordecamp.com\\\/\"]}]},{\"@type\":\"BreadcrumbList\",\"@id\":\"https:\\\/\\\/flordecamp.com\\\/#breadcrumb\",\"itemListElement\":[{\"@type\":\"ListItem\",\"position\":1,\"name\":\"Inici\",\"item\":\"https:\\\/\\\/flordecamp.com\\\/\"},{\"@type\":\"ListItem\",\"position\":2,\"name\":\"Productes Agr\u00edcoles\"}]},{\"@type\":\"WebSite\",\"@id\":\"https:\\\/\\\/flordecamp.com\\\/#website\",\"url\":\"https:\\\/\\\/flordecamp.com\\\/\",\"name\":\"Flor de Camp\",\"description\":\"Agricultura sostenible a la Ribera d&#039;Ebre\",\"potentialAction\":[{\"@type\":\"SearchAction\",\"target\":{\"@type\":\"EntryPoint\",\"urlTemplate\":\"https:\\\/\\\/flordecamp.com\\\/?s={search_term_string}\"},\"query-input\":{\"@type\":\"PropertyValueSpecification\",\"valueRequired\":true,\"valueName\":\"search_term_string\"}}],\"inLanguage\":\"es\"}]}<\/script>\n<!-- \/ Yoast SEO plugin. -->","yoast_head_json":{"title":"Productes Agr\u00edcoles - Flor de Camp","description":"Productes agr\u00edcoles de la Ribera d'Ebre. \u201cFlor de camp\u201d \u00e9s una empresa familiar amb m\u00e9s de 50 anys d\u2019experi\u00e8ncia...","robots":{"index":"index","follow":"follow","max-snippet":"max-snippet:-1","max-image-preview":"max-image-preview:large","max-video-preview":"max-video-preview:-1"},"canonical":"https:\/\/flordecamp.com\/es\/","og_locale":"es_ES","og_type":"article","og_title":"Productes Agr\u00edcoles - Flor de Camp","og_description":"Productes agr\u00edcoles de la Ribera d'Ebre. \u201cFlor de camp\u201d \u00e9s una empresa familiar amb m\u00e9s de 50 anys d\u2019experi\u00e8ncia...","og_url":"https:\/\/flordecamp.com\/es\/","og_site_name":"Flor de Camp","article_modified_time":"2024-07-22T15:52:43+00:00","twitter_card":"summary_large_image","twitter_misc":{"Tiempo de lectura":"13 minutos"},"schema":{"@context":"https:\/\/schema.org","@graph":[{"@type":"WebPage","@id":"https:\/\/flordecamp.com\/","url":"https:\/\/flordecamp.com\/","name":"Productes Agr\u00edcoles - Flor de Camp","isPartOf":{"@id":"https:\/\/flordecamp.com\/#website"},"datePublished":"2024-04-04T12:15:05+00:00","dateModified":"2024-07-22T15:52:43+00:00","description":"Productes agr\u00edcoles de la Ribera d'Ebre. \u201cFlor de camp\u201d \u00e9s una empresa familiar amb m\u00e9s de 50 anys d\u2019experi\u00e8ncia...","breadcrumb":{"@id":"https:\/\/flordecamp.com\/#breadcrumb"},"inLanguage":"es","potentialAction":[{"@type":"ReadAction","target":["https:\/\/flordecamp.com\/"]}]},{"@type":"BreadcrumbList","@id":"https:\/\/flordecamp.com\/#breadcrumb","itemListElement":[{"@type":"ListItem","position":1,"name":"Inici","item":"https:\/\/flordecamp.com\/"},{"@type":"ListItem","position":2,"name":"Productes Agr\u00edcoles"}]},{"@type":"WebSite","@id":"https:\/\/flordecamp.com\/#website","url":"https:\/\/flordecamp.com\/","name":"Flor de Camp","description":"Agricultura sostenible a la Ribera d&#039;Ebre","potentialAction":[{"@type":"SearchAction","target":{"@type":"EntryPoint","urlTemplate":"https:\/\/flordecamp.com\/?s={search_term_string}"},"query-input":{"@type":"PropertyValueSpecification","valueRequired":true,"valueName":"search_term_string"}}],"inLanguage":"es"}]}},"_links":{"self":[{"href":"https:\/\/flordecamp.com\/es\/wp-json\/wp\/v2\/pages\/3193","targetHints":{"allow":["GET"]}}],"collection":[{"href":"https:\/\/flordecamp.com\/es\/wp-json\/wp\/v2\/pages"}],"about":[{"href":"https:\/\/flordecamp.com\/es\/wp-json\/wp\/v2\/types\/page"}],"author":[{"embeddable":true,"href":"https:\/\/flordecamp.com\/es\/wp-json\/wp\/v2\/users\/2"}],"replies":[{"embeddable":true,"href":"https:\/\/flordecamp.com\/es\/wp-json\/wp\/v2\/comments?post=3193"}],"version-history":[{"count":5,"href":"https:\/\/flordecamp.com\/es\/wp-json\/wp\/v2\/pages\/3193\/revisions"}],"predecessor-version":[{"id":4246,"href":"https:\/\/flordecamp.com\/es\/wp-json\/wp\/v2\/pages\/3193\/revisions\/4246"}],"wp:attachment":[{"href":"https:\/\/flordecamp.com\/es\/wp-json\/wp\/v2\/media?parent=3193"}],"curies":[{"name":"wp","href":"https:\/\/api.w.org\/{rel}","templated":true}]}}